{"id":7431,"date":"2024-12-18T11:01:56","date_gmt":"2024-12-18T10:01:56","guid":{"rendered":"http:\/\/bedrock.local\/product\/c2tz\/"},"modified":"2025-02-03T18:30:43","modified_gmt":"2025-02-03T17:30:43","slug":"braco-giratorio-em-coluna-com-lanca-em-viga-com-tirantes-e-plinto-movel","status":"publish","type":"product","link":"https:\/\/www.omis.net\/pt-pt\/produto\/braco-giratorio-em-coluna-com-lanca-em-viga-com-tirantes-e-plinto-movel\/","title":{"rendered":"Bra\u00e7o girat\u00f3rio em coluna com lan\u00e7a em viga com tirantes e plinto m\u00f3vel"},"content":{"rendered":"","protected":false},"featured_media":13705,"parent":0,"template":"","caratteristica-prodotto":[],"tipologia-prodotto":[710,716,734],"class_list":["post-7431","product","type-product","status-publish","has-post-thumbnail","hentry","tipologia-prodotto-guindastes-de-estacao-de-trabalho","tipologia-prodotto-braco-giratorio","tipologia-prodotto-movel"],"acf":{"import_csv_id":"34","prodotto_generale_sku":"C2TZ","prodotto_listing_card_descrizione":"O bra\u00e7o girat\u00f3rio m\u00f3vel com tirantes, f\u00e1cil de manusear e transportar, foi projetado para lidar com os maiores raios de a\u00e7\u00f5es e capacidades.","prodotto_listing_card_caratteristiche":null,"prodotto_page_gradient_hero":false,"prodotto_page_titolo_hero":"Mobilidade e capacidade m\u00e1xima sem ancoragem no solo.","prodotto_page_gallery_hero":[13663,13670],"prodotto_page_descrizione_3_colonne_posizione":false,"prodotto_page_descrizione_3_colonne":[{"valore":"500","unita_di_misura":"kg","etichetta":"Capacidade m\u00e1xima"},{"valore":"6","unita_di_misura":"m","etichetta":"Raio de a\u00e7\u00e3o m\u00e1ximo"},{"valore":"270\u00b0","unita_di_misura":"","etichetta":"Rota\u00e7\u00e3o"}],"prodotto_page_descrizione_titolo":"Bra\u00e7o girat\u00f3rio em lan\u00e7a em viga com tirantes e plinto m\u00f3vel com capacidade de at\u00e9 500 kg","prodotto_page_descrizione_3_colonne_testo":"<strong>O bra\u00e7o girat\u00f3rio em um plinto m\u00f3vel permite que os operadores movam o mesmo guindaste, com o uso de um equipamento de eleva\u00e7\u00e3o adequado, para v\u00e1rios pontos da f\u00e1brica ou do local de constru\u00e7\u00e3o, sem estar preso a uma \u00e2ncora permanente no solo.\r\nVers\u00e1til ao m\u00e1ximo, esse tipo de bra\u00e7o girat\u00f3rio combina a facilidade de movimenta\u00e7\u00e3o e posicionamento onde quer que seja necess\u00e1rio no ambiente de trabalho com a praticidade e a economia de uso que s\u00e3o o valor agregado de toda a categoria.<\/strong>\r\n\r\nA vers\u00e3o do bra\u00e7o girat\u00f3rio em coluna com lan\u00e7a de viga com tirantes e plinto desloc\u00e1vel \u00e9 uma solu\u00e7\u00e3o que, gra\u00e7as ao uso de tirantes, \u00e9 particularmente adequada para capacidades e raios de a\u00e7\u00e3o maiores, em compara\u00e7\u00e3o com a vers\u00e3o com viga cantil\u00e9ver. F\u00e1cil de instalar, ele \u00e9 usado no manuseio de cargas leves em muitas aplica\u00e7\u00f5es industriais, desde pequenas oficinas at\u00e9 grandes linhas de montagem e f\u00e1bricas de produ\u00e7\u00e3o de alimentos ou adegas.","prodotto_page_descrizione_titolo_vantaggi":"Vantagens do bra\u00e7o girat\u00f3rio em coluna e com lan\u00e7a de viga com tirantes e plinto m\u00f3vel","prodotto_page_descrizione_vantaggi":[{"titolo":"Facilidade de movimenta\u00e7\u00e3o","testo":"","link":"","archivio_prodotti":null},{"titolo":"Versatilidade operacional","testo":"","link":"","archivio_prodotti":null},{"titolo":"F\u00e1cil de operar","testo":"","link":"","archivio_prodotti":null},{"titolo":"Controle preciso","testo":"","link":"","archivio_prodotti":null},{"titolo":"Aumento da produtividade e da seguran\u00e7a","testo":"","link":"","archivio_prodotti":null}],"prodotto_page_tabs_dati_tecnici":[{"etichetta":"Capacidade","valore":"de 125 kg a 500 kg"},{"etichetta":"Raio de a\u00e7\u00e3o","valore":"At\u00e9 6 m, dependendo da capacidade"},{"etichetta":"Perfil de raio de a\u00e7\u00e3o","valore":"Perfil de viga T duplo com tirantes de suporte"},{"etichetta":"Rota\u00e7\u00e3o","valore":"270\u00b0 com parada de ajuste ajust\u00e1vel no local, dependendo das dimens\u00f5es arquitet\u00f4nicas"},{"etichetta":"Plinto","valore":"Plinto de concreto redondo m\u00f3vel ou forma de a\u00e7o preenchida com concreto"},{"etichetta":"Coluna","valore":"Tubo de a\u00e7o com se\u00e7\u00e3o transversal circular. Ele possui, em uma extremidade, uma placa de base perfurada para fixa\u00e7\u00e3o \u00e0 base por meio de buchas qu\u00edmicas ou parafusos de ancoragem e, na outra extremidade, duas placas, uma final e outra intermedi\u00e1ria, para apoiar a lan\u00e7a."},{"etichetta":"Talha","valore":"Talha el\u00e9trica de corrente ou cabo, para eleva\u00e7\u00e3o da carga, com uma ou duas velocidades de eleva\u00e7\u00e3o, com carro de deslocamento el\u00e9trico ou de empurrar."},{"etichetta":"Dispositivo de freio","valore":"Ele consiste em uma embreagem de parafuso ajust\u00e1vel que permite o ajuste do esfor\u00e7o de rota\u00e7\u00e3o da lan\u00e7a e garante um posicionamento est\u00e1vel."}],"prodotto_page_tabs_optionals":[{"titolo":"Pintura personalizada","testo":"A cor da tinta pode ser personalizada para atender a necessidades espec\u00edficas, requisitos de design ou de marca.","immagine":null}],"prodotto_page_tabs_downloads":null,"prodotto_page_gallery":[null],"prodotto_page_customer_story_titolo":"","prodotto_page_customer_story_list":null,"prodotto_page_applicazioni_list":"- Agricoltura e Alimentare\r\n- Manifatturiero\r\n- Energetico\r\n- Edile e delle costruzioni\r\n- Tecnologie dell'informazione e ICT\r\n- Trasporti e logistica\r\n- Commercio al dettaglio\r\n- Culturale e dell'intrattenimento\r\n- Ambientale e della sostenibilit\u00e0\r\n- Ricerca e sviluppo\r\n- Arti e Artigianato","prodotto_page_faq_list":null,"prodotto_page_testo_prodotti_correlati":"<h2>Produtos relacionados<\/h2>\r\nExplore tamb\u00e9m esses produtos e encontre outras solu\u00e7\u00f5es que sejam adequadas para voc\u00ea.","prodotto_page_lista_prodotti_correlati":"- CZ\r\n- CTZ\r\n- BILIF","prodotto_page_titolo_componenti_3d":"","prodotto_page_immagine_iniziale_componenti_3d":null,"prodotto_page_lista_componenti_3d":null,"prodotto_page_titolo_slider_configurazioni":"Produto e configura\u00e7\u00f5es","prodotto_page_lista_immgini_slider_configurazioni":[{"etichetta":"Plinto de cimento","immagine":13684},{"etichetta":"Vista superior","immagine":13698},{"etichetta":"Perspectiva","immagine":13677},{"etichetta":"Plinto de a\u00e7o","immagine":13691}],"prodotto_page_titolo_slider_configurazioni_2":"<h2><\/h2>","prodotto_page_lista_immgini_slider_configurazioni_2":null,"seo_title":"Bra\u00e7o girat\u00f3rio sobre plinto m\u00f3vel com capacidade de 500 kg | OMIS","seo_description":"O bra\u00e7o girat\u00f3rio em um plinto m\u00f3vel pode ser movido facilmente para diferentes locais no canteiro de obras sem ancoragem fixa. Vers\u00e1til e pr\u00e1tico, ele combina facilidade de coloca\u00e7\u00e3o com economia. A vers\u00e3o com lan\u00e7a de viga e tirantes \u00e9 adequada para cargas mais pesadas e alcances mais longos. Saiba mais."},"yoast_head":"<!-- This site is optimized with the Yoast SEO plugin v23.9 - https:\/\/yoast.com\/wordpress\/plugins\/seo\/ -->\n<title>Bra\u00e7o girat\u00f3rio sobre plinto m\u00f3vel com capacidade de 500 kg | OMIS<\/title>\n<meta name=\"description\" content=\"O bra\u00e7o girat\u00f3rio em um plinto m\u00f3vel pode ser movido facilmente para diferentes locais no canteiro de obras sem ancoragem fixa. Vers\u00e1til e pr\u00e1tico, ele combina facilidade de coloca\u00e7\u00e3o com economia. A vers\u00e3o com lan\u00e7a de viga e tirantes \u00e9 adequada para cargas mais pesadas e alcances mais longos. Saiba mais.\" \/>\n<meta name=\"robots\" content=\"index, follow, max-snippet:-1, max-image-preview:large, max-video-preview:-1\" \/>\n<meta property=\"og:locale\" content=\"pt_PT\" \/>\n<meta property=\"og:type\" content=\"article\" \/>\n<meta property=\"og:title\" content=\"Bra\u00e7o girat\u00f3rio sobre plinto m\u00f3vel com capacidade de 500 kg | OMIS\" \/>\n<meta property=\"og:description\" content=\"O bra\u00e7o girat\u00f3rio em um plinto m\u00f3vel pode ser movido facilmente para diferentes locais no canteiro de obras sem ancoragem fixa. Vers\u00e1til e pr\u00e1tico, ele combina facilidade de coloca\u00e7\u00e3o com economia. A vers\u00e3o com lan\u00e7a de viga e tirantes \u00e9 adequada para cargas mais pesadas e alcances mais longos. Saiba mais.\" \/>\n<meta property=\"og:url\" content=\"https:\/\/www.omis.net\/pt-pt\/produto\/braco-giratorio-em-coluna-com-lanca-em-viga-com-tirantes-e-plinto-movel\/\" \/>\n<meta property=\"og:site_name\" content=\"Omis Spa\" \/>\n<meta property=\"article:publisher\" content=\"https:\/\/www.facebook.com\/omisgroup\" \/>\n<meta property=\"article:modified_time\" content=\"2025-02-03T17:30:43+00:00\" \/>\n<meta property=\"og:image\" content=\"https:\/\/media.omis.net\/media\/2024\/12\/profile-c2tzjib-crane-c2tz-250kg-front-header-3d-omis-scaled.webp\" \/>\n\t<meta property=\"og:image:width\" content=\"2560\" \/>\n\t<meta property=\"og:image:height\" content=\"1440\" \/>\n\t<meta property=\"og:image:type\" content=\"image\/webp\" \/>\n<meta name=\"twitter:card\" content=\"summary_large_image\" \/>\n<meta name=\"twitter:label1\" content=\"Est. reading time\" \/>\n\t<meta name=\"twitter:data1\" content=\"1 minute\" \/>\n<script type=\"application\/ld+json\" class=\"yoast-schema-graph\">{\"@context\":\"https:\/\/schema.org\",\"@graph\":[{\"@type\":\"WebPage\",\"@id\":\"https:\/\/www.omis.net\/pt-pt\/produto\/braco-giratorio-em-coluna-com-lanca-em-viga-com-tirantes-e-plinto-movel\/\",\"url\":\"https:\/\/www.omis.net\/pt-pt\/produto\/braco-giratorio-em-coluna-com-lanca-em-viga-com-tirantes-e-plinto-movel\/\",\"name\":\"Bra\u00e7o girat\u00f3rio sobre plinto m\u00f3vel com capacidade de 500 kg | OMIS\",\"isPartOf\":{\"@id\":\"https:\/\/www.omis.net\/it-it\/#website\"},\"primaryImageOfPage\":{\"@id\":\"https:\/\/www.omis.net\/pt-pt\/produto\/braco-giratorio-em-coluna-com-lanca-em-viga-com-tirantes-e-plinto-movel\/#primaryimage\"},\"image\":{\"@id\":\"https:\/\/www.omis.net\/pt-pt\/produto\/braco-giratorio-em-coluna-com-lanca-em-viga-com-tirantes-e-plinto-movel\/#primaryimage\"},\"thumbnailUrl\":\"https:\/\/media.omis.net\/media\/2024\/12\/profile-c2tzjib-crane-c2tz-250kg-front-header-3d-omis-scaled.webp\",\"datePublished\":\"2024-12-18T10:01:56+00:00\",\"dateModified\":\"2025-02-03T17:30:43+00:00\",\"description\":\"O bra\u00e7o girat\u00f3rio em um plinto m\u00f3vel pode ser movido facilmente para diferentes locais no canteiro de obras sem ancoragem fixa. Vers\u00e1til e pr\u00e1tico, ele combina facilidade de coloca\u00e7\u00e3o com economia. A vers\u00e3o com lan\u00e7a de viga e tirantes \u00e9 adequada para cargas mais pesadas e alcances mais longos. Saiba mais.\",\"breadcrumb\":{\"@id\":\"https:\/\/www.omis.net\/pt-pt\/produto\/braco-giratorio-em-coluna-com-lanca-em-viga-com-tirantes-e-plinto-movel\/#breadcrumb\"},\"inLanguage\":\"pt-pt\",\"potentialAction\":[{\"@type\":\"ReadAction\",\"target\":[\"https:\/\/www.omis.net\/pt-pt\/produto\/braco-giratorio-em-coluna-com-lanca-em-viga-com-tirantes-e-plinto-movel\/\"]}]},{\"@type\":\"ImageObject\",\"inLanguage\":\"pt-pt\",\"@id\":\"https:\/\/www.omis.net\/pt-pt\/produto\/braco-giratorio-em-coluna-com-lanca-em-viga-com-tirantes-e-plinto-movel\/#primaryimage\",\"url\":\"https:\/\/media.omis.net\/media\/2024\/12\/profile-c2tzjib-crane-c2tz-250kg-front-header-3d-omis-scaled.webp\",\"contentUrl\":\"https:\/\/media.omis.net\/media\/2024\/12\/profile-c2tzjib-crane-c2tz-250kg-front-header-3d-omis-scaled.webp\",\"width\":2560,\"height\":1440,\"caption\":\"header - Profile c2tzjib crane c2tz 250kg front header 3d Omis\"},{\"@type\":\"BreadcrumbList\",\"@id\":\"https:\/\/www.omis.net\/pt-pt\/produto\/braco-giratorio-em-coluna-com-lanca-em-viga-com-tirantes-e-plinto-movel\/#breadcrumb\",\"itemListElement\":[{\"@type\":\"ListItem\",\"position\":1,\"name\":\"Home\",\"item\":\"https:\/\/www.omis.net\/pt-pt\/pagina-inicial\/\"},{\"@type\":\"ListItem\",\"position\":2,\"name\":\"Bra\u00e7o girat\u00f3rio em coluna com lan\u00e7a em viga com tirantes e plinto m\u00f3vel\"}]},{\"@type\":\"WebSite\",\"@id\":\"https:\/\/www.omis.net\/it-it\/#website\",\"url\":\"https:\/\/www.omis.net\/it-it\/\",\"name\":\"Omis Spa\",\"description\":\"Movimentazione e sollevamento\",\"publisher\":{\"@id\":\"https:\/\/www.omis.net\/it-it\/#organization\"},\"potentialAction\":[{\"@type\":\"SearchAction\",\"target\":{\"@type\":\"EntryPoint\",\"urlTemplate\":\"https:\/\/www.omis.net\/it-it\/?s={search_term_string}\"},\"query-input\":{\"@type\":\"PropertyValueSpecification\",\"valueRequired\":true,\"valueName\":\"search_term_string\"}}],\"inLanguage\":\"pt-pt\"},{\"@type\":\"Organization\",\"@id\":\"https:\/\/www.omis.net\/it-it\/#organization\",\"name\":\"Omis Spa\",\"url\":\"https:\/\/www.omis.net\/it-it\/\",\"logo\":{\"@type\":\"ImageObject\",\"inLanguage\":\"pt-pt\",\"@id\":\"https:\/\/www.omis.net\/it-it\/#\/schema\/logo\/image\/\",\"url\":\"https:\/\/media.omis.net\/media\/2024\/08\/logo.jpg\",\"contentUrl\":\"https:\/\/media.omis.net\/media\/2024\/08\/logo.jpg\",\"width\":300,\"height\":300,\"caption\":\"Omis Spa\"},\"image\":{\"@id\":\"https:\/\/www.omis.net\/it-it\/#\/schema\/logo\/image\/\"},\"sameAs\":[\"https:\/\/www.facebook.com\/omisgroup\",\"https:\/\/www.linkedin.com\/company\/omis-group\",\"https:\/\/www.youtube.com\/channel\/UCS4L59XDk3kKBI9MnjuxWDw\",\"https:\/\/www.instagram.com\/omisgroup\"]}]}<\/script>\n<!-- \/ Yoast SEO plugin. -->","yoast_head_json":{"title":"Bra\u00e7o girat\u00f3rio sobre plinto m\u00f3vel com capacidade de 500 kg | OMIS","description":"O bra\u00e7o girat\u00f3rio em um plinto m\u00f3vel pode ser movido facilmente para diferentes locais no canteiro de obras sem ancoragem fixa. Vers\u00e1til e pr\u00e1tico, ele combina facilidade de coloca\u00e7\u00e3o com economia. A vers\u00e3o com lan\u00e7a de viga e tirantes \u00e9 adequada para cargas mais pesadas e alcances mais longos. Saiba mais.","robots":{"index":"index","follow":"follow","max-snippet":"max-snippet:-1","max-image-preview":"max-image-preview:large","max-video-preview":"max-video-preview:-1"},"og_locale":"pt_PT","og_type":"article","og_title":"Bra\u00e7o girat\u00f3rio sobre plinto m\u00f3vel com capacidade de 500 kg | OMIS","og_description":"O bra\u00e7o girat\u00f3rio em um plinto m\u00f3vel pode ser movido facilmente para diferentes locais no canteiro de obras sem ancoragem fixa. Vers\u00e1til e pr\u00e1tico, ele combina facilidade de coloca\u00e7\u00e3o com economia. A vers\u00e3o com lan\u00e7a de viga e tirantes \u00e9 adequada para cargas mais pesadas e alcances mais longos. Saiba mais.","og_url":"https:\/\/www.omis.net\/pt-pt\/produto\/braco-giratorio-em-coluna-com-lanca-em-viga-com-tirantes-e-plinto-movel\/","og_site_name":"Omis Spa","article_publisher":"https:\/\/www.facebook.com\/omisgroup","article_modified_time":"2025-02-03T17:30:43+00:00","og_image":[{"width":2560,"height":1440,"url":"https:\/\/media.omis.net\/media\/2024\/12\/profile-c2tzjib-crane-c2tz-250kg-front-header-3d-omis-scaled.webp","type":"image\/webp"}],"twitter_card":"summary_large_image","twitter_misc":{"Est. reading time":"1 minute"},"schema":{"@context":"https:\/\/schema.org","@graph":[{"@type":"WebPage","@id":"https:\/\/www.omis.net\/pt-pt\/produto\/braco-giratorio-em-coluna-com-lanca-em-viga-com-tirantes-e-plinto-movel\/","url":"https:\/\/www.omis.net\/pt-pt\/produto\/braco-giratorio-em-coluna-com-lanca-em-viga-com-tirantes-e-plinto-movel\/","name":"Bra\u00e7o girat\u00f3rio sobre plinto m\u00f3vel com capacidade de 500 kg | OMIS","isPartOf":{"@id":"https:\/\/www.omis.net\/it-it\/#website"},"primaryImageOfPage":{"@id":"https:\/\/www.omis.net\/pt-pt\/produto\/braco-giratorio-em-coluna-com-lanca-em-viga-com-tirantes-e-plinto-movel\/#primaryimage"},"image":{"@id":"https:\/\/www.omis.net\/pt-pt\/produto\/braco-giratorio-em-coluna-com-lanca-em-viga-com-tirantes-e-plinto-movel\/#primaryimage"},"thumbnailUrl":"https:\/\/media.omis.net\/media\/2024\/12\/profile-c2tzjib-crane-c2tz-250kg-front-header-3d-omis-scaled.webp","datePublished":"2024-12-18T10:01:56+00:00","dateModified":"2025-02-03T17:30:43+00:00","description":"O bra\u00e7o girat\u00f3rio em um plinto m\u00f3vel pode ser movido facilmente para diferentes locais no canteiro de obras sem ancoragem fixa. Vers\u00e1til e pr\u00e1tico, ele combina facilidade de coloca\u00e7\u00e3o com economia. A vers\u00e3o com lan\u00e7a de viga e tirantes \u00e9 adequada para cargas mais pesadas e alcances mais longos. Saiba mais.","breadcrumb":{"@id":"https:\/\/www.omis.net\/pt-pt\/produto\/braco-giratorio-em-coluna-com-lanca-em-viga-com-tirantes-e-plinto-movel\/#breadcrumb"},"inLanguage":"pt-pt","potentialAction":[{"@type":"ReadAction","target":["https:\/\/www.omis.net\/pt-pt\/produto\/braco-giratorio-em-coluna-com-lanca-em-viga-com-tirantes-e-plinto-movel\/"]}]},{"@type":"ImageObject","inLanguage":"pt-pt","@id":"https:\/\/www.omis.net\/pt-pt\/produto\/braco-giratorio-em-coluna-com-lanca-em-viga-com-tirantes-e-plinto-movel\/#primaryimage","url":"https:\/\/media.omis.net\/media\/2024\/12\/profile-c2tzjib-crane-c2tz-250kg-front-header-3d-omis-scaled.webp","contentUrl":"https:\/\/media.omis.net\/media\/2024\/12\/profile-c2tzjib-crane-c2tz-250kg-front-header-3d-omis-scaled.webp","width":2560,"height":1440,"caption":"header - Profile c2tzjib crane c2tz 250kg front header 3d Omis"},{"@type":"BreadcrumbList","@id":"https:\/\/www.omis.net\/pt-pt\/produto\/braco-giratorio-em-coluna-com-lanca-em-viga-com-tirantes-e-plinto-movel\/#breadcrumb","itemListElement":[{"@type":"ListItem","position":1,"name":"Home","item":"https:\/\/www.omis.net\/pt-pt\/pagina-inicial\/"},{"@type":"ListItem","position":2,"name":"Bra\u00e7o girat\u00f3rio em coluna com lan\u00e7a em viga com tirantes e plinto m\u00f3vel"}]},{"@type":"WebSite","@id":"https:\/\/www.omis.net\/it-it\/#website","url":"https:\/\/www.omis.net\/it-it\/","name":"Omis Spa","description":"Movimentazione e sollevamento","publisher":{"@id":"https:\/\/www.omis.net\/it-it\/#organization"},"potentialAction":[{"@type":"SearchAction","target":{"@type":"EntryPoint","urlTemplate":"https:\/\/www.omis.net\/it-it\/?s={search_term_string}"},"query-input":{"@type":"PropertyValueSpecification","valueRequired":true,"valueName":"search_term_string"}}],"inLanguage":"pt-pt"},{"@type":"Organization","@id":"https:\/\/www.omis.net\/it-it\/#organization","name":"Omis Spa","url":"https:\/\/www.omis.net\/it-it\/","logo":{"@type":"ImageObject","inLanguage":"pt-pt","@id":"https:\/\/www.omis.net\/it-it\/#\/schema\/logo\/image\/","url":"https:\/\/media.omis.net\/media\/2024\/08\/logo.jpg","contentUrl":"https:\/\/media.omis.net\/media\/2024\/08\/logo.jpg","width":300,"height":300,"caption":"Omis Spa"},"image":{"@id":"https:\/\/www.omis.net\/it-it\/#\/schema\/logo\/image\/"},"sameAs":["https:\/\/www.facebook.com\/omisgroup","https:\/\/www.linkedin.com\/company\/omis-group","https:\/\/www.youtube.com\/channel\/UCS4L59XDk3kKBI9MnjuxWDw","https:\/\/www.instagram.com\/omisgroup"]}]}},"_links":{"self":[{"href":"https:\/\/www.omis.net\/pt-pt\/wp-json\/wp\/v2\/product\/7431"}],"collection":[{"href":"https:\/\/www.omis.net\/pt-pt\/wp-json\/wp\/v2\/product"}],"about":[{"href":"https:\/\/www.omis.net\/pt-pt\/wp-json\/wp\/v2\/types\/product"}],"acf:attachment":[{"embeddable":true,"href":"https:\/\/www.omis.net\/pt-pt\/wp-json\/wp\/v2\/media\/"},{"embeddable":true,"href":"https:\/\/www.omis.net\/pt-pt\/wp-json\/wp\/v2\/media\/13670"},{"embeddable":true,"href":"https:\/\/www.omis.net\/pt-pt\/wp-json\/wp\/v2\/media\/13663"}],"wp:featuredmedia":[{"embeddable":true,"href":"https:\/\/www.omis.net\/pt-pt\/wp-json\/wp\/v2\/media\/13705"}],"wp:attachment":[{"href":"https:\/\/www.omis.net\/pt-pt\/wp-json\/wp\/v2\/media?parent=7431"}],"wp:term":[{"taxonomy":"caratteristica-prodotto","embeddable":true,"href":"https:\/\/www.omis.net\/pt-pt\/wp-json\/wp\/v2\/caratteristica-prodotto?post=7431"},{"taxonomy":"tipologia-prodotto","embeddable":true,"href":"https:\/\/www.omis.net\/pt-pt\/wp-json\/wp\/v2\/tipologia-prodotto?post=7431"}],"curies":[{"name":"wp","href":"https:\/\/api.w.org\/{rel}","templated":true}]}}