{"id":7430,"date":"2024-12-18T11:01:41","date_gmt":"2024-12-18T10:01:41","guid":{"rendered":"http:\/\/bedrock.local\/product\/ctz\/"},"modified":"2025-02-03T18:35:03","modified_gmt":"2025-02-03T17:35:03","slug":"braco-giratorio-em-coluna-com-lanca-cantilever-e-plinto-movel","status":"publish","type":"product","link":"https:\/\/www.omis.net\/pt-pt\/produto\/braco-giratorio-em-coluna-com-lanca-cantilever-e-plinto-movel\/","title":{"rendered":"Bra\u00e7o girat\u00f3rio em coluna com lan\u00e7a cantil\u00e9ver e plinto m\u00f3vel"},"content":{"rendered":"","protected":false},"featured_media":13755,"parent":0,"template":"","caratteristica-prodotto":[],"tipologia-prodotto":[710,716,734],"class_list":["post-7430","product","type-product","status-publish","has-post-thumbnail","hentry","tipologia-prodotto-guindastes-de-estacao-de-trabalho","tipologia-prodotto-braco-giratorio","tipologia-prodotto-movel"],"acf":{"import_csv_id":"33","prodotto_generale_sku":"CTZ","prodotto_listing_card_descrizione":"O bra\u00e7o girat\u00f3rio m\u00f3vel autoportante, que pode aproveitar ao m\u00e1ximo o espa\u00e7o em altura aumentando o curso dispon\u00edvel do gancho. ","prodotto_listing_card_caratteristiche":null,"prodotto_page_gradient_hero":false,"prodotto_page_titolo_hero":"Ele se move facilmente e a altura n\u00e3o \u00e9 um problema.","prodotto_page_gallery_hero":[13713,13720],"prodotto_page_descrizione_3_colonne_posizione":false,"prodotto_page_descrizione_3_colonne":[{"valore":"500","unita_di_misura":"kg","etichetta":"Capacidade m\u00e1xima"},{"valore":"6","unita_di_misura":"m","etichetta":"Raio de a\u00e7\u00e3o m\u00e1ximo"},{"valore":"270\u00b0","unita_di_misura":"","etichetta":"Rota\u00e7\u00e3o"}],"prodotto_page_descrizione_titolo":"Bra\u00e7o girat\u00f3rio em lan\u00e7a cantil\u00e9ver e plinto m\u00f3vel com capacidade de at\u00e9 500 kg","prodotto_page_descrizione_3_colonne_testo":"<strong>O bra\u00e7o girat\u00f3rio em coluna com lan\u00e7a cantil\u00e9ver e plinto m\u00f3vel \u00e9 ideal para o manuseio em toda a \u00e1rea de trabalho por meio de empilhadeira ou ponte rolante. \u00c9 uma solu\u00e7\u00e3o especial que n\u00e3o sofre com a restri\u00e7\u00e3o de uma ancoragem permanente no solo. Uma segunda vantagem espec\u00edfica desse bra\u00e7o girat\u00f3rio \u00e9 a capacidade de garantir a utiliza\u00e7\u00e3o m\u00e1xima do espa\u00e7o dispon\u00edvel em altura, com um consequente aumento no curso dispon\u00edvel do gancho.<\/strong>\r\n\r\nA combina\u00e7\u00e3o de seus recursos faz dela uma ferramenta altamente vers\u00e1til, al\u00e9m de ser f\u00e1cil de manusear e muito econ\u00f4mica, tanto na instala\u00e7\u00e3o quanto na opera\u00e7\u00e3o di\u00e1ria da esta\u00e7\u00e3o de trabalho atendida. O bra\u00e7o girat\u00f3rio m\u00f3vel, equipado com uma viga cantil\u00e9ver autossustent\u00e1vel e sem tirantes de suporte, \u00e9 usado no manuseio de cargas leves em uma variedade de aplica\u00e7\u00f5es industriais, desde pequenas oficinas at\u00e9 grandes linhas de montagem e f\u00e1bricas de produ\u00e7\u00e3o de alimentos ou adegas.","prodotto_page_descrizione_titolo_vantaggi":"Vantagens do bra\u00e7o girat\u00f3rio em coluna e com lan\u00e7a cantil\u00e9ver e plinto m\u00f3vel","prodotto_page_descrizione_vantaggi":[{"titolo":"Facilidade de movimenta\u00e7\u00e3o","testo":"","link":"","archivio_prodotti":null},{"titolo":"Versatilidade operacional","testo":"","link":"","archivio_prodotti":null},{"titolo":"Maior deslocamento do gancho dispon\u00edvel","testo":"","link":"","archivio_prodotti":null},{"titolo":"F\u00e1cil de operar","testo":"","link":"","archivio_prodotti":null},{"titolo":"Controle preciso","testo":"","link":"","archivio_prodotti":null},{"titolo":"Aumento da produtividade e da seguran\u00e7a","testo":"","link":"","archivio_prodotti":null}],"prodotto_page_tabs_dati_tecnici":[{"etichetta":"Capacidade","valore":"de 125 kg a 500 kg"},{"etichetta":"Raio de a\u00e7\u00e3o","valore":"At\u00e9 6 m, dependendo da capacidade"},{"etichetta":"Perfil de raio de a\u00e7\u00e3o","valore":"Perfil de viga T duplo sem tirantes de suporte"},{"etichetta":"Rota\u00e7\u00e3o","valore":"270\u00b0 com parada de ajuste ajust\u00e1vel no local, dependendo das dimens\u00f5es arquitet\u00f4nicas"},{"etichetta":"Plinto","valore":"Plinto de concreto redondo m\u00f3vel ou forma de a\u00e7o preenchida com concreto"},{"etichetta":"Coluna","valore":"Tubo de a\u00e7o com se\u00e7\u00e3o transversal circular. Ele possui, em uma extremidade, uma placa de base perfurada para fixa\u00e7\u00e3o \u00e0 base por meio de buchas qu\u00edmicas ou parafusos de ancoragem e, na outra extremidade, duas placas, uma final e outra intermedi\u00e1ria, para apoiar a lan\u00e7a."},{"etichetta":"Talha","valore":"Talha el\u00e9trica de corrente ou cabo, para eleva\u00e7\u00e3o da carga, com uma ou duas velocidades de eleva\u00e7\u00e3o, com carro de deslocamento el\u00e9trico ou de empurrar."},{"etichetta":"Dispositivo de freio","valore":"Ele consiste em uma embreagem de parafuso ajust\u00e1vel que permite o ajuste do esfor\u00e7o de rota\u00e7\u00e3o da lan\u00e7a e garante um posicionamento est\u00e1vel."}],"prodotto_page_tabs_optionals":[{"titolo":"Pintura personalizada","testo":"A cor da tinta pode ser personalizada para atender a necessidades espec\u00edficas, requisitos de design ou de marca.","immagine":null}],"prodotto_page_tabs_downloads":null,"prodotto_page_gallery":[null],"prodotto_page_customer_story_titolo":"","prodotto_page_customer_story_list":null,"prodotto_page_applicazioni_list":"- Agricoltura e Alimentare\r\n- Manifatturiero\r\n- Energetico\r\n- Edile e delle costruzioni\r\n- Tecnologie dell'informazione e ICT\r\n- Trasporti e logistica\r\n- Commercio al dettaglio\r\n- Culturale e dell'intrattenimento\r\n- Ambientale e della sostenibilit\u00e0\r\n- Ricerca e sviluppo\r\n- Arti e Artigianato","prodotto_page_faq_list":null,"prodotto_page_testo_prodotti_correlati":"<h2>Produtos relacionados<\/h2>\r\nExplore tamb\u00e9m esses produtos e encontre outras solu\u00e7\u00f5es que sejam adequadas para voc\u00ea.","prodotto_page_lista_prodotti_correlati":"- CZ\r\n- C2TZ\r\n- BILIF","prodotto_page_titolo_componenti_3d":"","prodotto_page_immagine_iniziale_componenti_3d":null,"prodotto_page_lista_componenti_3d":null,"prodotto_page_titolo_slider_configurazioni":"Produto e configura\u00e7\u00f5es","prodotto_page_lista_immgini_slider_configurazioni":[{"etichetta":"Plinto de cimento","immagine":13734},{"etichetta":"Vista superior","immagine":13748},{"etichetta":"Perspectiva","immagine":13727},{"etichetta":"Plinto de a\u00e7o","immagine":13741}],"prodotto_page_titolo_slider_configurazioni_2":"<h2><\/h2>","prodotto_page_lista_immgini_slider_configurazioni_2":null,"seo_title":"Bra\u00e7o girat\u00f3rio m\u00f3vel com capacidade de lan\u00e7a de viga de 500 kg | OMIS","seo_description":"O bra\u00e7o girat\u00f3rio em coluna com lan\u00e7a suspensa e plinto m\u00f3vel \u00e9 ideal para movimenta\u00e7\u00e3o com uma empilhadeira ou ponte rolante, sem ancoragem fixa no solo. Otimiza o espa\u00e7o em altura e aumenta o deslocamento do gancho. Vers\u00e1til e econ\u00f4mico, ele \u00e9 manobr\u00e1vel e adequado para cargas leves em oficinas, linhas de montagem e plantas industriais. Saiba mais."},"yoast_head":"<!-- This site is optimized with the Yoast SEO plugin v23.9 - https:\/\/yoast.com\/wordpress\/plugins\/seo\/ -->\n<title>Bra\u00e7o girat\u00f3rio m\u00f3vel com capacidade de lan\u00e7a de viga de 500 kg | OMIS<\/title>\n<meta name=\"description\" content=\"O bra\u00e7o girat\u00f3rio em coluna com lan\u00e7a suspensa e plinto m\u00f3vel \u00e9 ideal para movimenta\u00e7\u00e3o com uma empilhadeira ou ponte rolante, sem ancoragem fixa no solo. Otimiza o espa\u00e7o em altura e aumenta o deslocamento do gancho. Vers\u00e1til e econ\u00f4mico, ele \u00e9 manobr\u00e1vel e adequado para cargas leves em oficinas, linhas de montagem e plantas industriais. Saiba mais.\" \/>\n<meta name=\"robots\" content=\"index, follow, max-snippet:-1, max-image-preview:large, max-video-preview:-1\" \/>\n<meta property=\"og:locale\" content=\"pt_PT\" \/>\n<meta property=\"og:type\" content=\"article\" \/>\n<meta property=\"og:title\" content=\"Bra\u00e7o girat\u00f3rio m\u00f3vel com capacidade de lan\u00e7a de viga de 500 kg | OMIS\" \/>\n<meta property=\"og:description\" content=\"O bra\u00e7o girat\u00f3rio em coluna com lan\u00e7a suspensa e plinto m\u00f3vel \u00e9 ideal para movimenta\u00e7\u00e3o com uma empilhadeira ou ponte rolante, sem ancoragem fixa no solo. Otimiza o espa\u00e7o em altura e aumenta o deslocamento do gancho. Vers\u00e1til e econ\u00f4mico, ele \u00e9 manobr\u00e1vel e adequado para cargas leves em oficinas, linhas de montagem e plantas industriais. Saiba mais.\" \/>\n<meta property=\"og:url\" content=\"https:\/\/www.omis.net\/pt-pt\/produto\/braco-giratorio-em-coluna-com-lanca-cantilever-e-plinto-movel\/\" \/>\n<meta property=\"og:site_name\" content=\"Omis Spa\" \/>\n<meta property=\"article:publisher\" content=\"https:\/\/www.facebook.com\/omisgroup\" \/>\n<meta property=\"article:modified_time\" content=\"2025-02-03T17:35:03+00:00\" \/>\n<meta property=\"og:image\" content=\"https:\/\/media.omis.net\/media\/2024\/12\/profile-ctzjib-crane-ctz-250kg-front-3d-product-omis-scaled.webp\" \/>\n\t<meta property=\"og:image:width\" content=\"2560\" \/>\n\t<meta property=\"og:image:height\" content=\"1440\" \/>\n\t<meta property=\"og:image:type\" content=\"image\/webp\" \/>\n<meta name=\"twitter:card\" content=\"summary_large_image\" \/>\n<meta name=\"twitter:label1\" content=\"Est. reading time\" \/>\n\t<meta name=\"twitter:data1\" content=\"1 minute\" \/>\n<script type=\"application\/ld+json\" class=\"yoast-schema-graph\">{\"@context\":\"https:\/\/schema.org\",\"@graph\":[{\"@type\":\"WebPage\",\"@id\":\"https:\/\/www.omis.net\/pt-pt\/produto\/braco-giratorio-em-coluna-com-lanca-cantilever-e-plinto-movel\/\",\"url\":\"https:\/\/www.omis.net\/pt-pt\/produto\/braco-giratorio-em-coluna-com-lanca-cantilever-e-plinto-movel\/\",\"name\":\"Bra\u00e7o girat\u00f3rio m\u00f3vel com capacidade de lan\u00e7a de viga de 500 kg | OMIS\",\"isPartOf\":{\"@id\":\"https:\/\/www.omis.net\/it-it\/#website\"},\"primaryImageOfPage\":{\"@id\":\"https:\/\/www.omis.net\/pt-pt\/produto\/braco-giratorio-em-coluna-com-lanca-cantilever-e-plinto-movel\/#primaryimage\"},\"image\":{\"@id\":\"https:\/\/www.omis.net\/pt-pt\/produto\/braco-giratorio-em-coluna-com-lanca-cantilever-e-plinto-movel\/#primaryimage\"},\"thumbnailUrl\":\"https:\/\/media.omis.net\/media\/2024\/12\/profile-ctzjib-crane-ctz-250kg-front-3d-product-omis-scaled.webp\",\"datePublished\":\"2024-12-18T10:01:41+00:00\",\"dateModified\":\"2025-02-03T17:35:03+00:00\",\"description\":\"O bra\u00e7o girat\u00f3rio em coluna com lan\u00e7a suspensa e plinto m\u00f3vel \u00e9 ideal para movimenta\u00e7\u00e3o com uma empilhadeira ou ponte rolante, sem ancoragem fixa no solo. Otimiza o espa\u00e7o em altura e aumenta o deslocamento do gancho. Vers\u00e1til e econ\u00f4mico, ele \u00e9 manobr\u00e1vel e adequado para cargas leves em oficinas, linhas de montagem e plantas industriais. Saiba mais.\",\"breadcrumb\":{\"@id\":\"https:\/\/www.omis.net\/pt-pt\/produto\/braco-giratorio-em-coluna-com-lanca-cantilever-e-plinto-movel\/#breadcrumb\"},\"inLanguage\":\"pt-pt\",\"potentialAction\":[{\"@type\":\"ReadAction\",\"target\":[\"https:\/\/www.omis.net\/pt-pt\/produto\/braco-giratorio-em-coluna-com-lanca-cantilever-e-plinto-movel\/\"]}]},{\"@type\":\"ImageObject\",\"inLanguage\":\"pt-pt\",\"@id\":\"https:\/\/www.omis.net\/pt-pt\/produto\/braco-giratorio-em-coluna-com-lanca-cantilever-e-plinto-movel\/#primaryimage\",\"url\":\"https:\/\/media.omis.net\/media\/2024\/12\/profile-ctzjib-crane-ctz-250kg-front-3d-product-omis-scaled.webp\",\"contentUrl\":\"https:\/\/media.omis.net\/media\/2024\/12\/profile-ctzjib-crane-ctz-250kg-front-3d-product-omis-scaled.webp\",\"width\":2560,\"height\":1440,\"caption\":\"header - Profile ctzjib crane ctz 250kg front 3d product Omis\"},{\"@type\":\"BreadcrumbList\",\"@id\":\"https:\/\/www.omis.net\/pt-pt\/produto\/braco-giratorio-em-coluna-com-lanca-cantilever-e-plinto-movel\/#breadcrumb\",\"itemListElement\":[{\"@type\":\"ListItem\",\"position\":1,\"name\":\"Home\",\"item\":\"https:\/\/www.omis.net\/pt-pt\/pagina-inicial\/\"},{\"@type\":\"ListItem\",\"position\":2,\"name\":\"Bra\u00e7o girat\u00f3rio em coluna com lan\u00e7a cantil\u00e9ver e plinto m\u00f3vel\"}]},{\"@type\":\"WebSite\",\"@id\":\"https:\/\/www.omis.net\/it-it\/#website\",\"url\":\"https:\/\/www.omis.net\/it-it\/\",\"name\":\"Omis Spa\",\"description\":\"Movimentazione e sollevamento\",\"publisher\":{\"@id\":\"https:\/\/www.omis.net\/it-it\/#organization\"},\"potentialAction\":[{\"@type\":\"SearchAction\",\"target\":{\"@type\":\"EntryPoint\",\"urlTemplate\":\"https:\/\/www.omis.net\/it-it\/?s={search_term_string}\"},\"query-input\":{\"@type\":\"PropertyValueSpecification\",\"valueRequired\":true,\"valueName\":\"search_term_string\"}}],\"inLanguage\":\"pt-pt\"},{\"@type\":\"Organization\",\"@id\":\"https:\/\/www.omis.net\/it-it\/#organization\",\"name\":\"Omis Spa\",\"url\":\"https:\/\/www.omis.net\/it-it\/\",\"logo\":{\"@type\":\"ImageObject\",\"inLanguage\":\"pt-pt\",\"@id\":\"https:\/\/www.omis.net\/it-it\/#\/schema\/logo\/image\/\",\"url\":\"https:\/\/media.omis.net\/media\/2024\/08\/logo.jpg\",\"contentUrl\":\"https:\/\/media.omis.net\/media\/2024\/08\/logo.jpg\",\"width\":300,\"height\":300,\"caption\":\"Omis Spa\"},\"image\":{\"@id\":\"https:\/\/www.omis.net\/it-it\/#\/schema\/logo\/image\/\"},\"sameAs\":[\"https:\/\/www.facebook.com\/omisgroup\",\"https:\/\/www.linkedin.com\/company\/omis-group\",\"https:\/\/www.youtube.com\/channel\/UCS4L59XDk3kKBI9MnjuxWDw\",\"https:\/\/www.instagram.com\/omisgroup\"]}]}<\/script>\n<!-- \/ Yoast SEO plugin. -->","yoast_head_json":{"title":"Bra\u00e7o girat\u00f3rio m\u00f3vel com capacidade de lan\u00e7a de viga de 500 kg | OMIS","description":"O bra\u00e7o girat\u00f3rio em coluna com lan\u00e7a suspensa e plinto m\u00f3vel \u00e9 ideal para movimenta\u00e7\u00e3o com uma empilhadeira ou ponte rolante, sem ancoragem fixa no solo. Otimiza o espa\u00e7o em altura e aumenta o deslocamento do gancho. Vers\u00e1til e econ\u00f4mico, ele \u00e9 manobr\u00e1vel e adequado para cargas leves em oficinas, linhas de montagem e plantas industriais. Saiba mais.","robots":{"index":"index","follow":"follow","max-snippet":"max-snippet:-1","max-image-preview":"max-image-preview:large","max-video-preview":"max-video-preview:-1"},"og_locale":"pt_PT","og_type":"article","og_title":"Bra\u00e7o girat\u00f3rio m\u00f3vel com capacidade de lan\u00e7a de viga de 500 kg | OMIS","og_description":"O bra\u00e7o girat\u00f3rio em coluna com lan\u00e7a suspensa e plinto m\u00f3vel \u00e9 ideal para movimenta\u00e7\u00e3o com uma empilhadeira ou ponte rolante, sem ancoragem fixa no solo. Otimiza o espa\u00e7o em altura e aumenta o deslocamento do gancho. Vers\u00e1til e econ\u00f4mico, ele \u00e9 manobr\u00e1vel e adequado para cargas leves em oficinas, linhas de montagem e plantas industriais. Saiba mais.","og_url":"https:\/\/www.omis.net\/pt-pt\/produto\/braco-giratorio-em-coluna-com-lanca-cantilever-e-plinto-movel\/","og_site_name":"Omis Spa","article_publisher":"https:\/\/www.facebook.com\/omisgroup","article_modified_time":"2025-02-03T17:35:03+00:00","og_image":[{"width":2560,"height":1440,"url":"https:\/\/media.omis.net\/media\/2024\/12\/profile-ctzjib-crane-ctz-250kg-front-3d-product-omis-scaled.webp","type":"image\/webp"}],"twitter_card":"summary_large_image","twitter_misc":{"Est. reading time":"1 minute"},"schema":{"@context":"https:\/\/schema.org","@graph":[{"@type":"WebPage","@id":"https:\/\/www.omis.net\/pt-pt\/produto\/braco-giratorio-em-coluna-com-lanca-cantilever-e-plinto-movel\/","url":"https:\/\/www.omis.net\/pt-pt\/produto\/braco-giratorio-em-coluna-com-lanca-cantilever-e-plinto-movel\/","name":"Bra\u00e7o girat\u00f3rio m\u00f3vel com capacidade de lan\u00e7a de viga de 500 kg | OMIS","isPartOf":{"@id":"https:\/\/www.omis.net\/it-it\/#website"},"primaryImageOfPage":{"@id":"https:\/\/www.omis.net\/pt-pt\/produto\/braco-giratorio-em-coluna-com-lanca-cantilever-e-plinto-movel\/#primaryimage"},"image":{"@id":"https:\/\/www.omis.net\/pt-pt\/produto\/braco-giratorio-em-coluna-com-lanca-cantilever-e-plinto-movel\/#primaryimage"},"thumbnailUrl":"https:\/\/media.omis.net\/media\/2024\/12\/profile-ctzjib-crane-ctz-250kg-front-3d-product-omis-scaled.webp","datePublished":"2024-12-18T10:01:41+00:00","dateModified":"2025-02-03T17:35:03+00:00","description":"O bra\u00e7o girat\u00f3rio em coluna com lan\u00e7a suspensa e plinto m\u00f3vel \u00e9 ideal para movimenta\u00e7\u00e3o com uma empilhadeira ou ponte rolante, sem ancoragem fixa no solo. Otimiza o espa\u00e7o em altura e aumenta o deslocamento do gancho. Vers\u00e1til e econ\u00f4mico, ele \u00e9 manobr\u00e1vel e adequado para cargas leves em oficinas, linhas de montagem e plantas industriais. Saiba mais.","breadcrumb":{"@id":"https:\/\/www.omis.net\/pt-pt\/produto\/braco-giratorio-em-coluna-com-lanca-cantilever-e-plinto-movel\/#breadcrumb"},"inLanguage":"pt-pt","potentialAction":[{"@type":"ReadAction","target":["https:\/\/www.omis.net\/pt-pt\/produto\/braco-giratorio-em-coluna-com-lanca-cantilever-e-plinto-movel\/"]}]},{"@type":"ImageObject","inLanguage":"pt-pt","@id":"https:\/\/www.omis.net\/pt-pt\/produto\/braco-giratorio-em-coluna-com-lanca-cantilever-e-plinto-movel\/#primaryimage","url":"https:\/\/media.omis.net\/media\/2024\/12\/profile-ctzjib-crane-ctz-250kg-front-3d-product-omis-scaled.webp","contentUrl":"https:\/\/media.omis.net\/media\/2024\/12\/profile-ctzjib-crane-ctz-250kg-front-3d-product-omis-scaled.webp","width":2560,"height":1440,"caption":"header - Profile ctzjib crane ctz 250kg front 3d product Omis"},{"@type":"BreadcrumbList","@id":"https:\/\/www.omis.net\/pt-pt\/produto\/braco-giratorio-em-coluna-com-lanca-cantilever-e-plinto-movel\/#breadcrumb","itemListElement":[{"@type":"ListItem","position":1,"name":"Home","item":"https:\/\/www.omis.net\/pt-pt\/pagina-inicial\/"},{"@type":"ListItem","position":2,"name":"Bra\u00e7o girat\u00f3rio em coluna com lan\u00e7a cantil\u00e9ver e plinto m\u00f3vel"}]},{"@type":"WebSite","@id":"https:\/\/www.omis.net\/it-it\/#website","url":"https:\/\/www.omis.net\/it-it\/","name":"Omis Spa","description":"Movimentazione e sollevamento","publisher":{"@id":"https:\/\/www.omis.net\/it-it\/#organization"},"potentialAction":[{"@type":"SearchAction","target":{"@type":"EntryPoint","urlTemplate":"https:\/\/www.omis.net\/it-it\/?s={search_term_string}"},"query-input":{"@type":"PropertyValueSpecification","valueRequired":true,"valueName":"search_term_string"}}],"inLanguage":"pt-pt"},{"@type":"Organization","@id":"https:\/\/www.omis.net\/it-it\/#organization","name":"Omis Spa","url":"https:\/\/www.omis.net\/it-it\/","logo":{"@type":"ImageObject","inLanguage":"pt-pt","@id":"https:\/\/www.omis.net\/it-it\/#\/schema\/logo\/image\/","url":"https:\/\/media.omis.net\/media\/2024\/08\/logo.jpg","contentUrl":"https:\/\/media.omis.net\/media\/2024\/08\/logo.jpg","width":300,"height":300,"caption":"Omis Spa"},"image":{"@id":"https:\/\/www.omis.net\/it-it\/#\/schema\/logo\/image\/"},"sameAs":["https:\/\/www.facebook.com\/omisgroup","https:\/\/www.linkedin.com\/company\/omis-group","https:\/\/www.youtube.com\/channel\/UCS4L59XDk3kKBI9MnjuxWDw","https:\/\/www.instagram.com\/omisgroup"]}]}},"_links":{"self":[{"href":"https:\/\/www.omis.net\/pt-pt\/wp-json\/wp\/v2\/product\/7430"}],"collection":[{"href":"https:\/\/www.omis.net\/pt-pt\/wp-json\/wp\/v2\/product"}],"about":[{"href":"https:\/\/www.omis.net\/pt-pt\/wp-json\/wp\/v2\/types\/product"}],"acf:attachment":[{"embeddable":true,"href":"https:\/\/www.omis.net\/pt-pt\/wp-json\/wp\/v2\/media\/"},{"embeddable":true,"href":"https:\/\/www.omis.net\/pt-pt\/wp-json\/wp\/v2\/media\/13720"},{"embeddable":true,"href":"https:\/\/www.omis.net\/pt-pt\/wp-json\/wp\/v2\/media\/13713"}],"wp:featuredmedia":[{"embeddable":true,"href":"https:\/\/www.omis.net\/pt-pt\/wp-json\/wp\/v2\/media\/13755"}],"wp:attachment":[{"href":"https:\/\/www.omis.net\/pt-pt\/wp-json\/wp\/v2\/media?parent=7430"}],"wp:term":[{"taxonomy":"caratteristica-prodotto","embeddable":true,"href":"https:\/\/www.omis.net\/pt-pt\/wp-json\/wp\/v2\/caratteristica-prodotto?post=7430"},{"taxonomy":"tipologia-prodotto","embeddable":true,"href":"https:\/\/www.omis.net\/pt-pt\/wp-json\/wp\/v2\/tipologia-prodotto?post=7430"}],"curies":[{"name":"wp","href":"https:\/\/api.w.org\/{rel}","templated":true}]}}