{"id":5137,"date":"2024-11-04T08:58:30","date_gmt":"2024-11-04T07:58:30","guid":{"rendered":"http:\/\/bedrock.local\/faq\/quem-deve-solicitar-e-quem-deve-realizar-a-inspecao-decenal-dos-equipamentos-de-elevacao\/"},"modified":"2024-11-04T15:46:30","modified_gmt":"2024-11-04T14:46:30","slug":"quem-deve-solicitar-e-quem-deve-realizar-a-inspecao-decenal-dos-equipamentos-de-elevacao","status":"publish","type":"faq","link":"https:\/\/www.omis.net\/pt-pt\/faq\/quem-deve-solicitar-e-quem-deve-realizar-a-inspecao-decenal-dos-equipamentos-de-elevacao\/","title":{"rendered":"Quem deve solicitar e quem deve realizar a inspe\u00e7\u00e3o decenal dos equipamentos de eleva\u00e7\u00e3o?"},"content":{"rendered":"<p>A empresa propriet\u00e1ria do equipamento de eleva\u00e7\u00e3o deve solicitar uma inspe\u00e7\u00e3o de dez anos, realizada por pessoal experiente para detectar poss\u00edveis falhas ou defeitos ap\u00f3s mais de 20 anos de uso do equipamento. A certifica\u00e7\u00e3o \u00e9 confiada \u00e0 autoridade territorial competente, a ASL (ente sanit\u00e1rio local) na It\u00e1lia.<\/p>","protected":false},"excerpt":{"rendered":"<p>A empresa propriet\u00e1ria do equipamento de eleva\u00e7\u00e3o deve solicitar uma inspe\u00e7\u00e3o de dez anos, realizada por pessoal experiente para detectar poss\u00edveis falhas ou defeitos ap\u00f3s mais de 20 anos de uso do equipamento. A certifica\u00e7\u00e3o \u00e9 confiada \u00e0 autoridade territorial competente, a ASL (ente sanit\u00e1rio local) na It\u00e1lia.<\/p>\n","protected":false},"featured_media":0,"parent":0,"template":"","argomento-faq":[611],"class_list":["post-5137","faq","type-faq","status-publish","hentry","argomento-faq-manutencao-e-servico"],"acf":{"import_csv_id":"26","seo_title":"Quem solicita e realiza a inspe\u00e7\u00e3o de dez anos dos equipamentos de eleva\u00e7\u00e3o? | OMIS","seo_description":"A inspe\u00e7\u00e3o de dez anos dos equipamentos de eleva\u00e7\u00e3o \u00e9 obrigat\u00f3ria para detectar poss\u00edveis defeitos ap\u00f3s 20 anos. A empresa propriet\u00e1ria deve se candidatar \u00e0 autoridade territorial competente, a ASL (ente sanit\u00e1rio local) na It\u00e1lia. Saiba mais."},"yoast_head":"<!-- This site is optimized with the Yoast SEO plugin v23.9 - https:\/\/yoast.com\/wordpress\/plugins\/seo\/ -->\n<title>Quem solicita e realiza a inspe\u00e7\u00e3o de dez anos dos equipamentos de eleva\u00e7\u00e3o? | OMIS<\/title>\n<meta name=\"description\" content=\"A inspe\u00e7\u00e3o de dez anos dos equipamentos de eleva\u00e7\u00e3o \u00e9 obrigat\u00f3ria para detectar poss\u00edveis defeitos ap\u00f3s 20 anos. A empresa propriet\u00e1ria deve se candidatar \u00e0 autoridade territorial competente, a ASL (ente sanit\u00e1rio local) na It\u00e1lia. Saiba mais.\" \/>\n<meta name=\"robots\" content=\"index, follow, max-snippet:-1, max-image-preview:large, max-video-preview:-1\" \/>\n<meta property=\"og:locale\" content=\"pt_PT\" \/>\n<meta property=\"og:type\" content=\"article\" \/>\n<meta property=\"og:title\" content=\"Quem solicita e realiza a inspe\u00e7\u00e3o de dez anos dos equipamentos de eleva\u00e7\u00e3o? | OMIS\" \/>\n<meta property=\"og:description\" content=\"A inspe\u00e7\u00e3o de dez anos dos equipamentos de eleva\u00e7\u00e3o \u00e9 obrigat\u00f3ria para detectar poss\u00edveis defeitos ap\u00f3s 20 anos. A empresa propriet\u00e1ria deve se candidatar \u00e0 autoridade territorial competente, a ASL (ente sanit\u00e1rio local) na It\u00e1lia. Saiba mais.\" \/>\n<meta property=\"og:url\" content=\"https:\/\/www.omis.net\/pt-pt\/faq\/quem-deve-solicitar-e-quem-deve-realizar-a-inspecao-decenal-dos-equipamentos-de-elevacao\/\" \/>\n<meta property=\"og:site_name\" content=\"Omis Spa\" \/>\n<meta property=\"article:publisher\" content=\"https:\/\/www.facebook.com\/omisgroup\" \/>\n<meta property=\"article:modified_time\" content=\"2024-11-04T14:46:30+00:00\" \/>\n<meta name=\"twitter:card\" content=\"summary_large_image\" \/>\n<script type=\"application\/ld+json\" class=\"yoast-schema-graph\">{\"@context\":\"https:\/\/schema.org\",\"@graph\":[{\"@type\":[\"WebPage\",\"FAQPage\"],\"@id\":\"https:\/\/www.omis.net\/pt-pt\/faq\/quem-deve-solicitar-e-quem-deve-realizar-a-inspecao-decenal-dos-equipamentos-de-elevacao\/\",\"url\":\"https:\/\/www.omis.net\/pt-pt\/faq\/quem-deve-solicitar-e-quem-deve-realizar-a-inspecao-decenal-dos-equipamentos-de-elevacao\/\",\"name\":\"Quem solicita e realiza a inspe\u00e7\u00e3o de dez anos dos equipamentos de eleva\u00e7\u00e3o? | OMIS\",\"isPartOf\":{\"@id\":\"https:\/\/www.omis.net\/it-it\/#website\"},\"datePublished\":\"2024-11-04T07:58:30+00:00\",\"dateModified\":\"2024-11-04T14:46:30+00:00\",\"description\":\"A inspe\u00e7\u00e3o de dez anos dos equipamentos de eleva\u00e7\u00e3o \u00e9 obrigat\u00f3ria para detectar poss\u00edveis defeitos ap\u00f3s 20 anos. A empresa propriet\u00e1ria deve se candidatar \u00e0 autoridade territorial competente, a ASL (ente sanit\u00e1rio local) na It\u00e1lia. Saiba mais.\",\"breadcrumb\":{\"@id\":\"https:\/\/www.omis.net\/pt-pt\/faq\/quem-deve-solicitar-e-quem-deve-realizar-a-inspecao-decenal-dos-equipamentos-de-elevacao\/#breadcrumb\"},\"inLanguage\":\"pt-pt\",\"potentialAction\":[{\"@type\":\"ReadAction\",\"target\":[\"https:\/\/www.omis.net\/pt-pt\/faq\/quem-deve-solicitar-e-quem-deve-realizar-a-inspecao-decenal-dos-equipamentos-de-elevacao\/\"]}]},{\"@type\":\"BreadcrumbList\",\"@id\":\"https:\/\/www.omis.net\/pt-pt\/faq\/quem-deve-solicitar-e-quem-deve-realizar-a-inspecao-decenal-dos-equipamentos-de-elevacao\/#breadcrumb\",\"itemListElement\":[{\"@type\":\"ListItem\",\"position\":1,\"name\":\"Home\",\"item\":\"https:\/\/www.omis.net\/pt-pt\/pagina-inicial\/\"},{\"@type\":\"ListItem\",\"position\":2,\"name\":\"Quem deve solicitar e quem deve realizar a inspe\u00e7\u00e3o decenal dos equipamentos de eleva\u00e7\u00e3o?\"}]},{\"@type\":\"WebSite\",\"@id\":\"https:\/\/www.omis.net\/it-it\/#website\",\"url\":\"https:\/\/www.omis.net\/it-it\/\",\"name\":\"Omis Spa\",\"description\":\"Movimentazione e sollevamento\",\"publisher\":{\"@id\":\"https:\/\/www.omis.net\/it-it\/#organization\"},\"potentialAction\":[{\"@type\":\"SearchAction\",\"target\":{\"@type\":\"EntryPoint\",\"urlTemplate\":\"https:\/\/www.omis.net\/it-it\/?s={search_term_string}\"},\"query-input\":{\"@type\":\"PropertyValueSpecification\",\"valueRequired\":true,\"valueName\":\"search_term_string\"}}],\"inLanguage\":\"pt-pt\"},{\"@type\":\"Organization\",\"@id\":\"https:\/\/www.omis.net\/it-it\/#organization\",\"name\":\"Omis Spa\",\"url\":\"https:\/\/www.omis.net\/it-it\/\",\"logo\":{\"@type\":\"ImageObject\",\"inLanguage\":\"pt-pt\",\"@id\":\"https:\/\/www.omis.net\/it-it\/#\/schema\/logo\/image\/\",\"url\":\"https:\/\/media.omis.net\/media\/2024\/08\/logo.jpg\",\"contentUrl\":\"https:\/\/media.omis.net\/media\/2024\/08\/logo.jpg\",\"width\":300,\"height\":300,\"caption\":\"Omis Spa\"},\"image\":{\"@id\":\"https:\/\/www.omis.net\/it-it\/#\/schema\/logo\/image\/\"},\"sameAs\":[\"https:\/\/www.facebook.com\/omisgroup\",\"https:\/\/www.linkedin.com\/company\/omis-group\",\"https:\/\/www.youtube.com\/channel\/UCS4L59XDk3kKBI9MnjuxWDw\",\"https:\/\/www.instagram.com\/omisgroup\"]}]}<\/script>\n<!-- \/ Yoast SEO plugin. -->","yoast_head_json":{"title":"Quem solicita e realiza a inspe\u00e7\u00e3o de dez anos dos equipamentos de eleva\u00e7\u00e3o? | OMIS","description":"A inspe\u00e7\u00e3o de dez anos dos equipamentos de eleva\u00e7\u00e3o \u00e9 obrigat\u00f3ria para detectar poss\u00edveis defeitos ap\u00f3s 20 anos. A empresa propriet\u00e1ria deve se candidatar \u00e0 autoridade territorial competente, a ASL (ente sanit\u00e1rio local) na It\u00e1lia. Saiba mais.","robots":{"index":"index","follow":"follow","max-snippet":"max-snippet:-1","max-image-preview":"max-image-preview:large","max-video-preview":"max-video-preview:-1"},"og_locale":"pt_PT","og_type":"article","og_title":"Quem solicita e realiza a inspe\u00e7\u00e3o de dez anos dos equipamentos de eleva\u00e7\u00e3o? | OMIS","og_description":"A inspe\u00e7\u00e3o de dez anos dos equipamentos de eleva\u00e7\u00e3o \u00e9 obrigat\u00f3ria para detectar poss\u00edveis defeitos ap\u00f3s 20 anos. A empresa propriet\u00e1ria deve se candidatar \u00e0 autoridade territorial competente, a ASL (ente sanit\u00e1rio local) na It\u00e1lia. Saiba mais.","og_url":"https:\/\/www.omis.net\/pt-pt\/faq\/quem-deve-solicitar-e-quem-deve-realizar-a-inspecao-decenal-dos-equipamentos-de-elevacao\/","og_site_name":"Omis Spa","article_publisher":"https:\/\/www.facebook.com\/omisgroup","article_modified_time":"2024-11-04T14:46:30+00:00","twitter_card":"summary_large_image","schema":{"@context":"https:\/\/schema.org","@graph":[{"@type":["WebPage","FAQPage"],"@id":"https:\/\/www.omis.net\/pt-pt\/faq\/quem-deve-solicitar-e-quem-deve-realizar-a-inspecao-decenal-dos-equipamentos-de-elevacao\/","url":"https:\/\/www.omis.net\/pt-pt\/faq\/quem-deve-solicitar-e-quem-deve-realizar-a-inspecao-decenal-dos-equipamentos-de-elevacao\/","name":"Quem solicita e realiza a inspe\u00e7\u00e3o de dez anos dos equipamentos de eleva\u00e7\u00e3o? | OMIS","isPartOf":{"@id":"https:\/\/www.omis.net\/it-it\/#website"},"datePublished":"2024-11-04T07:58:30+00:00","dateModified":"2024-11-04T14:46:30+00:00","description":"A inspe\u00e7\u00e3o de dez anos dos equipamentos de eleva\u00e7\u00e3o \u00e9 obrigat\u00f3ria para detectar poss\u00edveis defeitos ap\u00f3s 20 anos. A empresa propriet\u00e1ria deve se candidatar \u00e0 autoridade territorial competente, a ASL (ente sanit\u00e1rio local) na It\u00e1lia. Saiba mais.","breadcrumb":{"@id":"https:\/\/www.omis.net\/pt-pt\/faq\/quem-deve-solicitar-e-quem-deve-realizar-a-inspecao-decenal-dos-equipamentos-de-elevacao\/#breadcrumb"},"inLanguage":"pt-pt","potentialAction":[{"@type":"ReadAction","target":["https:\/\/www.omis.net\/pt-pt\/faq\/quem-deve-solicitar-e-quem-deve-realizar-a-inspecao-decenal-dos-equipamentos-de-elevacao\/"]}]},{"@type":"BreadcrumbList","@id":"https:\/\/www.omis.net\/pt-pt\/faq\/quem-deve-solicitar-e-quem-deve-realizar-a-inspecao-decenal-dos-equipamentos-de-elevacao\/#breadcrumb","itemListElement":[{"@type":"ListItem","position":1,"name":"Home","item":"https:\/\/www.omis.net\/pt-pt\/pagina-inicial\/"},{"@type":"ListItem","position":2,"name":"Quem deve solicitar e quem deve realizar a inspe\u00e7\u00e3o decenal dos equipamentos de eleva\u00e7\u00e3o?"}]},{"@type":"WebSite","@id":"https:\/\/www.omis.net\/it-it\/#website","url":"https:\/\/www.omis.net\/it-it\/","name":"Omis Spa","description":"Movimentazione e sollevamento","publisher":{"@id":"https:\/\/www.omis.net\/it-it\/#organization"},"potentialAction":[{"@type":"SearchAction","target":{"@type":"EntryPoint","urlTemplate":"https:\/\/www.omis.net\/it-it\/?s={search_term_string}"},"query-input":{"@type":"PropertyValueSpecification","valueRequired":true,"valueName":"search_term_string"}}],"inLanguage":"pt-pt"},{"@type":"Organization","@id":"https:\/\/www.omis.net\/it-it\/#organization","name":"Omis Spa","url":"https:\/\/www.omis.net\/it-it\/","logo":{"@type":"ImageObject","inLanguage":"pt-pt","@id":"https:\/\/www.omis.net\/it-it\/#\/schema\/logo\/image\/","url":"https:\/\/media.omis.net\/media\/2024\/08\/logo.jpg","contentUrl":"https:\/\/media.omis.net\/media\/2024\/08\/logo.jpg","width":300,"height":300,"caption":"Omis Spa"},"image":{"@id":"https:\/\/www.omis.net\/it-it\/#\/schema\/logo\/image\/"},"sameAs":["https:\/\/www.facebook.com\/omisgroup","https:\/\/www.linkedin.com\/company\/omis-group","https:\/\/www.youtube.com\/channel\/UCS4L59XDk3kKBI9MnjuxWDw","https:\/\/www.instagram.com\/omisgroup"]}]}},"_links":{"self":[{"href":"https:\/\/www.omis.net\/pt-pt\/wp-json\/wp\/v2\/faq\/5137"}],"collection":[{"href":"https:\/\/www.omis.net\/pt-pt\/wp-json\/wp\/v2\/faq"}],"about":[{"href":"https:\/\/www.omis.net\/pt-pt\/wp-json\/wp\/v2\/types\/faq"}],"wp:attachment":[{"href":"https:\/\/www.omis.net\/pt-pt\/wp-json\/wp\/v2\/media?parent=5137"}],"wp:term":[{"taxonomy":"argomento-faq","embeddable":true,"href":"https:\/\/www.omis.net\/pt-pt\/wp-json\/wp\/v2\/argomento-faq?post=5137"}],"curies":[{"name":"wp","href":"https:\/\/api.w.org\/{rel}","templated":true}]}}