{"id":7313,"date":"2024-12-18T11:01:56","date_gmt":"2024-12-18T10:01:56","guid":{"rendered":"http:\/\/bedrock.local\/product\/c2tz\/"},"modified":"2025-02-03T18:28:59","modified_gmt":"2025-02-03T17:28:59","slug":"potence-sur-colonne-avec-bras-a-ame-pleine-a-tirants-et-socle-mobile","status":"publish","type":"product","link":"https:\/\/www.omis.net\/fr-fr\/produit\/potence-sur-colonne-avec-bras-a-ame-pleine-a-tirants-et-socle-mobile\/","title":{"rendered":"Potence sur colonne avec bras \u00e0 \u00e2me pleine \u00e0 tirants et socle mobile"},"content":{"rendered":"","protected":false},"featured_media":13700,"parent":0,"template":"","caratteristica-prodotto":[],"tipologia-prodotto":[705,711,729],"class_list":["post-7313","product","type-product","status-publish","has-post-thumbnail","hentry","tipologia-prodotto-grues-de-poste-de-travail","tipologia-prodotto-potences","tipologia-prodotto-mobile-fr"],"acf":{"import_csv_id":"34","prodotto_generale_sku":"C2TZ","prodotto_listing_card_descrizione":"La potence mobile \u00e0 tirants est facile \u00e0 manipuler et \u00e0 transporter, con\u00e7ue pour affronter les capacit\u00e9s et les port\u00e9es importantes.","prodotto_listing_card_caratteristiche":null,"prodotto_page_gradient_hero":false,"prodotto_page_titolo_hero":"Mobilit\u00e9 et capacit\u00e9 maximales sans ancrage au sol.","prodotto_page_gallery_hero":[13658,13665],"prodotto_page_descrizione_3_colonne_posizione":false,"prodotto_page_descrizione_3_colonne":[{"valore":"500\u00a0kg","unita_di_misura":"","etichetta":"Capacit\u00e9 maximale"},{"valore":"6\u00a0m","unita_di_misura":"","etichetta":"Port\u00e9e maximale"},{"valore":"270\u00b0","unita_di_misura":"","etichetta":"Rotation"}],"prodotto_page_descrizione_titolo":"Potence sur colonne, bras \u00e0 tirants et socle mobile, 500\u00a0kg max.","prodotto_page_descrizione_3_colonne_testo":"<strong>La potence sur socle mobile permet aux op\u00e9rateurs de la d\u00e9placer \u00e0 l'aide d'un engin de levage appropri\u00e9, \u00e0 de nombreux endroits de l'usine ou du chantier, sans subir la contrainte d'un ancrage permanent au sol.\r\nExtr\u00eamement polyvalente, cette potence allie la facilit\u00e9 de d\u00e9placement et de positionnement dans l'environnement de travail \u00e0 la praticit\u00e9 et \u00e0 l'\u00e9conomie d'utilisation qui constituent la valeur ajout\u00e9e de toute la cat\u00e9gorie.<\/strong>\r\n\r\nLa version de la potence sur colonne avec bras \u00e0 \u00e2me pleine \u00e0 tirants et socle mobile est une solution qui, gr\u00e2ce \u00e0 l'utilisation des tirants, est particuli\u00e8rement adapt\u00e9e \u00e0 des capacit\u00e9s et \u00e0 une port\u00e9e plus \u00e9lev\u00e9es, par rapport \u00e0 la version avec poutre en saillie. Facile \u00e0 installer, elle est utilis\u00e9e pour la manutention de charges l\u00e9g\u00e8res dans une multitude d'applications industrielles, des petits ateliers aux grandes cha\u00eenes d'assemblage et usines de production, en passant par l'industrie alimentaire et les caves \u00e0 vin.","prodotto_page_descrizione_titolo_vantaggi":"Avantages de la potence sur colonne avec bras \u00e0 \u00e2me pleine \u00e0 tirants et socle mobile","prodotto_page_descrizione_vantaggi":[{"titolo":"D\u00e9placement facile","testo":"","link":"","archivio_prodotti":null},{"titolo":"Polyvalence","testo":"","link":"","archivio_prodotti":null},{"titolo":"Facile \u00e0 utiliser","testo":"","link":"","archivio_prodotti":null},{"titolo":"Contr\u00f4le pr\u00e9cis","testo":"","link":"","archivio_prodotti":null},{"titolo":"Productivit\u00e9 et s\u00e9curit\u00e9 accrues","testo":"","link":"","archivio_prodotti":null}],"prodotto_page_tabs_dati_tecnici":[{"etichetta":"Capacit\u00e9","valore":"125\u00a0kg - 500\u00a0kg"},{"etichetta":"Port\u00e9e","valore":"Jusqu'\u00e0 6\u00a0m selon la capacit\u00e9"},{"etichetta":"Profil\u00e9","valore":"Profil\u00e9 avec poutre en double T avec tirants de support"},{"etichetta":"Rotation","valore":"270\u00b0 avec but\u00e9e d'ajustement r\u00e9glable sur site en fonction des encombrements"},{"etichetta":"Socle","valore":"Socle mobile rond en b\u00e9ton ou coffrage en acier rempli de b\u00e9ton"},{"etichetta":"Colonne","valore":"Tube d'acier \u00e0 section circulaire. Il comporte \u00e0 une extr\u00e9mit\u00e9 une plaque de base perfor\u00e9e destin\u00e9e \u00e0 \u00eatre fix\u00e9e \u00e0 la base au moyen de chevilles chimiques ou de tire-fonds et \u00e0 l'autre extr\u00e9mit\u00e9 deux plaques, l'une terminale et l'autre interm\u00e9diaire, destin\u00e9es \u00e0 supporter le bras."},{"etichetta":"Palan","valore":"Palan \u00e9lectrique \u00e0 cha\u00eene ou \u00e0 c\u00e2ble, pour le levage de la charge, \u00e0 une ou deux vitesses de levage, avec chariot de translation \u00e9lectrique ou par pouss\u00e9e."},{"etichetta":"Dispositif de freinage","valore":"Il est constitu\u00e9 d'un embrayage \u00e0 vis r\u00e9glable qui permet d'ajuster l'effort de rotation du bras et d'assurer un positionnement stable."}],"prodotto_page_tabs_optionals":[{"titolo":"Peinture personnalis\u00e9e","testo":"La couleur de la peinture peut \u00eatre personnalis\u00e9e pour r\u00e9pondre \u00e0 des besoins sp\u00e9cifiques, \u00e0 des exigences en mati\u00e8re de design ou de marque.","immagine":null}],"prodotto_page_tabs_downloads":null,"prodotto_page_gallery":[null],"prodotto_page_customer_story_titolo":"","prodotto_page_customer_story_list":null,"prodotto_page_applicazioni_list":"- Agricoltura e Alimentare\r\n- Manifatturiero\r\n- Energetico\r\n- Edile e delle costruzioni\r\n- Tecnologie dell'informazione e ICT\r\n- Trasporti e logistica\r\n- Commercio al dettaglio\r\n- Culturale e dell'intrattenimento\r\n- Ambientale e della sostenibilit\u00e0\r\n- Ricerca e sviluppo\r\n- Arti e Artigianato","prodotto_page_faq_list":null,"prodotto_page_testo_prodotti_correlati":"<h2>Produits connexes<\/h2>\r\nD\u00e9couvrez \u00e9galement ces produits et trouvez d'autres solutions pour votre activit\u00e9.","prodotto_page_lista_prodotti_correlati":"- CZ\r\n- CTZ\r\n- BILIF","prodotto_page_titolo_componenti_3d":"","prodotto_page_immagine_iniziale_componenti_3d":null,"prodotto_page_lista_componenti_3d":null,"prodotto_page_titolo_slider_configurazioni":"Produits et configurations","prodotto_page_lista_immgini_slider_configurazioni":[{"etichetta":"Socle en b\u00e9ton","immagine":13679},{"etichetta":"Vue du haut","immagine":13693},{"etichetta":"Perspective","immagine":13672},{"etichetta":"Socle en acier","immagine":13686}],"prodotto_page_titolo_slider_configurazioni_2":"<h2><\/h2>","prodotto_page_lista_immgini_slider_configurazioni_2":null,"seo_title":"Potence sur socle mobile, capacit\u00e9 500\u00a0kg | OMIS","seo_description":"La potence sur socle mobile peut \u00eatre d\u00e9plac\u00e9e facilement \u00e0 diff\u00e9rents endroits du chantier sans ancrage fixe. Polyvalente et pratique, elle allie facilit\u00e9 de positionnement et \u00e9conomie. La version avec bras \u00e0 \u00e2me pleine et tirants convient aux charges et port\u00e9es importantes. En savoir plus"},"yoast_head":"<!-- This site is optimized with the Yoast SEO plugin v23.9 - https:\/\/yoast.com\/wordpress\/plugins\/seo\/ -->\n<title>Potence sur socle mobile, capacit\u00e9 500\u00a0kg | OMIS<\/title>\n<meta name=\"description\" content=\"La potence sur socle mobile peut \u00eatre d\u00e9plac\u00e9e facilement \u00e0 diff\u00e9rents endroits du chantier sans ancrage fixe. Polyvalente et pratique, elle allie facilit\u00e9 de positionnement et \u00e9conomie. La version avec bras \u00e0 \u00e2me pleine et tirants convient aux charges et port\u00e9es importantes. En savoir plus\" \/>\n<meta name=\"robots\" content=\"index, follow, max-snippet:-1, max-image-preview:large, max-video-preview:-1\" \/>\n<meta property=\"og:locale\" content=\"fr_FR\" \/>\n<meta property=\"og:type\" content=\"article\" \/>\n<meta property=\"og:title\" content=\"Potence sur socle mobile, capacit\u00e9 500\u00a0kg | OMIS\" \/>\n<meta property=\"og:description\" content=\"La potence sur socle mobile peut \u00eatre d\u00e9plac\u00e9e facilement \u00e0 diff\u00e9rents endroits du chantier sans ancrage fixe. Polyvalente et pratique, elle allie facilit\u00e9 de positionnement et \u00e9conomie. La version avec bras \u00e0 \u00e2me pleine et tirants convient aux charges et port\u00e9es importantes. En savoir plus\" \/>\n<meta property=\"og:url\" content=\"https:\/\/www.omis.net\/fr-fr\/produit\/potence-sur-colonne-avec-bras-a-ame-pleine-a-tirants-et-socle-mobile\/\" \/>\n<meta property=\"og:site_name\" content=\"Omis Spa\" \/>\n<meta property=\"article:publisher\" content=\"https:\/\/www.facebook.com\/omisgroup\" \/>\n<meta property=\"article:modified_time\" content=\"2025-02-03T17:28:59+00:00\" \/>\n<meta property=\"og:image\" content=\"https:\/\/media.omis.net\/media\/2024\/12\/profile-c2tzjib-crane-c2tz-250kg-front-header-3d-omis-scaled.webp\" \/>\n\t<meta property=\"og:image:width\" content=\"2560\" \/>\n\t<meta property=\"og:image:height\" content=\"1440\" \/>\n\t<meta property=\"og:image:type\" content=\"image\/webp\" \/>\n<meta name=\"twitter:card\" content=\"summary_large_image\" \/>\n<meta name=\"twitter:label1\" content=\"Est. reading time\" \/>\n\t<meta name=\"twitter:data1\" content=\"1 minute\" \/>\n<script type=\"application\/ld+json\" class=\"yoast-schema-graph\">{\"@context\":\"https:\/\/schema.org\",\"@graph\":[{\"@type\":\"WebPage\",\"@id\":\"https:\/\/www.omis.net\/fr-fr\/produit\/potence-sur-colonne-avec-bras-a-ame-pleine-a-tirants-et-socle-mobile\/\",\"url\":\"https:\/\/www.omis.net\/fr-fr\/produit\/potence-sur-colonne-avec-bras-a-ame-pleine-a-tirants-et-socle-mobile\/\",\"name\":\"Potence sur socle mobile, capacit\u00e9 500\u00a0kg | OMIS\",\"isPartOf\":{\"@id\":\"https:\/\/www.omis.net\/it-it\/#website\"},\"primaryImageOfPage\":{\"@id\":\"https:\/\/www.omis.net\/fr-fr\/produit\/potence-sur-colonne-avec-bras-a-ame-pleine-a-tirants-et-socle-mobile\/#primaryimage\"},\"image\":{\"@id\":\"https:\/\/www.omis.net\/fr-fr\/produit\/potence-sur-colonne-avec-bras-a-ame-pleine-a-tirants-et-socle-mobile\/#primaryimage\"},\"thumbnailUrl\":\"https:\/\/media.omis.net\/media\/2024\/12\/profile-c2tzjib-crane-c2tz-250kg-front-header-3d-omis-scaled.webp\",\"datePublished\":\"2024-12-18T10:01:56+00:00\",\"dateModified\":\"2025-02-03T17:28:59+00:00\",\"description\":\"La potence sur socle mobile peut \u00eatre d\u00e9plac\u00e9e facilement \u00e0 diff\u00e9rents endroits du chantier sans ancrage fixe. Polyvalente et pratique, elle allie facilit\u00e9 de positionnement et \u00e9conomie. La version avec bras \u00e0 \u00e2me pleine et tirants convient aux charges et port\u00e9es importantes. En savoir plus\",\"breadcrumb\":{\"@id\":\"https:\/\/www.omis.net\/fr-fr\/produit\/potence-sur-colonne-avec-bras-a-ame-pleine-a-tirants-et-socle-mobile\/#breadcrumb\"},\"inLanguage\":\"fr-fr\",\"potentialAction\":[{\"@type\":\"ReadAction\",\"target\":[\"https:\/\/www.omis.net\/fr-fr\/produit\/potence-sur-colonne-avec-bras-a-ame-pleine-a-tirants-et-socle-mobile\/\"]}]},{\"@type\":\"ImageObject\",\"inLanguage\":\"fr-fr\",\"@id\":\"https:\/\/www.omis.net\/fr-fr\/produit\/potence-sur-colonne-avec-bras-a-ame-pleine-a-tirants-et-socle-mobile\/#primaryimage\",\"url\":\"https:\/\/media.omis.net\/media\/2024\/12\/profile-c2tzjib-crane-c2tz-250kg-front-header-3d-omis-scaled.webp\",\"contentUrl\":\"https:\/\/media.omis.net\/media\/2024\/12\/profile-c2tzjib-crane-c2tz-250kg-front-header-3d-omis-scaled.webp\",\"width\":2560,\"height\":1440,\"caption\":\"header - Profile c2tzjib crane c2tz 250kg front header 3d Omis\"},{\"@type\":\"BreadcrumbList\",\"@id\":\"https:\/\/www.omis.net\/fr-fr\/produit\/potence-sur-colonne-avec-bras-a-ame-pleine-a-tirants-et-socle-mobile\/#breadcrumb\",\"itemListElement\":[{\"@type\":\"ListItem\",\"position\":1,\"name\":\"Home\",\"item\":\"https:\/\/www.omis.net\/fr-fr\/\"},{\"@type\":\"ListItem\",\"position\":2,\"name\":\"Potence sur colonne avec bras \u00e0 \u00e2me pleine \u00e0 tirants et socle mobile\"}]},{\"@type\":\"WebSite\",\"@id\":\"https:\/\/www.omis.net\/it-it\/#website\",\"url\":\"https:\/\/www.omis.net\/it-it\/\",\"name\":\"Omis Spa\",\"description\":\"Movimentazione e sollevamento\",\"publisher\":{\"@id\":\"https:\/\/www.omis.net\/it-it\/#organization\"},\"potentialAction\":[{\"@type\":\"SearchAction\",\"target\":{\"@type\":\"EntryPoint\",\"urlTemplate\":\"https:\/\/www.omis.net\/it-it\/?s={search_term_string}\"},\"query-input\":{\"@type\":\"PropertyValueSpecification\",\"valueRequired\":true,\"valueName\":\"search_term_string\"}}],\"inLanguage\":\"fr-fr\"},{\"@type\":\"Organization\",\"@id\":\"https:\/\/www.omis.net\/it-it\/#organization\",\"name\":\"Omis Spa\",\"url\":\"https:\/\/www.omis.net\/it-it\/\",\"logo\":{\"@type\":\"ImageObject\",\"inLanguage\":\"fr-fr\",\"@id\":\"https:\/\/www.omis.net\/it-it\/#\/schema\/logo\/image\/\",\"url\":\"https:\/\/media.omis.net\/media\/2024\/08\/logo.jpg\",\"contentUrl\":\"https:\/\/media.omis.net\/media\/2024\/08\/logo.jpg\",\"width\":300,\"height\":300,\"caption\":\"Omis Spa\"},\"image\":{\"@id\":\"https:\/\/www.omis.net\/it-it\/#\/schema\/logo\/image\/\"},\"sameAs\":[\"https:\/\/www.facebook.com\/omisgroup\",\"https:\/\/www.linkedin.com\/company\/omis-group\",\"https:\/\/www.youtube.com\/channel\/UCS4L59XDk3kKBI9MnjuxWDw\",\"https:\/\/www.instagram.com\/omisgroup\"]}]}<\/script>\n<!-- \/ Yoast SEO plugin. -->","yoast_head_json":{"title":"Potence sur socle mobile, capacit\u00e9 500\u00a0kg | OMIS","description":"La potence sur socle mobile peut \u00eatre d\u00e9plac\u00e9e facilement \u00e0 diff\u00e9rents endroits du chantier sans ancrage fixe. Polyvalente et pratique, elle allie facilit\u00e9 de positionnement et \u00e9conomie. La version avec bras \u00e0 \u00e2me pleine et tirants convient aux charges et port\u00e9es importantes. En savoir plus","robots":{"index":"index","follow":"follow","max-snippet":"max-snippet:-1","max-image-preview":"max-image-preview:large","max-video-preview":"max-video-preview:-1"},"og_locale":"fr_FR","og_type":"article","og_title":"Potence sur socle mobile, capacit\u00e9 500\u00a0kg | OMIS","og_description":"La potence sur socle mobile peut \u00eatre d\u00e9plac\u00e9e facilement \u00e0 diff\u00e9rents endroits du chantier sans ancrage fixe. Polyvalente et pratique, elle allie facilit\u00e9 de positionnement et \u00e9conomie. La version avec bras \u00e0 \u00e2me pleine et tirants convient aux charges et port\u00e9es importantes. En savoir plus","og_url":"https:\/\/www.omis.net\/fr-fr\/produit\/potence-sur-colonne-avec-bras-a-ame-pleine-a-tirants-et-socle-mobile\/","og_site_name":"Omis Spa","article_publisher":"https:\/\/www.facebook.com\/omisgroup","article_modified_time":"2025-02-03T17:28:59+00:00","og_image":[{"width":2560,"height":1440,"url":"https:\/\/media.omis.net\/media\/2024\/12\/profile-c2tzjib-crane-c2tz-250kg-front-header-3d-omis-scaled.webp","type":"image\/webp"}],"twitter_card":"summary_large_image","twitter_misc":{"Est. reading time":"1 minute"},"schema":{"@context":"https:\/\/schema.org","@graph":[{"@type":"WebPage","@id":"https:\/\/www.omis.net\/fr-fr\/produit\/potence-sur-colonne-avec-bras-a-ame-pleine-a-tirants-et-socle-mobile\/","url":"https:\/\/www.omis.net\/fr-fr\/produit\/potence-sur-colonne-avec-bras-a-ame-pleine-a-tirants-et-socle-mobile\/","name":"Potence sur socle mobile, capacit\u00e9 500\u00a0kg | OMIS","isPartOf":{"@id":"https:\/\/www.omis.net\/it-it\/#website"},"primaryImageOfPage":{"@id":"https:\/\/www.omis.net\/fr-fr\/produit\/potence-sur-colonne-avec-bras-a-ame-pleine-a-tirants-et-socle-mobile\/#primaryimage"},"image":{"@id":"https:\/\/www.omis.net\/fr-fr\/produit\/potence-sur-colonne-avec-bras-a-ame-pleine-a-tirants-et-socle-mobile\/#primaryimage"},"thumbnailUrl":"https:\/\/media.omis.net\/media\/2024\/12\/profile-c2tzjib-crane-c2tz-250kg-front-header-3d-omis-scaled.webp","datePublished":"2024-12-18T10:01:56+00:00","dateModified":"2025-02-03T17:28:59+00:00","description":"La potence sur socle mobile peut \u00eatre d\u00e9plac\u00e9e facilement \u00e0 diff\u00e9rents endroits du chantier sans ancrage fixe. Polyvalente et pratique, elle allie facilit\u00e9 de positionnement et \u00e9conomie. La version avec bras \u00e0 \u00e2me pleine et tirants convient aux charges et port\u00e9es importantes. En savoir plus","breadcrumb":{"@id":"https:\/\/www.omis.net\/fr-fr\/produit\/potence-sur-colonne-avec-bras-a-ame-pleine-a-tirants-et-socle-mobile\/#breadcrumb"},"inLanguage":"fr-fr","potentialAction":[{"@type":"ReadAction","target":["https:\/\/www.omis.net\/fr-fr\/produit\/potence-sur-colonne-avec-bras-a-ame-pleine-a-tirants-et-socle-mobile\/"]}]},{"@type":"ImageObject","inLanguage":"fr-fr","@id":"https:\/\/www.omis.net\/fr-fr\/produit\/potence-sur-colonne-avec-bras-a-ame-pleine-a-tirants-et-socle-mobile\/#primaryimage","url":"https:\/\/media.omis.net\/media\/2024\/12\/profile-c2tzjib-crane-c2tz-250kg-front-header-3d-omis-scaled.webp","contentUrl":"https:\/\/media.omis.net\/media\/2024\/12\/profile-c2tzjib-crane-c2tz-250kg-front-header-3d-omis-scaled.webp","width":2560,"height":1440,"caption":"header - Profile c2tzjib crane c2tz 250kg front header 3d Omis"},{"@type":"BreadcrumbList","@id":"https:\/\/www.omis.net\/fr-fr\/produit\/potence-sur-colonne-avec-bras-a-ame-pleine-a-tirants-et-socle-mobile\/#breadcrumb","itemListElement":[{"@type":"ListItem","position":1,"name":"Home","item":"https:\/\/www.omis.net\/fr-fr\/"},{"@type":"ListItem","position":2,"name":"Potence sur colonne avec bras \u00e0 \u00e2me pleine \u00e0 tirants et socle mobile"}]},{"@type":"WebSite","@id":"https:\/\/www.omis.net\/it-it\/#website","url":"https:\/\/www.omis.net\/it-it\/","name":"Omis Spa","description":"Movimentazione e sollevamento","publisher":{"@id":"https:\/\/www.omis.net\/it-it\/#organization"},"potentialAction":[{"@type":"SearchAction","target":{"@type":"EntryPoint","urlTemplate":"https:\/\/www.omis.net\/it-it\/?s={search_term_string}"},"query-input":{"@type":"PropertyValueSpecification","valueRequired":true,"valueName":"search_term_string"}}],"inLanguage":"fr-fr"},{"@type":"Organization","@id":"https:\/\/www.omis.net\/it-it\/#organization","name":"Omis Spa","url":"https:\/\/www.omis.net\/it-it\/","logo":{"@type":"ImageObject","inLanguage":"fr-fr","@id":"https:\/\/www.omis.net\/it-it\/#\/schema\/logo\/image\/","url":"https:\/\/media.omis.net\/media\/2024\/08\/logo.jpg","contentUrl":"https:\/\/media.omis.net\/media\/2024\/08\/logo.jpg","width":300,"height":300,"caption":"Omis Spa"},"image":{"@id":"https:\/\/www.omis.net\/it-it\/#\/schema\/logo\/image\/"},"sameAs":["https:\/\/www.facebook.com\/omisgroup","https:\/\/www.linkedin.com\/company\/omis-group","https:\/\/www.youtube.com\/channel\/UCS4L59XDk3kKBI9MnjuxWDw","https:\/\/www.instagram.com\/omisgroup"]}]}},"_links":{"self":[{"href":"https:\/\/www.omis.net\/fr-fr\/wp-json\/wp\/v2\/product\/7313"}],"collection":[{"href":"https:\/\/www.omis.net\/fr-fr\/wp-json\/wp\/v2\/product"}],"about":[{"href":"https:\/\/www.omis.net\/fr-fr\/wp-json\/wp\/v2\/types\/product"}],"acf:attachment":[{"embeddable":true,"href":"https:\/\/www.omis.net\/fr-fr\/wp-json\/wp\/v2\/media\/"},{"embeddable":true,"href":"https:\/\/www.omis.net\/fr-fr\/wp-json\/wp\/v2\/media\/13665"},{"embeddable":true,"href":"https:\/\/www.omis.net\/fr-fr\/wp-json\/wp\/v2\/media\/13658"}],"wp:featuredmedia":[{"embeddable":true,"href":"https:\/\/www.omis.net\/fr-fr\/wp-json\/wp\/v2\/media\/13700"}],"wp:attachment":[{"href":"https:\/\/www.omis.net\/fr-fr\/wp-json\/wp\/v2\/media?parent=7313"}],"wp:term":[{"taxonomy":"caratteristica-prodotto","embeddable":true,"href":"https:\/\/www.omis.net\/fr-fr\/wp-json\/wp\/v2\/caratteristica-prodotto?post=7313"},{"taxonomy":"tipologia-prodotto","embeddable":true,"href":"https:\/\/www.omis.net\/fr-fr\/wp-json\/wp\/v2\/tipologia-prodotto?post=7313"}],"curies":[{"name":"wp","href":"https:\/\/api.w.org\/{rel}","templated":true}]}}