{"id":7308,"date":"2024-12-18T11:00:08","date_gmt":"2024-12-18T10:00:08","guid":{"rendered":"http:\/\/bedrock.local\/product\/ms\/"},"modified":"2025-02-03T19:09:16","modified_gmt":"2025-02-03T18:09:16","slug":"potence-murale-avec-bras-articule","status":"publish","type":"product","link":"https:\/\/www.omis.net\/fr-fr\/produit\/potence-murale-avec-bras-articule\/","title":{"rendered":"Potence murale avec bras articul\u00e9"},"content":{"rendered":"","protected":false},"featured_media":13502,"parent":0,"template":"","caratteristica-prodotto":[1007],"tipologia-prodotto":[705,711,723],"class_list":["post-7308","product","type-product","status-publish","has-post-thumbnail","hentry","caratteristica-prodotto-rotation-manuelle","tipologia-prodotto-grues-de-poste-de-travail","tipologia-prodotto-potences","tipologia-prodotto-murale"],"acf":{"import_csv_id":"28","prodotto_generale_sku":"MS","prodotto_listing_card_descrizione":"La potence murale \u00e0 bras articul\u00e9 permet d'acc\u00e9der \u00e0 des parties de la zone de travail inaccessibles en raison d'obstacles, en surmontant les limites des bras rigides traditionnels.","prodotto_listing_card_caratteristiche":null,"prodotto_page_gradient_hero":false,"prodotto_page_titolo_hero":"Pr\u00e9cision et polyvalence accrues.","prodotto_page_gallery_hero":[13446,13453],"prodotto_page_descrizione_3_colonne_posizione":false,"prodotto_page_descrizione_3_colonne":[{"valore":"1\u00a0000\u00a0kg","unita_di_misura":"","etichetta":"Capacit\u00e9 maximale"},{"valore":"4","unita_di_misura":"+","etichetta":"Port\u00e9e maximale"},{"valore":"270\u00b0","unita_di_misura":"","etichetta":"Rotation"}],"prodotto_page_descrizione_titolo":"Potence murale avec bras articul\u00e9, capacit\u00e9 jusqu'\u00e0 1\u00a0000\u00a0kg","prodotto_page_descrizione_3_colonne_testo":"<strong>Les grue v\u00e9locip\u00e8de \u00e0 bras articul\u00e9 permettent d'acc\u00e9der \u00e0 des parties de la zone de travail inaccessibles en raison d'obstacles, gr\u00e2ce \u00e0 la flexibilit\u00e9 de leur bras articul\u00e9. Ce dernier est constitu\u00e9 de deux segments pivotant sur des roulements qui peuvent tourner ind\u00e9pendamment l'un de l'autre. Sans tirants au-dessus du bras, la hauteur maximale disponible peut \u00eatre utilis\u00e9e.<\/strong>\r\n\r\nLe palan est g\u00e9n\u00e9ralement fix\u00e9 \u00e0 l'extr\u00e9mit\u00e9 du bras, mais il peut \u00eatre mont\u00e9 sur un chariot sur demande. Ce type de potence est la solution la plus pratique et la plus \u00e9conomique pour rendre autonome une zone de travail qui n\u00e9cessiterait autrement l'utilisation de ponts roulants ou de chariots \u00e9l\u00e9vateurs. En outre, elle r\u00e9sout efficacement le probl\u00e8me de la manutention de charges dans des espaces restreints, o\u00f9 d'autres moyens de levage ne seraient pas adapt\u00e9s. Des potences plus grandes peuvent \u00eatre obtenues sur demande. Cette solution pratique et \u00e9conomique est id\u00e9ale pour la manutention manuelle des charges sur des lieux de travail qui ne permettent pas l\u2019utilisation de la colonne, mais qui se basent sur un pilier porteur pour la fixation du bras avec un syst\u00e8me d'\u00e9triers et de tirants.","prodotto_page_descrizione_titolo_vantaggi":"Avantages de la potence murale avec bras \u00e0 \u00e2me pleine en saillie","prodotto_page_descrizione_vantaggi":[{"titolo":"Bras avec segments \u00e0 rotation ind\u00e9pendante","testo":"","link":"","archivio_prodotti":null},{"titolo":"Utilisation maximale de l'espace disponible","testo":"","link":"","archivio_prodotti":null},{"titolo":"Facile \u00e0 utiliser","testo":"","link":"","archivio_prodotti":null},{"titolo":"Polyvalence","testo":"","link":"","archivio_prodotti":null},{"titolo":"Encombrement r\u00e9duit","testo":"","link":"","archivio_prodotti":null},{"titolo":"Productivit\u00e9 et s\u00e9curit\u00e9 accrues","testo":"","link":"","archivio_prodotti":null}],"prodotto_page_tabs_dati_tecnici":[{"etichetta":"Capacit\u00e9","valore":"125\u00a0kg - 1\u00a0000\u00a0kg"},{"etichetta":"Port\u00e9es","valore":"Jusqu'\u00e0 4 + 4\u00a0m selon la capacit\u00e9"},{"etichetta":"Profil\u00e9s","valore":"Le premier derri\u00e8re la colonne est fait d'un profil\u00e9 tubulaire, le second d'une poutre en double T"},{"etichetta":"Rotation","valore":"240\u00b0 le premier segment du bras derri\u00e8re la colonne - 300\u00b0 le second bras"},{"etichetta":"Rotation","valore":"Manuelle"},{"etichetta":"Console","valore":"La console de support, les tirants et les contre-brides sont r\u00e9alis\u00e9s selon les dimensions du pilier demand\u00e9es."},{"etichetta":"Palan","valore":"Palan \u00e9lectrique \u00e0 cha\u00eene, mont\u00e9 de fa\u00e7on fixe \u00e0 l'extr\u00e9mit\u00e9 du bras, pour soulever la charge \u00e0 une ou deux vitesses de levage. Sur demande, il peut \u00eatre \u00e9quip\u00e9 d'un chariot de translation \u00e9lectrique ou par pouss\u00e9e."},{"etichetta":"Dispositif de freinage","valore":"Il est constitu\u00e9 d'un embrayage \u00e0 vis r\u00e9glable qui permet d'ajuster l'effort de rotation du bras et d'assurer un positionnement stable."}],"prodotto_page_tabs_optionals":[{"titolo":"Peinture personnalis\u00e9e","testo":"La couleur de la peinture peut \u00eatre personnalis\u00e9e pour r\u00e9pondre \u00e0 des besoins sp\u00e9cifiques, \u00e0 des exigences en mati\u00e8re de design ou de marque.","immagine":null}],"prodotto_page_tabs_downloads":null,"prodotto_page_gallery":[null],"prodotto_page_customer_story_titolo":"","prodotto_page_customer_story_list":null,"prodotto_page_applicazioni_list":"- Agricoltura e Alimentare\r\n- Manifatturiero\r\n- Energetico\r\n- Edile e delle costruzioni\r\n- Tecnologie dell'informazione e ICT\r\n- Trasporti e logistica\r\n- Commercio al dettaglio\r\n- Culturale e dell'intrattenimento\r\n- Ambientale e della sostenibilit\u00e0\r\n- Ricerca e sviluppo\r\n- Arti e Artigianato","prodotto_page_faq_list":null,"prodotto_page_testo_prodotti_correlati":"<h2>Produits connexes<\/h2>\r\nD\u00e9couvrez \u00e9galement ces produits et trouvez d'autres solutions pour votre activit\u00e9.","prodotto_page_lista_prodotti_correlati":"- M\r\n- MT\r\n- M2T","prodotto_page_titolo_componenti_3d":"","prodotto_page_immagine_iniziale_componenti_3d":null,"prodotto_page_lista_componenti_3d":null,"prodotto_page_titolo_slider_configurazioni":"Produits et configurations","prodotto_page_lista_immgini_slider_configurazioni":[{"etichetta":"Fixation large","immagine":13474},{"etichetta":"Vue du haut","immagine":13481},{"etichetta":"Perspective","immagine":13467},{"etichetta":"Double bras","immagine":13495},{"etichetta":"Fixation \u00e9troite","immagine":13460},{"etichetta":"Double bras","immagine":13488}],"prodotto_page_titolo_slider_configurazioni_2":"<h2><\/h2>","prodotto_page_lista_immgini_slider_configurazioni_2":null,"seo_title":"Potence murale avec bras articul\u00e9, capacit\u00e9 de 1\u00a0000\u00a0kg | OMIS","seo_description":"Les grue v\u00e9locip\u00e8de \u00e0 bras articul\u00e9 acc\u00e8dent aux endroits difficiles gr\u00e2ce \u00e0 leurs segments pivotants sur roulements. Sans tirants, elles utilisent la hauteur maximale disponible. Le palan peut \u00eatre fix\u00e9 \u00e0 l'extr\u00e9mit\u00e9 ou sur un chariot. Ces potences offrent une solution pour les espaces restreints et peuvent \u00eatre personnalis\u00e9es. En savoir plus"},"yoast_head":"<!-- This site is optimized with the Yoast SEO plugin v23.9 - https:\/\/yoast.com\/wordpress\/plugins\/seo\/ -->\n<title>Potence murale avec bras articul\u00e9, capacit\u00e9 de 1\u00a0000\u00a0kg | OMIS<\/title>\n<meta name=\"description\" content=\"Les grue v\u00e9locip\u00e8de \u00e0 bras articul\u00e9 acc\u00e8dent aux endroits difficiles gr\u00e2ce \u00e0 leurs segments pivotants sur roulements. Sans tirants, elles utilisent la hauteur maximale disponible. Le palan peut \u00eatre fix\u00e9 \u00e0 l&#039;extr\u00e9mit\u00e9 ou sur un chariot. Ces potences offrent une solution pour les espaces restreints et peuvent \u00eatre personnalis\u00e9es. En savoir plus\" \/>\n<meta name=\"robots\" content=\"index, follow, max-snippet:-1, max-image-preview:large, max-video-preview:-1\" \/>\n<meta property=\"og:locale\" content=\"fr_FR\" \/>\n<meta property=\"og:type\" content=\"article\" \/>\n<meta property=\"og:title\" content=\"Potence murale avec bras articul\u00e9, capacit\u00e9 de 1\u00a0000\u00a0kg | OMIS\" \/>\n<meta property=\"og:description\" content=\"Les grue v\u00e9locip\u00e8de \u00e0 bras articul\u00e9 acc\u00e8dent aux endroits difficiles gr\u00e2ce \u00e0 leurs segments pivotants sur roulements. Sans tirants, elles utilisent la hauteur maximale disponible. Le palan peut \u00eatre fix\u00e9 \u00e0 l&#039;extr\u00e9mit\u00e9 ou sur un chariot. Ces potences offrent une solution pour les espaces restreints et peuvent \u00eatre personnalis\u00e9es. En savoir plus\" \/>\n<meta property=\"og:url\" content=\"https:\/\/www.omis.net\/fr-fr\/produit\/potence-murale-avec-bras-articule\/\" \/>\n<meta property=\"og:site_name\" content=\"Omis Spa\" \/>\n<meta property=\"article:publisher\" content=\"https:\/\/www.facebook.com\/omisgroup\" \/>\n<meta property=\"article:modified_time\" content=\"2025-02-03T18:09:16+00:00\" \/>\n<meta property=\"og:image\" content=\"https:\/\/media.omis.net\/media\/2024\/12\/Profile-ms-jib-crane-ms-500kg-front-3d-omis-scaled.webp\" \/>\n\t<meta property=\"og:image:width\" content=\"2560\" \/>\n\t<meta property=\"og:image:height\" content=\"1440\" \/>\n\t<meta property=\"og:image:type\" content=\"image\/webp\" \/>\n<meta name=\"twitter:card\" content=\"summary_large_image\" \/>\n<meta name=\"twitter:label1\" content=\"Est. reading time\" \/>\n\t<meta name=\"twitter:data1\" content=\"1 minute\" \/>\n<script type=\"application\/ld+json\" class=\"yoast-schema-graph\">{\"@context\":\"https:\/\/schema.org\",\"@graph\":[{\"@type\":\"WebPage\",\"@id\":\"https:\/\/www.omis.net\/fr-fr\/produit\/potence-murale-avec-bras-articule\/\",\"url\":\"https:\/\/www.omis.net\/fr-fr\/produit\/potence-murale-avec-bras-articule\/\",\"name\":\"Potence murale avec bras articul\u00e9, capacit\u00e9 de 1\u00a0000\u00a0kg | OMIS\",\"isPartOf\":{\"@id\":\"https:\/\/www.omis.net\/it-it\/#website\"},\"primaryImageOfPage\":{\"@id\":\"https:\/\/www.omis.net\/fr-fr\/produit\/potence-murale-avec-bras-articule\/#primaryimage\"},\"image\":{\"@id\":\"https:\/\/www.omis.net\/fr-fr\/produit\/potence-murale-avec-bras-articule\/#primaryimage\"},\"thumbnailUrl\":\"https:\/\/media.omis.net\/media\/2024\/12\/Profile-ms-jib-crane-ms-500kg-front-3d-omis-scaled.webp\",\"datePublished\":\"2024-12-18T10:00:08+00:00\",\"dateModified\":\"2025-02-03T18:09:16+00:00\",\"description\":\"Les grue v\u00e9locip\u00e8de \u00e0 bras articul\u00e9 acc\u00e8dent aux endroits difficiles gr\u00e2ce \u00e0 leurs segments pivotants sur roulements. Sans tirants, elles utilisent la hauteur maximale disponible. Le palan peut \u00eatre fix\u00e9 \u00e0 l'extr\u00e9mit\u00e9 ou sur un chariot. Ces potences offrent une solution pour les espaces restreints et peuvent \u00eatre personnalis\u00e9es. En savoir plus\",\"breadcrumb\":{\"@id\":\"https:\/\/www.omis.net\/fr-fr\/produit\/potence-murale-avec-bras-articule\/#breadcrumb\"},\"inLanguage\":\"fr-fr\",\"potentialAction\":[{\"@type\":\"ReadAction\",\"target\":[\"https:\/\/www.omis.net\/fr-fr\/produit\/potence-murale-avec-bras-articule\/\"]}]},{\"@type\":\"ImageObject\",\"inLanguage\":\"fr-fr\",\"@id\":\"https:\/\/www.omis.net\/fr-fr\/produit\/potence-murale-avec-bras-articule\/#primaryimage\",\"url\":\"https:\/\/media.omis.net\/media\/2024\/12\/Profile-ms-jib-crane-ms-500kg-front-3d-omis-scaled.webp\",\"contentUrl\":\"https:\/\/media.omis.net\/media\/2024\/12\/Profile-ms-jib-crane-ms-500kg-front-3d-omis-scaled.webp\",\"width\":2560,\"height\":1440,\"caption\":\"products and configurations - Profile ms jib crane ms 500kg front 3d Omis\"},{\"@type\":\"BreadcrumbList\",\"@id\":\"https:\/\/www.omis.net\/fr-fr\/produit\/potence-murale-avec-bras-articule\/#breadcrumb\",\"itemListElement\":[{\"@type\":\"ListItem\",\"position\":1,\"name\":\"Home\",\"item\":\"https:\/\/www.omis.net\/fr-fr\/\"},{\"@type\":\"ListItem\",\"position\":2,\"name\":\"Potence murale avec bras articul\u00e9\"}]},{\"@type\":\"WebSite\",\"@id\":\"https:\/\/www.omis.net\/it-it\/#website\",\"url\":\"https:\/\/www.omis.net\/it-it\/\",\"name\":\"Omis Spa\",\"description\":\"Movimentazione e sollevamento\",\"publisher\":{\"@id\":\"https:\/\/www.omis.net\/it-it\/#organization\"},\"potentialAction\":[{\"@type\":\"SearchAction\",\"target\":{\"@type\":\"EntryPoint\",\"urlTemplate\":\"https:\/\/www.omis.net\/it-it\/?s={search_term_string}\"},\"query-input\":{\"@type\":\"PropertyValueSpecification\",\"valueRequired\":true,\"valueName\":\"search_term_string\"}}],\"inLanguage\":\"fr-fr\"},{\"@type\":\"Organization\",\"@id\":\"https:\/\/www.omis.net\/it-it\/#organization\",\"name\":\"Omis Spa\",\"url\":\"https:\/\/www.omis.net\/it-it\/\",\"logo\":{\"@type\":\"ImageObject\",\"inLanguage\":\"fr-fr\",\"@id\":\"https:\/\/www.omis.net\/it-it\/#\/schema\/logo\/image\/\",\"url\":\"https:\/\/media.omis.net\/media\/2024\/08\/logo.jpg\",\"contentUrl\":\"https:\/\/media.omis.net\/media\/2024\/08\/logo.jpg\",\"width\":300,\"height\":300,\"caption\":\"Omis Spa\"},\"image\":{\"@id\":\"https:\/\/www.omis.net\/it-it\/#\/schema\/logo\/image\/\"},\"sameAs\":[\"https:\/\/www.facebook.com\/omisgroup\",\"https:\/\/www.linkedin.com\/company\/omis-group\",\"https:\/\/www.youtube.com\/channel\/UCS4L59XDk3kKBI9MnjuxWDw\",\"https:\/\/www.instagram.com\/omisgroup\"]}]}<\/script>\n<!-- \/ Yoast SEO plugin. -->","yoast_head_json":{"title":"Potence murale avec bras articul\u00e9, capacit\u00e9 de 1\u00a0000\u00a0kg | OMIS","description":"Les grue v\u00e9locip\u00e8de \u00e0 bras articul\u00e9 acc\u00e8dent aux endroits difficiles gr\u00e2ce \u00e0 leurs segments pivotants sur roulements. Sans tirants, elles utilisent la hauteur maximale disponible. Le palan peut \u00eatre fix\u00e9 \u00e0 l'extr\u00e9mit\u00e9 ou sur un chariot. Ces potences offrent une solution pour les espaces restreints et peuvent \u00eatre personnalis\u00e9es. En savoir plus","robots":{"index":"index","follow":"follow","max-snippet":"max-snippet:-1","max-image-preview":"max-image-preview:large","max-video-preview":"max-video-preview:-1"},"og_locale":"fr_FR","og_type":"article","og_title":"Potence murale avec bras articul\u00e9, capacit\u00e9 de 1\u00a0000\u00a0kg | OMIS","og_description":"Les grue v\u00e9locip\u00e8de \u00e0 bras articul\u00e9 acc\u00e8dent aux endroits difficiles gr\u00e2ce \u00e0 leurs segments pivotants sur roulements. Sans tirants, elles utilisent la hauteur maximale disponible. Le palan peut \u00eatre fix\u00e9 \u00e0 l'extr\u00e9mit\u00e9 ou sur un chariot. Ces potences offrent une solution pour les espaces restreints et peuvent \u00eatre personnalis\u00e9es. En savoir plus","og_url":"https:\/\/www.omis.net\/fr-fr\/produit\/potence-murale-avec-bras-articule\/","og_site_name":"Omis Spa","article_publisher":"https:\/\/www.facebook.com\/omisgroup","article_modified_time":"2025-02-03T18:09:16+00:00","og_image":[{"width":2560,"height":1440,"url":"https:\/\/media.omis.net\/media\/2024\/12\/Profile-ms-jib-crane-ms-500kg-front-3d-omis-scaled.webp","type":"image\/webp"}],"twitter_card":"summary_large_image","twitter_misc":{"Est. reading time":"1 minute"},"schema":{"@context":"https:\/\/schema.org","@graph":[{"@type":"WebPage","@id":"https:\/\/www.omis.net\/fr-fr\/produit\/potence-murale-avec-bras-articule\/","url":"https:\/\/www.omis.net\/fr-fr\/produit\/potence-murale-avec-bras-articule\/","name":"Potence murale avec bras articul\u00e9, capacit\u00e9 de 1\u00a0000\u00a0kg | OMIS","isPartOf":{"@id":"https:\/\/www.omis.net\/it-it\/#website"},"primaryImageOfPage":{"@id":"https:\/\/www.omis.net\/fr-fr\/produit\/potence-murale-avec-bras-articule\/#primaryimage"},"image":{"@id":"https:\/\/www.omis.net\/fr-fr\/produit\/potence-murale-avec-bras-articule\/#primaryimage"},"thumbnailUrl":"https:\/\/media.omis.net\/media\/2024\/12\/Profile-ms-jib-crane-ms-500kg-front-3d-omis-scaled.webp","datePublished":"2024-12-18T10:00:08+00:00","dateModified":"2025-02-03T18:09:16+00:00","description":"Les grue v\u00e9locip\u00e8de \u00e0 bras articul\u00e9 acc\u00e8dent aux endroits difficiles gr\u00e2ce \u00e0 leurs segments pivotants sur roulements. Sans tirants, elles utilisent la hauteur maximale disponible. Le palan peut \u00eatre fix\u00e9 \u00e0 l'extr\u00e9mit\u00e9 ou sur un chariot. Ces potences offrent une solution pour les espaces restreints et peuvent \u00eatre personnalis\u00e9es. En savoir plus","breadcrumb":{"@id":"https:\/\/www.omis.net\/fr-fr\/produit\/potence-murale-avec-bras-articule\/#breadcrumb"},"inLanguage":"fr-fr","potentialAction":[{"@type":"ReadAction","target":["https:\/\/www.omis.net\/fr-fr\/produit\/potence-murale-avec-bras-articule\/"]}]},{"@type":"ImageObject","inLanguage":"fr-fr","@id":"https:\/\/www.omis.net\/fr-fr\/produit\/potence-murale-avec-bras-articule\/#primaryimage","url":"https:\/\/media.omis.net\/media\/2024\/12\/Profile-ms-jib-crane-ms-500kg-front-3d-omis-scaled.webp","contentUrl":"https:\/\/media.omis.net\/media\/2024\/12\/Profile-ms-jib-crane-ms-500kg-front-3d-omis-scaled.webp","width":2560,"height":1440,"caption":"products and configurations - Profile ms jib crane ms 500kg front 3d Omis"},{"@type":"BreadcrumbList","@id":"https:\/\/www.omis.net\/fr-fr\/produit\/potence-murale-avec-bras-articule\/#breadcrumb","itemListElement":[{"@type":"ListItem","position":1,"name":"Home","item":"https:\/\/www.omis.net\/fr-fr\/"},{"@type":"ListItem","position":2,"name":"Potence murale avec bras articul\u00e9"}]},{"@type":"WebSite","@id":"https:\/\/www.omis.net\/it-it\/#website","url":"https:\/\/www.omis.net\/it-it\/","name":"Omis Spa","description":"Movimentazione e sollevamento","publisher":{"@id":"https:\/\/www.omis.net\/it-it\/#organization"},"potentialAction":[{"@type":"SearchAction","target":{"@type":"EntryPoint","urlTemplate":"https:\/\/www.omis.net\/it-it\/?s={search_term_string}"},"query-input":{"@type":"PropertyValueSpecification","valueRequired":true,"valueName":"search_term_string"}}],"inLanguage":"fr-fr"},{"@type":"Organization","@id":"https:\/\/www.omis.net\/it-it\/#organization","name":"Omis Spa","url":"https:\/\/www.omis.net\/it-it\/","logo":{"@type":"ImageObject","inLanguage":"fr-fr","@id":"https:\/\/www.omis.net\/it-it\/#\/schema\/logo\/image\/","url":"https:\/\/media.omis.net\/media\/2024\/08\/logo.jpg","contentUrl":"https:\/\/media.omis.net\/media\/2024\/08\/logo.jpg","width":300,"height":300,"caption":"Omis Spa"},"image":{"@id":"https:\/\/www.omis.net\/it-it\/#\/schema\/logo\/image\/"},"sameAs":["https:\/\/www.facebook.com\/omisgroup","https:\/\/www.linkedin.com\/company\/omis-group","https:\/\/www.youtube.com\/channel\/UCS4L59XDk3kKBI9MnjuxWDw","https:\/\/www.instagram.com\/omisgroup"]}]}},"_links":{"self":[{"href":"https:\/\/www.omis.net\/fr-fr\/wp-json\/wp\/v2\/product\/7308"}],"collection":[{"href":"https:\/\/www.omis.net\/fr-fr\/wp-json\/wp\/v2\/product"}],"about":[{"href":"https:\/\/www.omis.net\/fr-fr\/wp-json\/wp\/v2\/types\/product"}],"acf:attachment":[{"embeddable":true,"href":"https:\/\/www.omis.net\/fr-fr\/wp-json\/wp\/v2\/media\/"},{"embeddable":true,"href":"https:\/\/www.omis.net\/fr-fr\/wp-json\/wp\/v2\/media\/13453"},{"embeddable":true,"href":"https:\/\/www.omis.net\/fr-fr\/wp-json\/wp\/v2\/media\/13446"}],"wp:featuredmedia":[{"embeddable":true,"href":"https:\/\/www.omis.net\/fr-fr\/wp-json\/wp\/v2\/media\/13502"}],"wp:attachment":[{"href":"https:\/\/www.omis.net\/fr-fr\/wp-json\/wp\/v2\/media?parent=7308"}],"wp:term":[{"taxonomy":"caratteristica-prodotto","embeddable":true,"href":"https:\/\/www.omis.net\/fr-fr\/wp-json\/wp\/v2\/caratteristica-prodotto?post=7308"},{"taxonomy":"tipologia-prodotto","embeddable":true,"href":"https:\/\/www.omis.net\/fr-fr\/wp-json\/wp\/v2\/tipologia-prodotto?post=7308"}],"curies":[{"name":"wp","href":"https:\/\/api.w.org\/{rel}","templated":true}]}}