{"id":4670,"date":"2024-11-04T09:00:03","date_gmt":"2024-11-04T08:00:03","guid":{"rendered":"http:\/\/bedrock.local\/faq\/quand-dois-je-demander-le-premier-controle-periodique-a-la-juridiction-territoriale-competente\/"},"modified":"2024-11-05T08:38:37","modified_gmt":"2024-11-05T07:38:37","slug":"quand-dois-je-demander-le-premier-controle-periodique-a-la-juridiction-territoriale-competente","status":"publish","type":"faq","link":"https:\/\/www.omis.net\/fr-fr\/faq\/quand-dois-je-demander-le-premier-controle-periodique-a-la-juridiction-territoriale-competente\/","title":{"rendered":"Quand dois-je demander le premier contr\u00f4le p\u00e9riodique \u00e0 la juridiction territoriale comp\u00e9tente\u00a0?"},"content":{"rendered":"<p>La demande de premier contr\u00f4le p\u00e9riodique aupr\u00e8s de l&#8217;organisme comp\u00e9tent, tel que l&#8217;INAIL en Italie, varie en fonction des r\u00e9glementations locales. En g\u00e9n\u00e9ral, il est conseill\u00e9 d&#8217;effectuer le premier contr\u00f4le peu de temps apr\u00e8s l&#8217;installation de l&#8217;\u00e9quipement.<\/p>","protected":false},"excerpt":{"rendered":"<p>La demande de premier contr\u00f4le p\u00e9riodique aupr\u00e8s de l&#8217;organisme comp\u00e9tent, tel que l&#8217;INAIL en Italie, varie en fonction des r\u00e9glementations locales. En g\u00e9n\u00e9ral, il est conseill\u00e9 d&#8217;effectuer le premier contr\u00f4le peu de temps apr\u00e8s l&#8217;installation de l&#8217;\u00e9quipement.<\/p>\n","protected":false},"featured_media":0,"parent":0,"template":"","argomento-faq":[578],"class_list":["post-4670","faq","type-faq","status-publish","hentry","argomento-faq-maintenance-et-entretien"],"acf":{"import_csv_id":"39","seo_title":"Quand demander le premier contr\u00f4le p\u00e9riodique \u00e0 la juridiction territoriale comp\u00e9tente\u00a0? | OMIS","seo_description":"La demande de premier contr\u00f4le p\u00e9riodique aupr\u00e8s de l'organisme comp\u00e9tent, tel que l'INAIL en Italie, varie en fonction des r\u00e9glementations locales. En g\u00e9n\u00e9ral, il est conseill\u00e9 d'effectuer le premier contr\u00f4le peu de temps apr\u00e8s l'installation de l'\u00e9quipement, afin de garantir la conformit\u00e9 et la s\u00e9curit\u00e9. En savoir plus"},"yoast_head":"<!-- This site is optimized with the Yoast SEO plugin v23.9 - https:\/\/yoast.com\/wordpress\/plugins\/seo\/ -->\n<title>Quand demander le premier contr\u00f4le p\u00e9riodique \u00e0 la juridiction territoriale comp\u00e9tente\u00a0? | OMIS<\/title>\n<meta name=\"description\" content=\"La demande de premier contr\u00f4le p\u00e9riodique aupr\u00e8s de l&#039;organisme comp\u00e9tent, tel que l&#039;INAIL en Italie, varie en fonction des r\u00e9glementations locales. En g\u00e9n\u00e9ral, il est conseill\u00e9 d&#039;effectuer le premier contr\u00f4le peu de temps apr\u00e8s l&#039;installation de l&#039;\u00e9quipement, afin de garantir la conformit\u00e9 et la s\u00e9curit\u00e9. En savoir plus\" \/>\n<meta name=\"robots\" content=\"index, follow, max-snippet:-1, max-image-preview:large, max-video-preview:-1\" \/>\n<meta property=\"og:locale\" content=\"fr_FR\" \/>\n<meta property=\"og:type\" content=\"article\" \/>\n<meta property=\"og:title\" content=\"Quand demander le premier contr\u00f4le p\u00e9riodique \u00e0 la juridiction territoriale comp\u00e9tente\u00a0? | OMIS\" \/>\n<meta property=\"og:description\" content=\"La demande de premier contr\u00f4le p\u00e9riodique aupr\u00e8s de l&#039;organisme comp\u00e9tent, tel que l&#039;INAIL en Italie, varie en fonction des r\u00e9glementations locales. En g\u00e9n\u00e9ral, il est conseill\u00e9 d&#039;effectuer le premier contr\u00f4le peu de temps apr\u00e8s l&#039;installation de l&#039;\u00e9quipement, afin de garantir la conformit\u00e9 et la s\u00e9curit\u00e9. En savoir plus\" \/>\n<meta property=\"og:url\" content=\"https:\/\/www.omis.net\/fr-fr\/faq\/quand-dois-je-demander-le-premier-controle-periodique-a-la-juridiction-territoriale-competente\/\" \/>\n<meta property=\"og:site_name\" content=\"Omis Spa\" \/>\n<meta property=\"article:publisher\" content=\"https:\/\/www.facebook.com\/omisgroup\" \/>\n<meta property=\"article:modified_time\" content=\"2024-11-05T07:38:37+00:00\" \/>\n<meta name=\"twitter:card\" content=\"summary_large_image\" \/>\n<script type=\"application\/ld+json\" class=\"yoast-schema-graph\">{\"@context\":\"https:\/\/schema.org\",\"@graph\":[{\"@type\":[\"WebPage\",\"FAQPage\"],\"@id\":\"https:\/\/www.omis.net\/fr-fr\/faq\/quand-dois-je-demander-le-premier-controle-periodique-a-la-juridiction-territoriale-competente\/\",\"url\":\"https:\/\/www.omis.net\/fr-fr\/faq\/quand-dois-je-demander-le-premier-controle-periodique-a-la-juridiction-territoriale-competente\/\",\"name\":\"Quand demander le premier contr\u00f4le p\u00e9riodique \u00e0 la juridiction territoriale comp\u00e9tente\u00a0? | OMIS\",\"isPartOf\":{\"@id\":\"https:\/\/www.omis.net\/it-it\/#website\"},\"datePublished\":\"2024-11-04T08:00:03+00:00\",\"dateModified\":\"2024-11-05T07:38:37+00:00\",\"description\":\"La demande de premier contr\u00f4le p\u00e9riodique aupr\u00e8s de l'organisme comp\u00e9tent, tel que l'INAIL en Italie, varie en fonction des r\u00e9glementations locales. En g\u00e9n\u00e9ral, il est conseill\u00e9 d'effectuer le premier contr\u00f4le peu de temps apr\u00e8s l'installation de l'\u00e9quipement, afin de garantir la conformit\u00e9 et la s\u00e9curit\u00e9. En savoir plus\",\"breadcrumb\":{\"@id\":\"https:\/\/www.omis.net\/fr-fr\/faq\/quand-dois-je-demander-le-premier-controle-periodique-a-la-juridiction-territoriale-competente\/#breadcrumb\"},\"inLanguage\":\"fr-fr\",\"potentialAction\":[{\"@type\":\"ReadAction\",\"target\":[\"https:\/\/www.omis.net\/fr-fr\/faq\/quand-dois-je-demander-le-premier-controle-periodique-a-la-juridiction-territoriale-competente\/\"]}]},{\"@type\":\"BreadcrumbList\",\"@id\":\"https:\/\/www.omis.net\/fr-fr\/faq\/quand-dois-je-demander-le-premier-controle-periodique-a-la-juridiction-territoriale-competente\/#breadcrumb\",\"itemListElement\":[{\"@type\":\"ListItem\",\"position\":1,\"name\":\"Home\",\"item\":\"https:\/\/www.omis.net\/fr-fr\/\"},{\"@type\":\"ListItem\",\"position\":2,\"name\":\"Quand dois-je demander le premier contr\u00f4le p\u00e9riodique \u00e0 la juridiction territoriale comp\u00e9tente\u00a0?\"}]},{\"@type\":\"WebSite\",\"@id\":\"https:\/\/www.omis.net\/it-it\/#website\",\"url\":\"https:\/\/www.omis.net\/it-it\/\",\"name\":\"Omis Spa\",\"description\":\"Movimentazione e sollevamento\",\"publisher\":{\"@id\":\"https:\/\/www.omis.net\/it-it\/#organization\"},\"potentialAction\":[{\"@type\":\"SearchAction\",\"target\":{\"@type\":\"EntryPoint\",\"urlTemplate\":\"https:\/\/www.omis.net\/it-it\/?s={search_term_string}\"},\"query-input\":{\"@type\":\"PropertyValueSpecification\",\"valueRequired\":true,\"valueName\":\"search_term_string\"}}],\"inLanguage\":\"fr-fr\"},{\"@type\":\"Organization\",\"@id\":\"https:\/\/www.omis.net\/it-it\/#organization\",\"name\":\"Omis Spa\",\"url\":\"https:\/\/www.omis.net\/it-it\/\",\"logo\":{\"@type\":\"ImageObject\",\"inLanguage\":\"fr-fr\",\"@id\":\"https:\/\/www.omis.net\/it-it\/#\/schema\/logo\/image\/\",\"url\":\"https:\/\/media.omis.net\/media\/2024\/08\/logo.jpg\",\"contentUrl\":\"https:\/\/media.omis.net\/media\/2024\/08\/logo.jpg\",\"width\":300,\"height\":300,\"caption\":\"Omis Spa\"},\"image\":{\"@id\":\"https:\/\/www.omis.net\/it-it\/#\/schema\/logo\/image\/\"},\"sameAs\":[\"https:\/\/www.facebook.com\/omisgroup\",\"https:\/\/www.linkedin.com\/company\/omis-group\",\"https:\/\/www.youtube.com\/channel\/UCS4L59XDk3kKBI9MnjuxWDw\",\"https:\/\/www.instagram.com\/omisgroup\"]}]}<\/script>\n<!-- \/ Yoast SEO plugin. -->","yoast_head_json":{"title":"Quand demander le premier contr\u00f4le p\u00e9riodique \u00e0 la juridiction territoriale comp\u00e9tente\u00a0? | OMIS","description":"La demande de premier contr\u00f4le p\u00e9riodique aupr\u00e8s de l'organisme comp\u00e9tent, tel que l'INAIL en Italie, varie en fonction des r\u00e9glementations locales. En g\u00e9n\u00e9ral, il est conseill\u00e9 d'effectuer le premier contr\u00f4le peu de temps apr\u00e8s l'installation de l'\u00e9quipement, afin de garantir la conformit\u00e9 et la s\u00e9curit\u00e9. En savoir plus","robots":{"index":"index","follow":"follow","max-snippet":"max-snippet:-1","max-image-preview":"max-image-preview:large","max-video-preview":"max-video-preview:-1"},"og_locale":"fr_FR","og_type":"article","og_title":"Quand demander le premier contr\u00f4le p\u00e9riodique \u00e0 la juridiction territoriale comp\u00e9tente\u00a0? | OMIS","og_description":"La demande de premier contr\u00f4le p\u00e9riodique aupr\u00e8s de l'organisme comp\u00e9tent, tel que l'INAIL en Italie, varie en fonction des r\u00e9glementations locales. En g\u00e9n\u00e9ral, il est conseill\u00e9 d'effectuer le premier contr\u00f4le peu de temps apr\u00e8s l'installation de l'\u00e9quipement, afin de garantir la conformit\u00e9 et la s\u00e9curit\u00e9. En savoir plus","og_url":"https:\/\/www.omis.net\/fr-fr\/faq\/quand-dois-je-demander-le-premier-controle-periodique-a-la-juridiction-territoriale-competente\/","og_site_name":"Omis Spa","article_publisher":"https:\/\/www.facebook.com\/omisgroup","article_modified_time":"2024-11-05T07:38:37+00:00","twitter_card":"summary_large_image","schema":{"@context":"https:\/\/schema.org","@graph":[{"@type":["WebPage","FAQPage"],"@id":"https:\/\/www.omis.net\/fr-fr\/faq\/quand-dois-je-demander-le-premier-controle-periodique-a-la-juridiction-territoriale-competente\/","url":"https:\/\/www.omis.net\/fr-fr\/faq\/quand-dois-je-demander-le-premier-controle-periodique-a-la-juridiction-territoriale-competente\/","name":"Quand demander le premier contr\u00f4le p\u00e9riodique \u00e0 la juridiction territoriale comp\u00e9tente\u00a0? | OMIS","isPartOf":{"@id":"https:\/\/www.omis.net\/it-it\/#website"},"datePublished":"2024-11-04T08:00:03+00:00","dateModified":"2024-11-05T07:38:37+00:00","description":"La demande de premier contr\u00f4le p\u00e9riodique aupr\u00e8s de l'organisme comp\u00e9tent, tel que l'INAIL en Italie, varie en fonction des r\u00e9glementations locales. En g\u00e9n\u00e9ral, il est conseill\u00e9 d'effectuer le premier contr\u00f4le peu de temps apr\u00e8s l'installation de l'\u00e9quipement, afin de garantir la conformit\u00e9 et la s\u00e9curit\u00e9. En savoir plus","breadcrumb":{"@id":"https:\/\/www.omis.net\/fr-fr\/faq\/quand-dois-je-demander-le-premier-controle-periodique-a-la-juridiction-territoriale-competente\/#breadcrumb"},"inLanguage":"fr-fr","potentialAction":[{"@type":"ReadAction","target":["https:\/\/www.omis.net\/fr-fr\/faq\/quand-dois-je-demander-le-premier-controle-periodique-a-la-juridiction-territoriale-competente\/"]}]},{"@type":"BreadcrumbList","@id":"https:\/\/www.omis.net\/fr-fr\/faq\/quand-dois-je-demander-le-premier-controle-periodique-a-la-juridiction-territoriale-competente\/#breadcrumb","itemListElement":[{"@type":"ListItem","position":1,"name":"Home","item":"https:\/\/www.omis.net\/fr-fr\/"},{"@type":"ListItem","position":2,"name":"Quand dois-je demander le premier contr\u00f4le p\u00e9riodique \u00e0 la juridiction territoriale comp\u00e9tente\u00a0?"}]},{"@type":"WebSite","@id":"https:\/\/www.omis.net\/it-it\/#website","url":"https:\/\/www.omis.net\/it-it\/","name":"Omis Spa","description":"Movimentazione e sollevamento","publisher":{"@id":"https:\/\/www.omis.net\/it-it\/#organization"},"potentialAction":[{"@type":"SearchAction","target":{"@type":"EntryPoint","urlTemplate":"https:\/\/www.omis.net\/it-it\/?s={search_term_string}"},"query-input":{"@type":"PropertyValueSpecification","valueRequired":true,"valueName":"search_term_string"}}],"inLanguage":"fr-fr"},{"@type":"Organization","@id":"https:\/\/www.omis.net\/it-it\/#organization","name":"Omis Spa","url":"https:\/\/www.omis.net\/it-it\/","logo":{"@type":"ImageObject","inLanguage":"fr-fr","@id":"https:\/\/www.omis.net\/it-it\/#\/schema\/logo\/image\/","url":"https:\/\/media.omis.net\/media\/2024\/08\/logo.jpg","contentUrl":"https:\/\/media.omis.net\/media\/2024\/08\/logo.jpg","width":300,"height":300,"caption":"Omis Spa"},"image":{"@id":"https:\/\/www.omis.net\/it-it\/#\/schema\/logo\/image\/"},"sameAs":["https:\/\/www.facebook.com\/omisgroup","https:\/\/www.linkedin.com\/company\/omis-group","https:\/\/www.youtube.com\/channel\/UCS4L59XDk3kKBI9MnjuxWDw","https:\/\/www.instagram.com\/omisgroup"]}]}},"_links":{"self":[{"href":"https:\/\/www.omis.net\/fr-fr\/wp-json\/wp\/v2\/faq\/4670"}],"collection":[{"href":"https:\/\/www.omis.net\/fr-fr\/wp-json\/wp\/v2\/faq"}],"about":[{"href":"https:\/\/www.omis.net\/fr-fr\/wp-json\/wp\/v2\/types\/faq"}],"wp:attachment":[{"href":"https:\/\/www.omis.net\/fr-fr\/wp-json\/wp\/v2\/media?parent=4670"}],"wp:term":[{"taxonomy":"argomento-faq","embeddable":true,"href":"https:\/\/www.omis.net\/fr-fr\/wp-json\/wp\/v2\/argomento-faq?post=4670"}],"curies":[{"name":"wp","href":"https:\/\/api.w.org\/{rel}","templated":true}]}}