{"id":4632,"date":"2024-11-04T08:56:19","date_gmt":"2024-11-04T07:56:19","guid":{"rendered":"http:\/\/bedrock.local\/faq\/pourquoi-omis-ne-figure-t-il-pas-parmi-les-organismes-habilites-a-effectuer-les-controles-periodiques-a-la-place-de-linail\/"},"modified":"2024-11-05T08:33:52","modified_gmt":"2024-11-05T07:33:52","slug":"pourquoi-omis-ne-figure-t-il-pas-parmi-les-organismes-habilites-a-effectuer-les-controles-periodiques-a-la-place-de-linail","status":"publish","type":"faq","link":"https:\/\/www.omis.net\/fr-fr\/faq\/pourquoi-omis-ne-figure-t-il-pas-parmi-les-organismes-habilites-a-effectuer-les-controles-periodiques-a-la-place-de-linail\/","title":{"rendered":"Pourquoi OMIS ne figure-t-il pas parmi les organismes habilit\u00e9s \u00e0 effectuer les contr\u00f4les p\u00e9riodiques \u00e0 la place de l&#8217;INAIL\u00a0?"},"content":{"rendered":"<p>Les contr\u00f4les p\u00e9riodiques, selon la r\u00e9glementation en vigueur en Italie, peuvent \u00eatre effectu\u00e9s par un organisme priv\u00e9 agr\u00e9\u00e9, d\u00e9sign\u00e9 par l&#8217;employeur, ou par l&#8217;ASL. Le personnel d&#8217;entretien ne peut pas effectuer les contr\u00f4les p\u00e9riodiques, qui doivent \u00eatre r\u00e9alis\u00e9s par des organismes sp\u00e9cialement agr\u00e9\u00e9s. Les organismes agr\u00e9\u00e9s pour les contr\u00f4les p\u00e9riodiques, en revanche, ne peuvent pas se charger de l&#8217;entretien.<\/p>","protected":false},"excerpt":{"rendered":"<p>Les contr\u00f4les p\u00e9riodiques, selon la r\u00e9glementation en vigueur en Italie, peuvent \u00eatre effectu\u00e9s par un organisme priv\u00e9 agr\u00e9\u00e9, d\u00e9sign\u00e9 par l&#8217;employeur, ou par l&#8217;ASL. Le personnel d&#8217;entretien ne peut pas effectuer les contr\u00f4les p\u00e9riodiques, qui doivent \u00eatre r\u00e9alis\u00e9s par des organismes sp\u00e9cialement agr\u00e9\u00e9s. Les organismes agr\u00e9\u00e9s pour les contr\u00f4les p\u00e9riodiques, en revanche, ne peuvent pas [&hellip;]<\/p>\n","protected":false},"featured_media":0,"parent":0,"template":"","argomento-faq":[578],"class_list":["post-4632","faq","type-faq","status-publish","hentry","argomento-faq-maintenance-et-entretien"],"acf":{"import_csv_id":"3","seo_title":"Pourquoi ne faites-vous pas les contr\u00f4les p\u00e9riodiques \u00e0 la place de l'INAIL\u00a0? | OMIS","seo_description":"Les contr\u00f4les p\u00e9riodiques, selon la r\u00e9glementation italienne, peuvent \u00eatre effectu\u00e9s par des organismes priv\u00e9s agr\u00e9\u00e9s ou par l'ASL. Les techniciens charg\u00e9s de l'entretien et les organismes agr\u00e9\u00e9s doivent \u00eatre des entit\u00e9s distinctes pour garantir l'impartialit\u00e9. En savoir plus"},"yoast_head":"<!-- This site is optimized with the Yoast SEO plugin v23.9 - https:\/\/yoast.com\/wordpress\/plugins\/seo\/ -->\n<title>Pourquoi ne faites-vous pas les contr\u00f4les p\u00e9riodiques \u00e0 la place de l&#039;INAIL\u00a0? | OMIS<\/title>\n<meta name=\"description\" content=\"Les contr\u00f4les p\u00e9riodiques, selon la r\u00e9glementation italienne, peuvent \u00eatre effectu\u00e9s par des organismes priv\u00e9s agr\u00e9\u00e9s ou par l&#039;ASL. Les techniciens charg\u00e9s de l&#039;entretien et les organismes agr\u00e9\u00e9s doivent \u00eatre des entit\u00e9s distinctes pour garantir l&#039;impartialit\u00e9. En savoir plus\" \/>\n<meta name=\"robots\" content=\"index, follow, max-snippet:-1, max-image-preview:large, max-video-preview:-1\" \/>\n<meta property=\"og:locale\" content=\"fr_FR\" \/>\n<meta property=\"og:type\" content=\"article\" \/>\n<meta property=\"og:title\" content=\"Pourquoi ne faites-vous pas les contr\u00f4les p\u00e9riodiques \u00e0 la place de l&#039;INAIL\u00a0? | OMIS\" \/>\n<meta property=\"og:description\" content=\"Les contr\u00f4les p\u00e9riodiques, selon la r\u00e9glementation italienne, peuvent \u00eatre effectu\u00e9s par des organismes priv\u00e9s agr\u00e9\u00e9s ou par l&#039;ASL. Les techniciens charg\u00e9s de l&#039;entretien et les organismes agr\u00e9\u00e9s doivent \u00eatre des entit\u00e9s distinctes pour garantir l&#039;impartialit\u00e9. En savoir plus\" \/>\n<meta property=\"og:url\" content=\"https:\/\/www.omis.net\/fr-fr\/faq\/pourquoi-omis-ne-figure-t-il-pas-parmi-les-organismes-habilites-a-effectuer-les-controles-periodiques-a-la-place-de-linail\/\" \/>\n<meta property=\"og:site_name\" content=\"Omis Spa\" \/>\n<meta property=\"article:publisher\" content=\"https:\/\/www.facebook.com\/omisgroup\" \/>\n<meta property=\"article:modified_time\" content=\"2024-11-05T07:33:52+00:00\" \/>\n<meta name=\"twitter:card\" content=\"summary_large_image\" \/>\n<script type=\"application\/ld+json\" class=\"yoast-schema-graph\">{\"@context\":\"https:\/\/schema.org\",\"@graph\":[{\"@type\":[\"WebPage\",\"FAQPage\"],\"@id\":\"https:\/\/www.omis.net\/fr-fr\/faq\/pourquoi-omis-ne-figure-t-il-pas-parmi-les-organismes-habilites-a-effectuer-les-controles-periodiques-a-la-place-de-linail\/\",\"url\":\"https:\/\/www.omis.net\/fr-fr\/faq\/pourquoi-omis-ne-figure-t-il-pas-parmi-les-organismes-habilites-a-effectuer-les-controles-periodiques-a-la-place-de-linail\/\",\"name\":\"Pourquoi ne faites-vous pas les contr\u00f4les p\u00e9riodiques \u00e0 la place de l'INAIL\u00a0? | OMIS\",\"isPartOf\":{\"@id\":\"https:\/\/www.omis.net\/it-it\/#website\"},\"datePublished\":\"2024-11-04T07:56:19+00:00\",\"dateModified\":\"2024-11-05T07:33:52+00:00\",\"description\":\"Les contr\u00f4les p\u00e9riodiques, selon la r\u00e9glementation italienne, peuvent \u00eatre effectu\u00e9s par des organismes priv\u00e9s agr\u00e9\u00e9s ou par l'ASL. Les techniciens charg\u00e9s de l'entretien et les organismes agr\u00e9\u00e9s doivent \u00eatre des entit\u00e9s distinctes pour garantir l'impartialit\u00e9. En savoir plus\",\"breadcrumb\":{\"@id\":\"https:\/\/www.omis.net\/fr-fr\/faq\/pourquoi-omis-ne-figure-t-il-pas-parmi-les-organismes-habilites-a-effectuer-les-controles-periodiques-a-la-place-de-linail\/#breadcrumb\"},\"inLanguage\":\"fr-fr\",\"potentialAction\":[{\"@type\":\"ReadAction\",\"target\":[\"https:\/\/www.omis.net\/fr-fr\/faq\/pourquoi-omis-ne-figure-t-il-pas-parmi-les-organismes-habilites-a-effectuer-les-controles-periodiques-a-la-place-de-linail\/\"]}]},{\"@type\":\"BreadcrumbList\",\"@id\":\"https:\/\/www.omis.net\/fr-fr\/faq\/pourquoi-omis-ne-figure-t-il-pas-parmi-les-organismes-habilites-a-effectuer-les-controles-periodiques-a-la-place-de-linail\/#breadcrumb\",\"itemListElement\":[{\"@type\":\"ListItem\",\"position\":1,\"name\":\"Home\",\"item\":\"https:\/\/www.omis.net\/fr-fr\/\"},{\"@type\":\"ListItem\",\"position\":2,\"name\":\"Pourquoi OMIS ne figure-t-il pas parmi les organismes habilit\u00e9s \u00e0 effectuer les contr\u00f4les p\u00e9riodiques \u00e0 la place de l&#8217;INAIL\u00a0?\"}]},{\"@type\":\"WebSite\",\"@id\":\"https:\/\/www.omis.net\/it-it\/#website\",\"url\":\"https:\/\/www.omis.net\/it-it\/\",\"name\":\"Omis Spa\",\"description\":\"Movimentazione e sollevamento\",\"publisher\":{\"@id\":\"https:\/\/www.omis.net\/it-it\/#organization\"},\"potentialAction\":[{\"@type\":\"SearchAction\",\"target\":{\"@type\":\"EntryPoint\",\"urlTemplate\":\"https:\/\/www.omis.net\/it-it\/?s={search_term_string}\"},\"query-input\":{\"@type\":\"PropertyValueSpecification\",\"valueRequired\":true,\"valueName\":\"search_term_string\"}}],\"inLanguage\":\"fr-fr\"},{\"@type\":\"Organization\",\"@id\":\"https:\/\/www.omis.net\/it-it\/#organization\",\"name\":\"Omis Spa\",\"url\":\"https:\/\/www.omis.net\/it-it\/\",\"logo\":{\"@type\":\"ImageObject\",\"inLanguage\":\"fr-fr\",\"@id\":\"https:\/\/www.omis.net\/it-it\/#\/schema\/logo\/image\/\",\"url\":\"https:\/\/media.omis.net\/media\/2024\/08\/logo.jpg\",\"contentUrl\":\"https:\/\/media.omis.net\/media\/2024\/08\/logo.jpg\",\"width\":300,\"height\":300,\"caption\":\"Omis Spa\"},\"image\":{\"@id\":\"https:\/\/www.omis.net\/it-it\/#\/schema\/logo\/image\/\"},\"sameAs\":[\"https:\/\/www.facebook.com\/omisgroup\",\"https:\/\/www.linkedin.com\/company\/omis-group\",\"https:\/\/www.youtube.com\/channel\/UCS4L59XDk3kKBI9MnjuxWDw\",\"https:\/\/www.instagram.com\/omisgroup\"]}]}<\/script>\n<!-- \/ Yoast SEO plugin. -->","yoast_head_json":{"title":"Pourquoi ne faites-vous pas les contr\u00f4les p\u00e9riodiques \u00e0 la place de l'INAIL\u00a0? | OMIS","description":"Les contr\u00f4les p\u00e9riodiques, selon la r\u00e9glementation italienne, peuvent \u00eatre effectu\u00e9s par des organismes priv\u00e9s agr\u00e9\u00e9s ou par l'ASL. Les techniciens charg\u00e9s de l'entretien et les organismes agr\u00e9\u00e9s doivent \u00eatre des entit\u00e9s distinctes pour garantir l'impartialit\u00e9. En savoir plus","robots":{"index":"index","follow":"follow","max-snippet":"max-snippet:-1","max-image-preview":"max-image-preview:large","max-video-preview":"max-video-preview:-1"},"og_locale":"fr_FR","og_type":"article","og_title":"Pourquoi ne faites-vous pas les contr\u00f4les p\u00e9riodiques \u00e0 la place de l'INAIL\u00a0? | OMIS","og_description":"Les contr\u00f4les p\u00e9riodiques, selon la r\u00e9glementation italienne, peuvent \u00eatre effectu\u00e9s par des organismes priv\u00e9s agr\u00e9\u00e9s ou par l'ASL. Les techniciens charg\u00e9s de l'entretien et les organismes agr\u00e9\u00e9s doivent \u00eatre des entit\u00e9s distinctes pour garantir l'impartialit\u00e9. En savoir plus","og_url":"https:\/\/www.omis.net\/fr-fr\/faq\/pourquoi-omis-ne-figure-t-il-pas-parmi-les-organismes-habilites-a-effectuer-les-controles-periodiques-a-la-place-de-linail\/","og_site_name":"Omis Spa","article_publisher":"https:\/\/www.facebook.com\/omisgroup","article_modified_time":"2024-11-05T07:33:52+00:00","twitter_card":"summary_large_image","schema":{"@context":"https:\/\/schema.org","@graph":[{"@type":["WebPage","FAQPage"],"@id":"https:\/\/www.omis.net\/fr-fr\/faq\/pourquoi-omis-ne-figure-t-il-pas-parmi-les-organismes-habilites-a-effectuer-les-controles-periodiques-a-la-place-de-linail\/","url":"https:\/\/www.omis.net\/fr-fr\/faq\/pourquoi-omis-ne-figure-t-il-pas-parmi-les-organismes-habilites-a-effectuer-les-controles-periodiques-a-la-place-de-linail\/","name":"Pourquoi ne faites-vous pas les contr\u00f4les p\u00e9riodiques \u00e0 la place de l'INAIL\u00a0? | OMIS","isPartOf":{"@id":"https:\/\/www.omis.net\/it-it\/#website"},"datePublished":"2024-11-04T07:56:19+00:00","dateModified":"2024-11-05T07:33:52+00:00","description":"Les contr\u00f4les p\u00e9riodiques, selon la r\u00e9glementation italienne, peuvent \u00eatre effectu\u00e9s par des organismes priv\u00e9s agr\u00e9\u00e9s ou par l'ASL. Les techniciens charg\u00e9s de l'entretien et les organismes agr\u00e9\u00e9s doivent \u00eatre des entit\u00e9s distinctes pour garantir l'impartialit\u00e9. En savoir plus","breadcrumb":{"@id":"https:\/\/www.omis.net\/fr-fr\/faq\/pourquoi-omis-ne-figure-t-il-pas-parmi-les-organismes-habilites-a-effectuer-les-controles-periodiques-a-la-place-de-linail\/#breadcrumb"},"inLanguage":"fr-fr","potentialAction":[{"@type":"ReadAction","target":["https:\/\/www.omis.net\/fr-fr\/faq\/pourquoi-omis-ne-figure-t-il-pas-parmi-les-organismes-habilites-a-effectuer-les-controles-periodiques-a-la-place-de-linail\/"]}]},{"@type":"BreadcrumbList","@id":"https:\/\/www.omis.net\/fr-fr\/faq\/pourquoi-omis-ne-figure-t-il-pas-parmi-les-organismes-habilites-a-effectuer-les-controles-periodiques-a-la-place-de-linail\/#breadcrumb","itemListElement":[{"@type":"ListItem","position":1,"name":"Home","item":"https:\/\/www.omis.net\/fr-fr\/"},{"@type":"ListItem","position":2,"name":"Pourquoi OMIS ne figure-t-il pas parmi les organismes habilit\u00e9s \u00e0 effectuer les contr\u00f4les p\u00e9riodiques \u00e0 la place de l&#8217;INAIL\u00a0?"}]},{"@type":"WebSite","@id":"https:\/\/www.omis.net\/it-it\/#website","url":"https:\/\/www.omis.net\/it-it\/","name":"Omis Spa","description":"Movimentazione e sollevamento","publisher":{"@id":"https:\/\/www.omis.net\/it-it\/#organization"},"potentialAction":[{"@type":"SearchAction","target":{"@type":"EntryPoint","urlTemplate":"https:\/\/www.omis.net\/it-it\/?s={search_term_string}"},"query-input":{"@type":"PropertyValueSpecification","valueRequired":true,"valueName":"search_term_string"}}],"inLanguage":"fr-fr"},{"@type":"Organization","@id":"https:\/\/www.omis.net\/it-it\/#organization","name":"Omis Spa","url":"https:\/\/www.omis.net\/it-it\/","logo":{"@type":"ImageObject","inLanguage":"fr-fr","@id":"https:\/\/www.omis.net\/it-it\/#\/schema\/logo\/image\/","url":"https:\/\/media.omis.net\/media\/2024\/08\/logo.jpg","contentUrl":"https:\/\/media.omis.net\/media\/2024\/08\/logo.jpg","width":300,"height":300,"caption":"Omis Spa"},"image":{"@id":"https:\/\/www.omis.net\/it-it\/#\/schema\/logo\/image\/"},"sameAs":["https:\/\/www.facebook.com\/omisgroup","https:\/\/www.linkedin.com\/company\/omis-group","https:\/\/www.youtube.com\/channel\/UCS4L59XDk3kKBI9MnjuxWDw","https:\/\/www.instagram.com\/omisgroup"]}]}},"_links":{"self":[{"href":"https:\/\/www.omis.net\/fr-fr\/wp-json\/wp\/v2\/faq\/4632"}],"collection":[{"href":"https:\/\/www.omis.net\/fr-fr\/wp-json\/wp\/v2\/faq"}],"about":[{"href":"https:\/\/www.omis.net\/fr-fr\/wp-json\/wp\/v2\/types\/faq"}],"wp:attachment":[{"href":"https:\/\/www.omis.net\/fr-fr\/wp-json\/wp\/v2\/media?parent=4632"}],"wp:term":[{"taxonomy":"argomento-faq","embeddable":true,"href":"https:\/\/www.omis.net\/fr-fr\/wp-json\/wp\/v2\/argomento-faq?post=4632"}],"curies":[{"name":"wp","href":"https:\/\/api.w.org\/{rel}","templated":true}]}}