{"id":5095,"date":"2024-11-04T09:13:38","date_gmt":"2024-11-04T08:13:38","guid":{"rendered":"http:\/\/bedrock.local\/faq\/por-que-los-puentes-grua-omis-son-amarillos\/"},"modified":"2024-11-04T11:26:25","modified_gmt":"2024-11-04T10:26:25","slug":"por-que-los-puentes-grua-omis-son-amarillos","status":"publish","type":"faq","link":"https:\/\/www.omis.net\/es-es\/faq\/por-que-los-puentes-grua-omis-son-amarillos\/","title":{"rendered":"\u00bfPor qu\u00e9 los puentes gr\u00faa OMIS son amarillos?"},"content":{"rendered":"<p>El color de los puentes gr\u00faa OMIS, normalmente amarillo, pretende mejorar la visibilidad y seguridad en el lugar de trabajo, ya que este color se usa en las se\u00f1ales de seguridad para indicar cautela y cuidado. Bajo pedido se puede personalizar la pintura por exigencias est\u00e9ticas o de marca.<\/p>","protected":false},"excerpt":{"rendered":"<p>El color de los puentes gr\u00faa OMIS, normalmente amarillo, pretende mejorar la visibilidad y seguridad en el lugar de trabajo, ya que este color se usa en las se\u00f1ales de seguridad para indicar cautela y cuidado. Bajo pedido se puede personalizar la pintura por exigencias est\u00e9ticas o de marca.<\/p>\n","protected":false},"featured_media":0,"parent":0,"template":"","argomento-faq":[601],"class_list":["post-5095","faq","type-faq","status-publish","hentry","argomento-faq-gruas-aereas"],"acf":{"import_csv_id":"144","seo_title":"\u00bfPor qu\u00e9 los puentes gr\u00faa OMIS son amarillos? | OMIS","seo_description":"El color amarillo est\u00e1ndar de los puentes gr\u00faa OMIS no s\u00f3lo mejora la visibilidad, sino que tambi\u00e9n indica \u00e1reas de trabajo peligrosas. Bajo pedido se puede personalizar la pintura por exigencias est\u00e9ticas o de marca. Saber m\u00e1s."},"yoast_head":"<!-- This site is optimized with the Yoast SEO plugin v23.9 - https:\/\/yoast.com\/wordpress\/plugins\/seo\/ -->\n<title>\u00bfPor qu\u00e9 los puentes gr\u00faa OMIS son amarillos? | OMIS<\/title>\n<meta name=\"description\" content=\"El color amarillo est\u00e1ndar de los puentes gr\u00faa OMIS no s\u00f3lo mejora la visibilidad, sino que tambi\u00e9n indica \u00e1reas de trabajo peligrosas. Bajo pedido se puede personalizar la pintura por exigencias est\u00e9ticas o de marca. Saber m\u00e1s.\" \/>\n<meta name=\"robots\" content=\"index, follow, max-snippet:-1, max-image-preview:large, max-video-preview:-1\" \/>\n<meta property=\"og:locale\" content=\"es_ES\" \/>\n<meta property=\"og:type\" content=\"article\" \/>\n<meta property=\"og:title\" content=\"\u00bfPor qu\u00e9 los puentes gr\u00faa OMIS son amarillos? | OMIS\" \/>\n<meta property=\"og:description\" content=\"El color amarillo est\u00e1ndar de los puentes gr\u00faa OMIS no s\u00f3lo mejora la visibilidad, sino que tambi\u00e9n indica \u00e1reas de trabajo peligrosas. Bajo pedido se puede personalizar la pintura por exigencias est\u00e9ticas o de marca. Saber m\u00e1s.\" \/>\n<meta property=\"og:url\" content=\"https:\/\/www.omis.net\/es-es\/faq\/por-que-los-puentes-grua-omis-son-amarillos\/\" \/>\n<meta property=\"og:site_name\" content=\"Omis Spa\" \/>\n<meta property=\"article:publisher\" content=\"https:\/\/www.facebook.com\/omisgroup\" \/>\n<meta property=\"article:modified_time\" content=\"2024-11-04T10:26:25+00:00\" \/>\n<meta name=\"twitter:card\" content=\"summary_large_image\" \/>\n<script type=\"application\/ld+json\" class=\"yoast-schema-graph\">{\"@context\":\"https:\/\/schema.org\",\"@graph\":[{\"@type\":[\"WebPage\",\"FAQPage\"],\"@id\":\"https:\/\/www.omis.net\/es-es\/faq\/por-que-los-puentes-grua-omis-son-amarillos\/\",\"url\":\"https:\/\/www.omis.net\/es-es\/faq\/por-que-los-puentes-grua-omis-son-amarillos\/\",\"name\":\"\u00bfPor qu\u00e9 los puentes gr\u00faa OMIS son amarillos? | OMIS\",\"isPartOf\":{\"@id\":\"https:\/\/www.omis.net\/it-it\/#website\"},\"datePublished\":\"2024-11-04T08:13:38+00:00\",\"dateModified\":\"2024-11-04T10:26:25+00:00\",\"description\":\"El color amarillo est\u00e1ndar de los puentes gr\u00faa OMIS no s\u00f3lo mejora la visibilidad, sino que tambi\u00e9n indica \u00e1reas de trabajo peligrosas. Bajo pedido se puede personalizar la pintura por exigencias est\u00e9ticas o de marca. Saber m\u00e1s.\",\"breadcrumb\":{\"@id\":\"https:\/\/www.omis.net\/es-es\/faq\/por-que-los-puentes-grua-omis-son-amarillos\/#breadcrumb\"},\"inLanguage\":\"es-es\",\"potentialAction\":[{\"@type\":\"ReadAction\",\"target\":[\"https:\/\/www.omis.net\/es-es\/faq\/por-que-los-puentes-grua-omis-son-amarillos\/\"]}]},{\"@type\":\"BreadcrumbList\",\"@id\":\"https:\/\/www.omis.net\/es-es\/faq\/por-que-los-puentes-grua-omis-son-amarillos\/#breadcrumb\",\"itemListElement\":[{\"@type\":\"ListItem\",\"position\":1,\"name\":\"Home\",\"item\":\"https:\/\/www.omis.net\/es-es\/pagina-de-inicio\/\"},{\"@type\":\"ListItem\",\"position\":2,\"name\":\"\u00bfPor qu\u00e9 los puentes gr\u00faa OMIS son amarillos?\"}]},{\"@type\":\"WebSite\",\"@id\":\"https:\/\/www.omis.net\/it-it\/#website\",\"url\":\"https:\/\/www.omis.net\/it-it\/\",\"name\":\"Omis Spa\",\"description\":\"Movimentazione e sollevamento\",\"publisher\":{\"@id\":\"https:\/\/www.omis.net\/it-it\/#organization\"},\"potentialAction\":[{\"@type\":\"SearchAction\",\"target\":{\"@type\":\"EntryPoint\",\"urlTemplate\":\"https:\/\/www.omis.net\/it-it\/?s={search_term_string}\"},\"query-input\":{\"@type\":\"PropertyValueSpecification\",\"valueRequired\":true,\"valueName\":\"search_term_string\"}}],\"inLanguage\":\"es-es\"},{\"@type\":\"Organization\",\"@id\":\"https:\/\/www.omis.net\/it-it\/#organization\",\"name\":\"Omis Spa\",\"url\":\"https:\/\/www.omis.net\/it-it\/\",\"logo\":{\"@type\":\"ImageObject\",\"inLanguage\":\"es-es\",\"@id\":\"https:\/\/www.omis.net\/it-it\/#\/schema\/logo\/image\/\",\"url\":\"https:\/\/media.omis.net\/media\/2024\/08\/logo.jpg\",\"contentUrl\":\"https:\/\/media.omis.net\/media\/2024\/08\/logo.jpg\",\"width\":300,\"height\":300,\"caption\":\"Omis Spa\"},\"image\":{\"@id\":\"https:\/\/www.omis.net\/it-it\/#\/schema\/logo\/image\/\"},\"sameAs\":[\"https:\/\/www.facebook.com\/omisgroup\",\"https:\/\/www.linkedin.com\/company\/omis-group\",\"https:\/\/www.youtube.com\/channel\/UCS4L59XDk3kKBI9MnjuxWDw\",\"https:\/\/www.instagram.com\/omisgroup\"]}]}<\/script>\n<!-- \/ Yoast SEO plugin. -->","yoast_head_json":{"title":"\u00bfPor qu\u00e9 los puentes gr\u00faa OMIS son amarillos? | OMIS","description":"El color amarillo est\u00e1ndar de los puentes gr\u00faa OMIS no s\u00f3lo mejora la visibilidad, sino que tambi\u00e9n indica \u00e1reas de trabajo peligrosas. Bajo pedido se puede personalizar la pintura por exigencias est\u00e9ticas o de marca. Saber m\u00e1s.","robots":{"index":"index","follow":"follow","max-snippet":"max-snippet:-1","max-image-preview":"max-image-preview:large","max-video-preview":"max-video-preview:-1"},"og_locale":"es_ES","og_type":"article","og_title":"\u00bfPor qu\u00e9 los puentes gr\u00faa OMIS son amarillos? | OMIS","og_description":"El color amarillo est\u00e1ndar de los puentes gr\u00faa OMIS no s\u00f3lo mejora la visibilidad, sino que tambi\u00e9n indica \u00e1reas de trabajo peligrosas. Bajo pedido se puede personalizar la pintura por exigencias est\u00e9ticas o de marca. Saber m\u00e1s.","og_url":"https:\/\/www.omis.net\/es-es\/faq\/por-que-los-puentes-grua-omis-son-amarillos\/","og_site_name":"Omis Spa","article_publisher":"https:\/\/www.facebook.com\/omisgroup","article_modified_time":"2024-11-04T10:26:25+00:00","twitter_card":"summary_large_image","schema":{"@context":"https:\/\/schema.org","@graph":[{"@type":["WebPage","FAQPage"],"@id":"https:\/\/www.omis.net\/es-es\/faq\/por-que-los-puentes-grua-omis-son-amarillos\/","url":"https:\/\/www.omis.net\/es-es\/faq\/por-que-los-puentes-grua-omis-son-amarillos\/","name":"\u00bfPor qu\u00e9 los puentes gr\u00faa OMIS son amarillos? | OMIS","isPartOf":{"@id":"https:\/\/www.omis.net\/it-it\/#website"},"datePublished":"2024-11-04T08:13:38+00:00","dateModified":"2024-11-04T10:26:25+00:00","description":"El color amarillo est\u00e1ndar de los puentes gr\u00faa OMIS no s\u00f3lo mejora la visibilidad, sino que tambi\u00e9n indica \u00e1reas de trabajo peligrosas. Bajo pedido se puede personalizar la pintura por exigencias est\u00e9ticas o de marca. Saber m\u00e1s.","breadcrumb":{"@id":"https:\/\/www.omis.net\/es-es\/faq\/por-que-los-puentes-grua-omis-son-amarillos\/#breadcrumb"},"inLanguage":"es-es","potentialAction":[{"@type":"ReadAction","target":["https:\/\/www.omis.net\/es-es\/faq\/por-que-los-puentes-grua-omis-son-amarillos\/"]}]},{"@type":"BreadcrumbList","@id":"https:\/\/www.omis.net\/es-es\/faq\/por-que-los-puentes-grua-omis-son-amarillos\/#breadcrumb","itemListElement":[{"@type":"ListItem","position":1,"name":"Home","item":"https:\/\/www.omis.net\/es-es\/pagina-de-inicio\/"},{"@type":"ListItem","position":2,"name":"\u00bfPor qu\u00e9 los puentes gr\u00faa OMIS son amarillos?"}]},{"@type":"WebSite","@id":"https:\/\/www.omis.net\/it-it\/#website","url":"https:\/\/www.omis.net\/it-it\/","name":"Omis Spa","description":"Movimentazione e sollevamento","publisher":{"@id":"https:\/\/www.omis.net\/it-it\/#organization"},"potentialAction":[{"@type":"SearchAction","target":{"@type":"EntryPoint","urlTemplate":"https:\/\/www.omis.net\/it-it\/?s={search_term_string}"},"query-input":{"@type":"PropertyValueSpecification","valueRequired":true,"valueName":"search_term_string"}}],"inLanguage":"es-es"},{"@type":"Organization","@id":"https:\/\/www.omis.net\/it-it\/#organization","name":"Omis Spa","url":"https:\/\/www.omis.net\/it-it\/","logo":{"@type":"ImageObject","inLanguage":"es-es","@id":"https:\/\/www.omis.net\/it-it\/#\/schema\/logo\/image\/","url":"https:\/\/media.omis.net\/media\/2024\/08\/logo.jpg","contentUrl":"https:\/\/media.omis.net\/media\/2024\/08\/logo.jpg","width":300,"height":300,"caption":"Omis Spa"},"image":{"@id":"https:\/\/www.omis.net\/it-it\/#\/schema\/logo\/image\/"},"sameAs":["https:\/\/www.facebook.com\/omisgroup","https:\/\/www.linkedin.com\/company\/omis-group","https:\/\/www.youtube.com\/channel\/UCS4L59XDk3kKBI9MnjuxWDw","https:\/\/www.instagram.com\/omisgroup"]}]}},"_links":{"self":[{"href":"https:\/\/www.omis.net\/es-es\/wp-json\/wp\/v2\/faq\/5095"}],"collection":[{"href":"https:\/\/www.omis.net\/es-es\/wp-json\/wp\/v2\/faq"}],"about":[{"href":"https:\/\/www.omis.net\/es-es\/wp-json\/wp\/v2\/types\/faq"}],"wp:attachment":[{"href":"https:\/\/www.omis.net\/es-es\/wp-json\/wp\/v2\/media?parent=5095"}],"wp:term":[{"taxonomy":"argomento-faq","embeddable":true,"href":"https:\/\/www.omis.net\/es-es\/wp-json\/wp\/v2\/argomento-faq?post=5095"}],"curies":[{"name":"wp","href":"https:\/\/api.w.org\/{rel}","templated":true}]}}