{"id":7358,"date":"2024-12-18T11:04:00","date_gmt":"2024-12-18T10:04:00","guid":{"rendered":"http:\/\/bedrock.local\/product\/angetrieben\/"},"modified":"2026-03-03T14:42:55","modified_gmt":"2026-03-03T13:42:55","slug":"elektro-hangekran","status":"publish","type":"product","link":"https:\/\/www.omis.net\/de-de\/produkt\/elektro-hangekran\/","title":{"rendered":"Elektro-h\u00e4ngekran"},"content":{"rendered":"","protected":false},"featured_media":13922,"parent":0,"template":"","caratteristica-prodotto":[],"tipologia-prodotto":[706,748],"class_list":["post-7358","product","type-product","status-publish","has-post-thumbnail","hentry","tipologia-prodotto-arbeitsplatzkraene","tipologia-prodotto-deckenlaufkrane"],"acf":{"import_csv_id":"41","prodotto_generale_sku":"GSE","prodotto_listing_card_descrizione":"Der Elektro-H\u00e4ngekran sorgt f\u00fcr den innerbetrieblichen Materialtransport und l\u00e4sst den Boden f\u00fcr alle anderen Produktionst\u00e4tigkeiten frei.","prodotto_listing_card_caratteristiche":null,"prodotto_page_gradient_hero":false,"prodotto_page_titolo_hero":"G\u00fcterhandling bei freier Bodenfl\u00e4che.","prodotto_page_gallery_hero":[13915],"prodotto_page_descrizione_3_colonne_posizione":false,"prodotto_page_descrizione_3_colonne":[{"valore":"125","unita_di_misura":"kg","etichetta":"Mindesttragf\u00e4higkeit"},{"valore":"3200","unita_di_misura":"kg","etichetta":"Maximale Tragf\u00e4higkeit"},{"valore":"10","unita_di_misura":"m","etichetta":"Maximale Breite"}],"prodotto_page_descrizione_titolo":"Angetriebene H\u00e4ngekrane mit Tragf\u00e4higkeit bis 5000 kg","prodotto_page_descrizione_3_colonne_testo":"<strong>OMIS konstruiert und baut H\u00e4ngekrane mit Kranbahnen aus gewalzten Doppel-T-Tr\u00e4gern f\u00fcr die motorisierte Br\u00fcckenfahrt. Der Kran f\u00e4hrt elektrisch auf in der H\u00f6he montierten Laufbahnen, sodass der Boden frei bleibt und f\u00fcr Produktionst\u00e4tigkeiten zur Verf\u00fcgung steht.<\/strong>\r\n\r\nDer Deckenlaufkran in Eintr\u00e4ger-Ausf\u00fchrung erm\u00f6glicht den Materialtransport in Produktionsst\u00e4tten oder Montagelinien. Der elektrische H\u00e4ngekran hebt die Last senkrecht hoch und verf\u00e4hrt sie mittels Laufkatze und motorisierten Kopftr\u00e4gern l\u00e4ngs der Quer- und L\u00e4ngsachse. Der gro\u00dfe Vorteil, den dieser Krantyp f\u00fcr die t\u00e4gliche Produktivit\u00e4t bietet, besteht vor allem in seinem effektiven, pr\u00e4zisen und absolut sicheren Betrieb, ohne die plan- und au\u00dferplanm\u00e4\u00dfigen Arbeiten von Bedienern und Maschinen im Umkreis zu behindern, was die Effizienz erh\u00f6ht und Zeit und Platz spart.","prodotto_page_descrizione_titolo_vantaggi":"Vorteile des angetriebenen H\u00e4ngekrans","prodotto_page_descrizione_vantaggi":[{"titolo":"Erh\u00f6hte Traglast","testo":"","link":"","archivio_prodotti":null},{"titolo":"H\u00f6here Pr\u00e4zision","testo":"","link":"","archivio_prodotti":null},{"titolo":"Einfache Bedienung","testo":"","link":"","archivio_prodotti":null},{"titolo":"Minimaler Platzbedarf am Boden","testo":"","link":"","archivio_prodotti":null},{"titolo":"Erh\u00f6hte Produktivit\u00e4t und Sicherheit","testo":"","link":"","archivio_prodotti":null}],"prodotto_page_tabs_dati_tecnici":[{"etichetta":"Tragf\u00e4higkeit","valore":"125 kg - 3200 kg"},{"etichetta":"Maximale Breite","valore":"10 m"},{"etichetta":"Profil des Br\u00fcckentr\u00e4gers","valore":"Doppel-T-Tr\u00e4ger"},{"etichetta":"Profil Kranbahnen","valore":"Doppel-T-Tr\u00e4ger"},{"etichetta":"Verankerung","valore":"An die bestehende Konstruktion oder durch kundenspezifische Tragkonstruktionen aus Metall"},{"etichetta":"Steuerflasche","valore":"Am Hebezeug h\u00e4ngend"},{"etichetta":"Kranfahrt","valore":"Elektrisch, an motorisierten Kopftr\u00e4gern"}],"prodotto_page_tabs_optionals":[{"titolo":"Kundenspezifische Lackierung","testo":"Die Farbe der Lackierung kann an spezielle Bed\u00fcrfnisse, Design- oder Branding-Anforderungen angepasst werden.","immagine":null},{"titolo":"Kundenspezifische Tragkonstruktionen aus Metall","testo":"Wir entwerfen auch personalisierte Tragkonstruktionen aus Metall oder kundenspezifische L\u00f6sungen, um s\u00e4mtliche Anforderungen pr\u00e4zise und erstklassig zu erf\u00fcllen.","immagine":null},{"titolo":"Kastenf\u00f6rmige Kranbahnen","testo":"Bei hohen Traglasten k\u00f6nnen auf Wunsch kastenf\u00f6rmige Kranbahnen f\u00fcr eine h\u00f6here Zuverl\u00e4ssigkeit entworfen und gebaut werden. Diese Strukturen bieten eine \u00fcberlegene Festigkeit und Verformungsbest\u00e4ndigkeit bei hohen Lasten und garantieren erh\u00f6hte Stabilit\u00e4t und Langlebigkeit.","immagine":null},{"titolo":"Invertergesteuerte Kran- und Katzfahrt","testo":"Das invertergesteuerte System der Kran- und Katzfahrt sorgt f\u00fcr leichtg\u00e4ngige und pr\u00e4zise Bewegungen und optimiert die Steuerung und Betriebseffizienz.","immagine":null},{"titolo":"Funkfernsteuerung oder unabh\u00e4ngige Steuerflasche","testo":"Das System mit Funkfernsteuerung oder unabh\u00e4ngiger Steuerflasche garantiert eine effiziente und intuitive Steuerung und verbessert die Sicherheit. Ideal f\u00fcr dynamische Umgebungen erm\u00f6glicht es einen an verschiedene Erfordernisse anpassbaren Betrieb.","immagine":null}],"prodotto_page_tabs_downloads":null,"prodotto_page_gallery":[13887,13894,13908,13901],"prodotto_page_customer_story_titolo":"","prodotto_page_customer_story_list":null,"prodotto_page_applicazioni_list":"- Agricoltura e Alimentare\r\n- Manifatturiero\r\n- Energetico\r\n- Edile e delle costruzioni\r\n- Tecnologie dell'informazione e ICT\r\n- Trasporti e logistica\r\n- Commercio al dettaglio\r\n- Culturale e dell'intrattenimento\r\n- Ambientale e della sostenibilit\u00e0\r\n- Ricerca e sviluppo\r\n- Arti e Artigianato","prodotto_page_faq_list":null,"prodotto_page_testo_prodotti_correlati":"<h2>\u00c4hnliche Produkte<\/h2>\r\nEntdecken Sie auch diese Produkte und finden Sie andere f\u00fcr Sie geeignete L\u00f6sungen.","prodotto_page_lista_prodotti_correlati":"- C\r\n- GSM\r\n- BILIF","prodotto_page_titolo_componenti_3d":"","prodotto_page_immagine_iniziale_componenti_3d":null,"prodotto_page_lista_componenti_3d":null,"prodotto_page_titolo_slider_configurazioni":"Produkt und Konfigurationen","prodotto_page_lista_immgini_slider_configurazioni":[{"etichetta":"Vorderansicht","immagine":13936},{"etichetta":"Ansicht von oben","immagine":13950},{"etichetta":"Perspektive","immagine":13929},{"etichetta":"Einzelheiten","immagine":13943}],"prodotto_page_titolo_slider_configurazioni_2":"<h2><\/h2>","prodotto_page_lista_immgini_slider_configurazioni_2":null,"seo_title":"Angetriebener H\u00e4ngekran Tragf\u00e4higkeit 5000 kg | OMIS","seo_description":"Angetriebener H\u00e4ngekran mit Tragf\u00e4higkeit 5000 kg, mit Kranbahnen aus gewalzten Doppel-T-Tr\u00e4gern f\u00fcr die motorisierte Kranfahrt. Durch die elektrische Kranfahrt in der H\u00f6he bleibt der Boden f\u00fcr Produktionst\u00e4tigkeiten frei. Ideal f\u00fcr Betriebsst\u00e4tten und Montagelinien sorgt er f\u00fcr die pr\u00e4zise und sichere Lastbewegung, ohne andere Arbeiten zu behindern. Mehr erfahren."},"yoast_head":"<!-- This site is optimized with the Yoast SEO plugin v23.9 - https:\/\/yoast.com\/wordpress\/plugins\/seo\/ -->\n<title>Angetriebener H\u00e4ngekran Tragf\u00e4higkeit 5000 kg | OMIS<\/title>\n<meta name=\"description\" content=\"Angetriebener H\u00e4ngekran mit Tragf\u00e4higkeit 5000 kg, mit Kranbahnen aus gewalzten Doppel-T-Tr\u00e4gern f\u00fcr die motorisierte Kranfahrt. Durch die elektrische Kranfahrt in der H\u00f6he bleibt der Boden f\u00fcr Produktionst\u00e4tigkeiten frei. Ideal f\u00fcr Betriebsst\u00e4tten und Montagelinien sorgt er f\u00fcr die pr\u00e4zise und sichere Lastbewegung, ohne andere Arbeiten zu behindern. Mehr erfahren.\" \/>\n<meta name=\"robots\" content=\"index, follow, max-snippet:-1, max-image-preview:large, max-video-preview:-1\" \/>\n<meta property=\"og:locale\" content=\"de_DE\" \/>\n<meta property=\"og:type\" content=\"article\" \/>\n<meta property=\"og:title\" content=\"Angetriebener H\u00e4ngekran Tragf\u00e4higkeit 5000 kg | OMIS\" \/>\n<meta property=\"og:description\" content=\"Angetriebener H\u00e4ngekran mit Tragf\u00e4higkeit 5000 kg, mit Kranbahnen aus gewalzten Doppel-T-Tr\u00e4gern f\u00fcr die motorisierte Kranfahrt. Durch die elektrische Kranfahrt in der H\u00f6he bleibt der Boden f\u00fcr Produktionst\u00e4tigkeiten frei. Ideal f\u00fcr Betriebsst\u00e4tten und Montagelinien sorgt er f\u00fcr die pr\u00e4zise und sichere Lastbewegung, ohne andere Arbeiten zu behindern. Mehr erfahren.\" \/>\n<meta property=\"og:url\" content=\"https:\/\/www.omis.net\/de-de\/produkt\/elektro-hangekran\/\" \/>\n<meta property=\"og:site_name\" content=\"Omis Spa\" \/>\n<meta property=\"article:publisher\" content=\"https:\/\/www.facebook.com\/omisgroup\" \/>\n<meta property=\"article:modified_time\" content=\"2026-03-03T13:42:55+00:00\" \/>\n<meta property=\"og:image\" content=\"https:\/\/media.omis.net\/media\/2024\/12\/powered-suspended-system-gse-500kg-omis-scaled.webp\" \/>\n\t<meta property=\"og:image:width\" content=\"2560\" \/>\n\t<meta property=\"og:image:height\" content=\"1709\" \/>\n\t<meta property=\"og:image:type\" content=\"image\/webp\" \/>\n<meta name=\"twitter:card\" content=\"summary_large_image\" \/>\n<meta name=\"twitter:label1\" content=\"Est. reading time\" \/>\n\t<meta name=\"twitter:data1\" content=\"1 minute\" \/>\n<script type=\"application\/ld+json\" class=\"yoast-schema-graph\">{\"@context\":\"https:\/\/schema.org\",\"@graph\":[{\"@type\":\"WebPage\",\"@id\":\"https:\/\/www.omis.net\/de-de\/produkt\/elektro-hangekran\/\",\"url\":\"https:\/\/www.omis.net\/de-de\/produkt\/elektro-hangekran\/\",\"name\":\"Angetriebener H\u00e4ngekran Tragf\u00e4higkeit 5000 kg | OMIS\",\"isPartOf\":{\"@id\":\"https:\/\/www.omis.net\/it-it\/#website\"},\"primaryImageOfPage\":{\"@id\":\"https:\/\/www.omis.net\/de-de\/produkt\/elektro-hangekran\/#primaryimage\"},\"image\":{\"@id\":\"https:\/\/www.omis.net\/de-de\/produkt\/elektro-hangekran\/#primaryimage\"},\"thumbnailUrl\":\"https:\/\/media.omis.net\/media\/2024\/12\/powered-suspended-system-gse-500kg-omis-scaled.webp\",\"datePublished\":\"2024-12-18T10:04:00+00:00\",\"dateModified\":\"2026-03-03T13:42:55+00:00\",\"description\":\"Angetriebener H\u00e4ngekran mit Tragf\u00e4higkeit 5000 kg, mit Kranbahnen aus gewalzten Doppel-T-Tr\u00e4gern f\u00fcr die motorisierte Kranfahrt. Durch die elektrische Kranfahrt in der H\u00f6he bleibt der Boden f\u00fcr Produktionst\u00e4tigkeiten frei. Ideal f\u00fcr Betriebsst\u00e4tten und Montagelinien sorgt er f\u00fcr die pr\u00e4zise und sichere Lastbewegung, ohne andere Arbeiten zu behindern. Mehr erfahren.\",\"breadcrumb\":{\"@id\":\"https:\/\/www.omis.net\/de-de\/produkt\/elektro-hangekran\/#breadcrumb\"},\"inLanguage\":\"de-de\",\"potentialAction\":[{\"@type\":\"ReadAction\",\"target\":[\"https:\/\/www.omis.net\/de-de\/produkt\/elektro-hangekran\/\"]}]},{\"@type\":\"ImageObject\",\"inLanguage\":\"de-de\",\"@id\":\"https:\/\/www.omis.net\/de-de\/produkt\/elektro-hangekran\/#primaryimage\",\"url\":\"https:\/\/media.omis.net\/media\/2024\/12\/powered-suspended-system-gse-500kg-omis-scaled.webp\",\"contentUrl\":\"https:\/\/media.omis.net\/media\/2024\/12\/powered-suspended-system-gse-500kg-omis-scaled.webp\",\"width\":2560,\"height\":1709,\"caption\":\"header - Powered suspended system gse 500kg Omis\"},{\"@type\":\"BreadcrumbList\",\"@id\":\"https:\/\/www.omis.net\/de-de\/produkt\/elektro-hangekran\/#breadcrumb\",\"itemListElement\":[{\"@type\":\"ListItem\",\"position\":1,\"name\":\"Home\",\"item\":\"https:\/\/www.omis.net\/de-de\/homepage\/\"},{\"@type\":\"ListItem\",\"position\":2,\"name\":\"Elektro-h\u00e4ngekran\"}]},{\"@type\":\"WebSite\",\"@id\":\"https:\/\/www.omis.net\/it-it\/#website\",\"url\":\"https:\/\/www.omis.net\/it-it\/\",\"name\":\"Omis Spa\",\"description\":\"Movimentazione e sollevamento\",\"publisher\":{\"@id\":\"https:\/\/www.omis.net\/it-it\/#organization\"},\"potentialAction\":[{\"@type\":\"SearchAction\",\"target\":{\"@type\":\"EntryPoint\",\"urlTemplate\":\"https:\/\/www.omis.net\/it-it\/?s={search_term_string}\"},\"query-input\":{\"@type\":\"PropertyValueSpecification\",\"valueRequired\":true,\"valueName\":\"search_term_string\"}}],\"inLanguage\":\"de-de\"},{\"@type\":\"Organization\",\"@id\":\"https:\/\/www.omis.net\/it-it\/#organization\",\"name\":\"Omis Spa\",\"url\":\"https:\/\/www.omis.net\/it-it\/\",\"logo\":{\"@type\":\"ImageObject\",\"inLanguage\":\"de-de\",\"@id\":\"https:\/\/www.omis.net\/it-it\/#\/schema\/logo\/image\/\",\"url\":\"https:\/\/media.omis.net\/media\/2024\/08\/logo.jpg\",\"contentUrl\":\"https:\/\/media.omis.net\/media\/2024\/08\/logo.jpg\",\"width\":300,\"height\":300,\"caption\":\"Omis Spa\"},\"image\":{\"@id\":\"https:\/\/www.omis.net\/it-it\/#\/schema\/logo\/image\/\"},\"sameAs\":[\"https:\/\/www.facebook.com\/omisgroup\",\"https:\/\/www.linkedin.com\/company\/omis-group\",\"https:\/\/www.youtube.com\/channel\/UCS4L59XDk3kKBI9MnjuxWDw\",\"https:\/\/www.instagram.com\/omisgroup\"]}]}<\/script>\n<!-- \/ Yoast SEO plugin. -->","yoast_head_json":{"title":"Angetriebener H\u00e4ngekran Tragf\u00e4higkeit 5000 kg | OMIS","description":"Angetriebener H\u00e4ngekran mit Tragf\u00e4higkeit 5000 kg, mit Kranbahnen aus gewalzten Doppel-T-Tr\u00e4gern f\u00fcr die motorisierte Kranfahrt. Durch die elektrische Kranfahrt in der H\u00f6he bleibt der Boden f\u00fcr Produktionst\u00e4tigkeiten frei. Ideal f\u00fcr Betriebsst\u00e4tten und Montagelinien sorgt er f\u00fcr die pr\u00e4zise und sichere Lastbewegung, ohne andere Arbeiten zu behindern. Mehr erfahren.","robots":{"index":"index","follow":"follow","max-snippet":"max-snippet:-1","max-image-preview":"max-image-preview:large","max-video-preview":"max-video-preview:-1"},"og_locale":"de_DE","og_type":"article","og_title":"Angetriebener H\u00e4ngekran Tragf\u00e4higkeit 5000 kg | OMIS","og_description":"Angetriebener H\u00e4ngekran mit Tragf\u00e4higkeit 5000 kg, mit Kranbahnen aus gewalzten Doppel-T-Tr\u00e4gern f\u00fcr die motorisierte Kranfahrt. Durch die elektrische Kranfahrt in der H\u00f6he bleibt der Boden f\u00fcr Produktionst\u00e4tigkeiten frei. Ideal f\u00fcr Betriebsst\u00e4tten und Montagelinien sorgt er f\u00fcr die pr\u00e4zise und sichere Lastbewegung, ohne andere Arbeiten zu behindern. Mehr erfahren.","og_url":"https:\/\/www.omis.net\/de-de\/produkt\/elektro-hangekran\/","og_site_name":"Omis Spa","article_publisher":"https:\/\/www.facebook.com\/omisgroup","article_modified_time":"2026-03-03T13:42:55+00:00","og_image":[{"width":2560,"height":1709,"url":"https:\/\/media.omis.net\/media\/2024\/12\/powered-suspended-system-gse-500kg-omis-scaled.webp","type":"image\/webp"}],"twitter_card":"summary_large_image","twitter_misc":{"Est. reading time":"1 minute"},"schema":{"@context":"https:\/\/schema.org","@graph":[{"@type":"WebPage","@id":"https:\/\/www.omis.net\/de-de\/produkt\/elektro-hangekran\/","url":"https:\/\/www.omis.net\/de-de\/produkt\/elektro-hangekran\/","name":"Angetriebener H\u00e4ngekran Tragf\u00e4higkeit 5000 kg | OMIS","isPartOf":{"@id":"https:\/\/www.omis.net\/it-it\/#website"},"primaryImageOfPage":{"@id":"https:\/\/www.omis.net\/de-de\/produkt\/elektro-hangekran\/#primaryimage"},"image":{"@id":"https:\/\/www.omis.net\/de-de\/produkt\/elektro-hangekran\/#primaryimage"},"thumbnailUrl":"https:\/\/media.omis.net\/media\/2024\/12\/powered-suspended-system-gse-500kg-omis-scaled.webp","datePublished":"2024-12-18T10:04:00+00:00","dateModified":"2026-03-03T13:42:55+00:00","description":"Angetriebener H\u00e4ngekran mit Tragf\u00e4higkeit 5000 kg, mit Kranbahnen aus gewalzten Doppel-T-Tr\u00e4gern f\u00fcr die motorisierte Kranfahrt. Durch die elektrische Kranfahrt in der H\u00f6he bleibt der Boden f\u00fcr Produktionst\u00e4tigkeiten frei. Ideal f\u00fcr Betriebsst\u00e4tten und Montagelinien sorgt er f\u00fcr die pr\u00e4zise und sichere Lastbewegung, ohne andere Arbeiten zu behindern. Mehr erfahren.","breadcrumb":{"@id":"https:\/\/www.omis.net\/de-de\/produkt\/elektro-hangekran\/#breadcrumb"},"inLanguage":"de-de","potentialAction":[{"@type":"ReadAction","target":["https:\/\/www.omis.net\/de-de\/produkt\/elektro-hangekran\/"]}]},{"@type":"ImageObject","inLanguage":"de-de","@id":"https:\/\/www.omis.net\/de-de\/produkt\/elektro-hangekran\/#primaryimage","url":"https:\/\/media.omis.net\/media\/2024\/12\/powered-suspended-system-gse-500kg-omis-scaled.webp","contentUrl":"https:\/\/media.omis.net\/media\/2024\/12\/powered-suspended-system-gse-500kg-omis-scaled.webp","width":2560,"height":1709,"caption":"header - Powered suspended system gse 500kg Omis"},{"@type":"BreadcrumbList","@id":"https:\/\/www.omis.net\/de-de\/produkt\/elektro-hangekran\/#breadcrumb","itemListElement":[{"@type":"ListItem","position":1,"name":"Home","item":"https:\/\/www.omis.net\/de-de\/homepage\/"},{"@type":"ListItem","position":2,"name":"Elektro-h\u00e4ngekran"}]},{"@type":"WebSite","@id":"https:\/\/www.omis.net\/it-it\/#website","url":"https:\/\/www.omis.net\/it-it\/","name":"Omis Spa","description":"Movimentazione e sollevamento","publisher":{"@id":"https:\/\/www.omis.net\/it-it\/#organization"},"potentialAction":[{"@type":"SearchAction","target":{"@type":"EntryPoint","urlTemplate":"https:\/\/www.omis.net\/it-it\/?s={search_term_string}"},"query-input":{"@type":"PropertyValueSpecification","valueRequired":true,"valueName":"search_term_string"}}],"inLanguage":"de-de"},{"@type":"Organization","@id":"https:\/\/www.omis.net\/it-it\/#organization","name":"Omis Spa","url":"https:\/\/www.omis.net\/it-it\/","logo":{"@type":"ImageObject","inLanguage":"de-de","@id":"https:\/\/www.omis.net\/it-it\/#\/schema\/logo\/image\/","url":"https:\/\/media.omis.net\/media\/2024\/08\/logo.jpg","contentUrl":"https:\/\/media.omis.net\/media\/2024\/08\/logo.jpg","width":300,"height":300,"caption":"Omis Spa"},"image":{"@id":"https:\/\/www.omis.net\/it-it\/#\/schema\/logo\/image\/"},"sameAs":["https:\/\/www.facebook.com\/omisgroup","https:\/\/www.linkedin.com\/company\/omis-group","https:\/\/www.youtube.com\/channel\/UCS4L59XDk3kKBI9MnjuxWDw","https:\/\/www.instagram.com\/omisgroup"]}]}},"_links":{"self":[{"href":"https:\/\/www.omis.net\/de-de\/wp-json\/wp\/v2\/product\/7358"}],"collection":[{"href":"https:\/\/www.omis.net\/de-de\/wp-json\/wp\/v2\/product"}],"about":[{"href":"https:\/\/www.omis.net\/de-de\/wp-json\/wp\/v2\/types\/product"}],"acf:attachment":[{"embeddable":true,"href":"https:\/\/www.omis.net\/de-de\/wp-json\/wp\/v2\/media\/13901"},{"embeddable":true,"href":"https:\/\/www.omis.net\/de-de\/wp-json\/wp\/v2\/media\/13908"},{"embeddable":true,"href":"https:\/\/www.omis.net\/de-de\/wp-json\/wp\/v2\/media\/13894"},{"embeddable":true,"href":"https:\/\/www.omis.net\/de-de\/wp-json\/wp\/v2\/media\/13887"},{"embeddable":true,"href":"https:\/\/www.omis.net\/de-de\/wp-json\/wp\/v2\/media\/13915"}],"wp:featuredmedia":[{"embeddable":true,"href":"https:\/\/www.omis.net\/de-de\/wp-json\/wp\/v2\/media\/13922"}],"wp:attachment":[{"href":"https:\/\/www.omis.net\/de-de\/wp-json\/wp\/v2\/media?parent=7358"}],"wp:term":[{"taxonomy":"caratteristica-prodotto","embeddable":true,"href":"https:\/\/www.omis.net\/de-de\/wp-json\/wp\/v2\/caratteristica-prodotto?post=7358"},{"taxonomy":"tipologia-prodotto","embeddable":true,"href":"https:\/\/www.omis.net\/de-de\/wp-json\/wp\/v2\/tipologia-prodotto?post=7358"}],"curies":[{"name":"wp","href":"https:\/\/api.w.org\/{rel}","templated":true}]}}