{"id":7352,"date":"2024-12-18T11:01:41","date_gmt":"2024-12-18T10:01:41","guid":{"rendered":"http:\/\/bedrock.local\/product\/ctz\/"},"modified":"2025-02-03T18:35:59","modified_gmt":"2025-02-03T17:35:59","slug":"saulenschwenkkran-mit-freitragendem-ausleger-und-beweglichem-sockel","status":"publish","type":"product","link":"https:\/\/www.omis.net\/de-de\/produkt\/saulenschwenkkran-mit-freitragendem-ausleger-und-beweglichem-sockel\/","title":{"rendered":"S\u00e4ulenschwenkkran mit freitragendem ausleger und beweglichem sockel"},"content":{"rendered":"","protected":false},"featured_media":13751,"parent":0,"template":"","caratteristica-prodotto":[],"tipologia-prodotto":[706,712,730],"class_list":["post-7352","product","type-product","status-publish","has-post-thumbnail","hentry","tipologia-prodotto-arbeitsplatzkraene","tipologia-prodotto-schwenkkrane","tipologia-prodotto-mobile-ausfuehrungen"],"acf":{"import_csv_id":"33","prodotto_generale_sku":"CTZ","prodotto_listing_card_descrizione":"Mobiler Schwenkkran mit selbsttragendem Ausleger f\u00fcr maximale Raumh\u00f6hennutzung und einen gr\u00f6\u00dferen Hakenweg. ","prodotto_listing_card_caratteristiche":null,"prodotto_page_gradient_hero":false,"prodotto_page_titolo_hero":"Er ist leicht verstellbar und die H\u00f6he stellt kein Problem dar.","prodotto_page_gallery_hero":[13709,13716],"prodotto_page_descrizione_3_colonne_posizione":false,"prodotto_page_descrizione_3_colonne":[{"valore":"500","unita_di_misura":"kg","etichetta":"Maximale Tragf\u00e4higkeit"},{"valore":"6","unita_di_misura":"m","etichetta":"Maximale Ausladung"},{"valore":"270\u00b0","unita_di_misura":"","etichetta":"Schwenkbereich"}],"prodotto_page_descrizione_titolo":"S\u00e4ulenschwenkkran mit freitragendem Ausleger und beweglichem Sockel mit Tragf\u00e4higkeit bis 500 kg","prodotto_page_descrizione_3_colonne_testo":"<strong>Der S\u00e4ulenschwenkkran mit freitragendem Ausleger und beweglichem Sockel ist mittels Gabelstapler oder Laufkran im gesamten Arbeitsbereich ideal einsetzbar. Diese besondere L\u00f6sung wird nicht durch eine permanente Bodenverankerung eingeschr\u00e4nkt. Ein zweiter spezifischer Vorteil dieses Schwenkkrans liegt in der maximalen Raumh\u00f6hennutzung und dem daraus resultierenden gr\u00f6\u00dferen Hakenweg.<\/strong>\r\n\r\nDie Kombination seiner Eigenschaften machen ihn zu einem \u00e4u\u00dferst vielseitigen, leicht bedienbaren und sehr effizienten Arbeitsplatzkran mit geringen Installationskosten. Der verstellbare Schwenkkran, der \u00fcber einen selbsttragenden Ausleger ohne Abspanntr\u00e4ger verf\u00fcgt, wird f\u00fcr das Bewegen leichter Lasten in einer Vielzahl von Industrieanwendungen eingesetzt, von kleinen Werkst\u00e4tten \u00fcber gro\u00dfe Montagelinien, Lebensmittelproduktionsanlagen bis hin zu Kellereien.","prodotto_page_descrizione_titolo_vantaggi":"Vorteile des S\u00e4ulenschwenkkrans mit freitragendem Ausleger und beweglichem Sockel","prodotto_page_descrizione_vantaggi":[{"titolo":"Einfach verstellbar","testo":"","link":"","archivio_prodotti":null},{"titolo":"Vielseitig einsetzbar","testo":"","link":"","archivio_prodotti":null},{"titolo":"Gr\u00f6\u00dferer verf\u00fcgbarer Hakenweg","testo":"","link":"","archivio_prodotti":null},{"titolo":"Bedienerfreundlich","testo":"","link":"","archivio_prodotti":null},{"titolo":"Pr\u00e4zise Steuerung","testo":"","link":"","archivio_prodotti":null},{"titolo":"Erh\u00f6hte Produktivit\u00e4t und Sicherheit","testo":"","link":"","archivio_prodotti":null}],"prodotto_page_tabs_dati_tecnici":[{"etichetta":"Tragf\u00e4higkeit","valore":"125 kg - 500 kg"},{"etichetta":"Ausladung","valore":"Bis zu 6 m je nach Tragf\u00e4higkeit"},{"etichetta":"Auslegerprofil","valore":"Doppel-T-Profiltr\u00e4ger ohne Abspanntr\u00e4ger"},{"etichetta":"Schwenkbereich","valore":"270\u00b0 mit vor Ort einstellbarem Drehstopp bei bauseitigen Einschr\u00e4nkungen"},{"etichetta":"Sockel","valore":"Beweglicher runder Sockel aus Beton oder Stahlbetonschalung"},{"etichetta":"S\u00e4ule","valore":"Rundstahlrohr. Es hat an einem Ende eine gelochte Grundplatte zur Befestigung an der Basis mittels chemischen D\u00fcbeln oder Ankerbolzen und am anderen Ende zwei Platten, eine obere und eine mittlere zum St\u00fctzen des Auslegers."},{"etichetta":"Hebezeug","valore":"Elektroketten- oder Seilzug zum Heben der Last mit einer oder zwei Hubgeschwindigkeiten, mit elektrischer Laufkatze oder Schiebefahrwerk."},{"etichetta":"Bremsvorrichtung","valore":"Sie besteht aus einer \u00fcber eine Schraube einstellbare Reibungsbremse, erm\u00f6glicht die Einstellung der Schwenkkraft des Auslegers und gew\u00e4hrleistet die Standsicherheit."}],"prodotto_page_tabs_optionals":[{"titolo":"Kundenspezifische Lackierung","testo":"Die Farbe der Lackierung kann an spezielle Bed\u00fcrfnisse, Design- oder Branding-Anforderungen angepasst werden.","immagine":null}],"prodotto_page_tabs_downloads":null,"prodotto_page_gallery":[null],"prodotto_page_customer_story_titolo":"","prodotto_page_customer_story_list":null,"prodotto_page_applicazioni_list":"- Agricoltura e Alimentare\r\n- Manifatturiero\r\n- Energetico\r\n- Edile e delle costruzioni\r\n- Tecnologie dell'informazione e ICT\r\n- Trasporti e logistica\r\n- Commercio al dettaglio\r\n- Culturale e dell'intrattenimento\r\n- Ambientale e della sostenibilit\u00e0\r\n- Ricerca e sviluppo\r\n- Arti e Artigianato","prodotto_page_faq_list":null,"prodotto_page_testo_prodotti_correlati":"<h2>\u00c4hnliche Produkte<\/h2>\r\nEntdecken Sie auch diese Produkte und finden Sie andere f\u00fcr Sie geeignete L\u00f6sungen.","prodotto_page_lista_prodotti_correlati":"- CZ\r\n- C2TZ\r\n- BILIF","prodotto_page_titolo_componenti_3d":"","prodotto_page_immagine_iniziale_componenti_3d":null,"prodotto_page_lista_componenti_3d":null,"prodotto_page_titolo_slider_configurazioni":"Produkt und Konfigurationen","prodotto_page_lista_immgini_slider_configurazioni":[{"etichetta":"Betonsockel","immagine":13730},{"etichetta":"Ansicht von oben","immagine":13744},{"etichetta":"Perspektive","immagine":13723},{"etichetta":"Stahlsockel","immagine":13737}],"prodotto_page_titolo_slider_configurazioni_2":"<h2><\/h2>","prodotto_page_lista_immgini_slider_configurazioni_2":null,"seo_title":"Mobiler Schwenkkran mit freitragendem Ausleger Tragf\u00e4higkeit 500 kg | OMIS","seo_description":"Der S\u00e4ulenschwenkkran mit freitragendem Ausleger und beweglichem Sockel wird nicht am Boden verankert und ist daher mittels Gabelstapler oder Laufkran verstellbar. Optimierte Raumh\u00f6hennutzung und gr\u00f6\u00dferer Hakenweg. Vielseitig, wirtschaftlich und leicht bedienbar eignet er sich f\u00fcr leichte Lasten in Werkst\u00e4tten, Montagelinien und Industrieanlagen. Mehr erfahren."},"yoast_head":"<!-- This site is optimized with the Yoast SEO plugin v23.9 - https:\/\/yoast.com\/wordpress\/plugins\/seo\/ -->\n<title>Mobiler Schwenkkran mit freitragendem Ausleger Tragf\u00e4higkeit 500 kg | OMIS<\/title>\n<meta name=\"description\" content=\"Der S\u00e4ulenschwenkkran mit freitragendem Ausleger und beweglichem Sockel wird nicht am Boden verankert und ist daher mittels Gabelstapler oder Laufkran verstellbar. Optimierte Raumh\u00f6hennutzung und gr\u00f6\u00dferer Hakenweg. Vielseitig, wirtschaftlich und leicht bedienbar eignet er sich f\u00fcr leichte Lasten in Werkst\u00e4tten, Montagelinien und Industrieanlagen. Mehr erfahren.\" \/>\n<meta name=\"robots\" content=\"index, follow, max-snippet:-1, max-image-preview:large, max-video-preview:-1\" \/>\n<meta property=\"og:locale\" content=\"de_DE\" \/>\n<meta property=\"og:type\" content=\"article\" \/>\n<meta property=\"og:title\" content=\"Mobiler Schwenkkran mit freitragendem Ausleger Tragf\u00e4higkeit 500 kg | OMIS\" \/>\n<meta property=\"og:description\" content=\"Der S\u00e4ulenschwenkkran mit freitragendem Ausleger und beweglichem Sockel wird nicht am Boden verankert und ist daher mittels Gabelstapler oder Laufkran verstellbar. Optimierte Raumh\u00f6hennutzung und gr\u00f6\u00dferer Hakenweg. Vielseitig, wirtschaftlich und leicht bedienbar eignet er sich f\u00fcr leichte Lasten in Werkst\u00e4tten, Montagelinien und Industrieanlagen. Mehr erfahren.\" \/>\n<meta property=\"og:url\" content=\"https:\/\/www.omis.net\/de-de\/produkt\/saulenschwenkkran-mit-freitragendem-ausleger-und-beweglichem-sockel\/\" \/>\n<meta property=\"og:site_name\" content=\"Omis Spa\" \/>\n<meta property=\"article:publisher\" content=\"https:\/\/www.facebook.com\/omisgroup\" \/>\n<meta property=\"article:modified_time\" content=\"2025-02-03T17:35:59+00:00\" \/>\n<meta property=\"og:image\" content=\"https:\/\/media.omis.net\/media\/2024\/12\/profile-ctzjib-crane-ctz-250kg-front-3d-product-omis-scaled.webp\" \/>\n\t<meta property=\"og:image:width\" content=\"2560\" \/>\n\t<meta property=\"og:image:height\" content=\"1440\" \/>\n\t<meta property=\"og:image:type\" content=\"image\/webp\" \/>\n<meta name=\"twitter:card\" content=\"summary_large_image\" \/>\n<meta name=\"twitter:label1\" content=\"Est. reading time\" \/>\n\t<meta name=\"twitter:data1\" content=\"1 minute\" \/>\n<script type=\"application\/ld+json\" class=\"yoast-schema-graph\">{\"@context\":\"https:\/\/schema.org\",\"@graph\":[{\"@type\":\"WebPage\",\"@id\":\"https:\/\/www.omis.net\/de-de\/produkt\/saulenschwenkkran-mit-freitragendem-ausleger-und-beweglichem-sockel\/\",\"url\":\"https:\/\/www.omis.net\/de-de\/produkt\/saulenschwenkkran-mit-freitragendem-ausleger-und-beweglichem-sockel\/\",\"name\":\"Mobiler Schwenkkran mit freitragendem Ausleger Tragf\u00e4higkeit 500 kg | OMIS\",\"isPartOf\":{\"@id\":\"https:\/\/www.omis.net\/it-it\/#website\"},\"primaryImageOfPage\":{\"@id\":\"https:\/\/www.omis.net\/de-de\/produkt\/saulenschwenkkran-mit-freitragendem-ausleger-und-beweglichem-sockel\/#primaryimage\"},\"image\":{\"@id\":\"https:\/\/www.omis.net\/de-de\/produkt\/saulenschwenkkran-mit-freitragendem-ausleger-und-beweglichem-sockel\/#primaryimage\"},\"thumbnailUrl\":\"https:\/\/media.omis.net\/media\/2024\/12\/profile-ctzjib-crane-ctz-250kg-front-3d-product-omis-scaled.webp\",\"datePublished\":\"2024-12-18T10:01:41+00:00\",\"dateModified\":\"2025-02-03T17:35:59+00:00\",\"description\":\"Der S\u00e4ulenschwenkkran mit freitragendem Ausleger und beweglichem Sockel wird nicht am Boden verankert und ist daher mittels Gabelstapler oder Laufkran verstellbar. Optimierte Raumh\u00f6hennutzung und gr\u00f6\u00dferer Hakenweg. Vielseitig, wirtschaftlich und leicht bedienbar eignet er sich f\u00fcr leichte Lasten in Werkst\u00e4tten, Montagelinien und Industrieanlagen. Mehr erfahren.\",\"breadcrumb\":{\"@id\":\"https:\/\/www.omis.net\/de-de\/produkt\/saulenschwenkkran-mit-freitragendem-ausleger-und-beweglichem-sockel\/#breadcrumb\"},\"inLanguage\":\"de-de\",\"potentialAction\":[{\"@type\":\"ReadAction\",\"target\":[\"https:\/\/www.omis.net\/de-de\/produkt\/saulenschwenkkran-mit-freitragendem-ausleger-und-beweglichem-sockel\/\"]}]},{\"@type\":\"ImageObject\",\"inLanguage\":\"de-de\",\"@id\":\"https:\/\/www.omis.net\/de-de\/produkt\/saulenschwenkkran-mit-freitragendem-ausleger-und-beweglichem-sockel\/#primaryimage\",\"url\":\"https:\/\/media.omis.net\/media\/2024\/12\/profile-ctzjib-crane-ctz-250kg-front-3d-product-omis-scaled.webp\",\"contentUrl\":\"https:\/\/media.omis.net\/media\/2024\/12\/profile-ctzjib-crane-ctz-250kg-front-3d-product-omis-scaled.webp\",\"width\":2560,\"height\":1440,\"caption\":\"header - Profile ctzjib crane ctz 250kg front 3d product Omis\"},{\"@type\":\"BreadcrumbList\",\"@id\":\"https:\/\/www.omis.net\/de-de\/produkt\/saulenschwenkkran-mit-freitragendem-ausleger-und-beweglichem-sockel\/#breadcrumb\",\"itemListElement\":[{\"@type\":\"ListItem\",\"position\":1,\"name\":\"Home\",\"item\":\"https:\/\/www.omis.net\/de-de\/homepage\/\"},{\"@type\":\"ListItem\",\"position\":2,\"name\":\"S\u00e4ulenschwenkkran mit freitragendem ausleger und beweglichem sockel\"}]},{\"@type\":\"WebSite\",\"@id\":\"https:\/\/www.omis.net\/it-it\/#website\",\"url\":\"https:\/\/www.omis.net\/it-it\/\",\"name\":\"Omis Spa\",\"description\":\"Movimentazione e sollevamento\",\"publisher\":{\"@id\":\"https:\/\/www.omis.net\/it-it\/#organization\"},\"potentialAction\":[{\"@type\":\"SearchAction\",\"target\":{\"@type\":\"EntryPoint\",\"urlTemplate\":\"https:\/\/www.omis.net\/it-it\/?s={search_term_string}\"},\"query-input\":{\"@type\":\"PropertyValueSpecification\",\"valueRequired\":true,\"valueName\":\"search_term_string\"}}],\"inLanguage\":\"de-de\"},{\"@type\":\"Organization\",\"@id\":\"https:\/\/www.omis.net\/it-it\/#organization\",\"name\":\"Omis Spa\",\"url\":\"https:\/\/www.omis.net\/it-it\/\",\"logo\":{\"@type\":\"ImageObject\",\"inLanguage\":\"de-de\",\"@id\":\"https:\/\/www.omis.net\/it-it\/#\/schema\/logo\/image\/\",\"url\":\"https:\/\/media.omis.net\/media\/2024\/08\/logo.jpg\",\"contentUrl\":\"https:\/\/media.omis.net\/media\/2024\/08\/logo.jpg\",\"width\":300,\"height\":300,\"caption\":\"Omis Spa\"},\"image\":{\"@id\":\"https:\/\/www.omis.net\/it-it\/#\/schema\/logo\/image\/\"},\"sameAs\":[\"https:\/\/www.facebook.com\/omisgroup\",\"https:\/\/www.linkedin.com\/company\/omis-group\",\"https:\/\/www.youtube.com\/channel\/UCS4L59XDk3kKBI9MnjuxWDw\",\"https:\/\/www.instagram.com\/omisgroup\"]}]}<\/script>\n<!-- \/ Yoast SEO plugin. -->","yoast_head_json":{"title":"Mobiler Schwenkkran mit freitragendem Ausleger Tragf\u00e4higkeit 500 kg | OMIS","description":"Der S\u00e4ulenschwenkkran mit freitragendem Ausleger und beweglichem Sockel wird nicht am Boden verankert und ist daher mittels Gabelstapler oder Laufkran verstellbar. Optimierte Raumh\u00f6hennutzung und gr\u00f6\u00dferer Hakenweg. Vielseitig, wirtschaftlich und leicht bedienbar eignet er sich f\u00fcr leichte Lasten in Werkst\u00e4tten, Montagelinien und Industrieanlagen. Mehr erfahren.","robots":{"index":"index","follow":"follow","max-snippet":"max-snippet:-1","max-image-preview":"max-image-preview:large","max-video-preview":"max-video-preview:-1"},"og_locale":"de_DE","og_type":"article","og_title":"Mobiler Schwenkkran mit freitragendem Ausleger Tragf\u00e4higkeit 500 kg | OMIS","og_description":"Der S\u00e4ulenschwenkkran mit freitragendem Ausleger und beweglichem Sockel wird nicht am Boden verankert und ist daher mittels Gabelstapler oder Laufkran verstellbar. Optimierte Raumh\u00f6hennutzung und gr\u00f6\u00dferer Hakenweg. Vielseitig, wirtschaftlich und leicht bedienbar eignet er sich f\u00fcr leichte Lasten in Werkst\u00e4tten, Montagelinien und Industrieanlagen. Mehr erfahren.","og_url":"https:\/\/www.omis.net\/de-de\/produkt\/saulenschwenkkran-mit-freitragendem-ausleger-und-beweglichem-sockel\/","og_site_name":"Omis Spa","article_publisher":"https:\/\/www.facebook.com\/omisgroup","article_modified_time":"2025-02-03T17:35:59+00:00","og_image":[{"width":2560,"height":1440,"url":"https:\/\/media.omis.net\/media\/2024\/12\/profile-ctzjib-crane-ctz-250kg-front-3d-product-omis-scaled.webp","type":"image\/webp"}],"twitter_card":"summary_large_image","twitter_misc":{"Est. reading time":"1 minute"},"schema":{"@context":"https:\/\/schema.org","@graph":[{"@type":"WebPage","@id":"https:\/\/www.omis.net\/de-de\/produkt\/saulenschwenkkran-mit-freitragendem-ausleger-und-beweglichem-sockel\/","url":"https:\/\/www.omis.net\/de-de\/produkt\/saulenschwenkkran-mit-freitragendem-ausleger-und-beweglichem-sockel\/","name":"Mobiler Schwenkkran mit freitragendem Ausleger Tragf\u00e4higkeit 500 kg | OMIS","isPartOf":{"@id":"https:\/\/www.omis.net\/it-it\/#website"},"primaryImageOfPage":{"@id":"https:\/\/www.omis.net\/de-de\/produkt\/saulenschwenkkran-mit-freitragendem-ausleger-und-beweglichem-sockel\/#primaryimage"},"image":{"@id":"https:\/\/www.omis.net\/de-de\/produkt\/saulenschwenkkran-mit-freitragendem-ausleger-und-beweglichem-sockel\/#primaryimage"},"thumbnailUrl":"https:\/\/media.omis.net\/media\/2024\/12\/profile-ctzjib-crane-ctz-250kg-front-3d-product-omis-scaled.webp","datePublished":"2024-12-18T10:01:41+00:00","dateModified":"2025-02-03T17:35:59+00:00","description":"Der S\u00e4ulenschwenkkran mit freitragendem Ausleger und beweglichem Sockel wird nicht am Boden verankert und ist daher mittels Gabelstapler oder Laufkran verstellbar. Optimierte Raumh\u00f6hennutzung und gr\u00f6\u00dferer Hakenweg. Vielseitig, wirtschaftlich und leicht bedienbar eignet er sich f\u00fcr leichte Lasten in Werkst\u00e4tten, Montagelinien und Industrieanlagen. Mehr erfahren.","breadcrumb":{"@id":"https:\/\/www.omis.net\/de-de\/produkt\/saulenschwenkkran-mit-freitragendem-ausleger-und-beweglichem-sockel\/#breadcrumb"},"inLanguage":"de-de","potentialAction":[{"@type":"ReadAction","target":["https:\/\/www.omis.net\/de-de\/produkt\/saulenschwenkkran-mit-freitragendem-ausleger-und-beweglichem-sockel\/"]}]},{"@type":"ImageObject","inLanguage":"de-de","@id":"https:\/\/www.omis.net\/de-de\/produkt\/saulenschwenkkran-mit-freitragendem-ausleger-und-beweglichem-sockel\/#primaryimage","url":"https:\/\/media.omis.net\/media\/2024\/12\/profile-ctzjib-crane-ctz-250kg-front-3d-product-omis-scaled.webp","contentUrl":"https:\/\/media.omis.net\/media\/2024\/12\/profile-ctzjib-crane-ctz-250kg-front-3d-product-omis-scaled.webp","width":2560,"height":1440,"caption":"header - Profile ctzjib crane ctz 250kg front 3d product Omis"},{"@type":"BreadcrumbList","@id":"https:\/\/www.omis.net\/de-de\/produkt\/saulenschwenkkran-mit-freitragendem-ausleger-und-beweglichem-sockel\/#breadcrumb","itemListElement":[{"@type":"ListItem","position":1,"name":"Home","item":"https:\/\/www.omis.net\/de-de\/homepage\/"},{"@type":"ListItem","position":2,"name":"S\u00e4ulenschwenkkran mit freitragendem ausleger und beweglichem sockel"}]},{"@type":"WebSite","@id":"https:\/\/www.omis.net\/it-it\/#website","url":"https:\/\/www.omis.net\/it-it\/","name":"Omis Spa","description":"Movimentazione e sollevamento","publisher":{"@id":"https:\/\/www.omis.net\/it-it\/#organization"},"potentialAction":[{"@type":"SearchAction","target":{"@type":"EntryPoint","urlTemplate":"https:\/\/www.omis.net\/it-it\/?s={search_term_string}"},"query-input":{"@type":"PropertyValueSpecification","valueRequired":true,"valueName":"search_term_string"}}],"inLanguage":"de-de"},{"@type":"Organization","@id":"https:\/\/www.omis.net\/it-it\/#organization","name":"Omis Spa","url":"https:\/\/www.omis.net\/it-it\/","logo":{"@type":"ImageObject","inLanguage":"de-de","@id":"https:\/\/www.omis.net\/it-it\/#\/schema\/logo\/image\/","url":"https:\/\/media.omis.net\/media\/2024\/08\/logo.jpg","contentUrl":"https:\/\/media.omis.net\/media\/2024\/08\/logo.jpg","width":300,"height":300,"caption":"Omis Spa"},"image":{"@id":"https:\/\/www.omis.net\/it-it\/#\/schema\/logo\/image\/"},"sameAs":["https:\/\/www.facebook.com\/omisgroup","https:\/\/www.linkedin.com\/company\/omis-group","https:\/\/www.youtube.com\/channel\/UCS4L59XDk3kKBI9MnjuxWDw","https:\/\/www.instagram.com\/omisgroup"]}]}},"_links":{"self":[{"href":"https:\/\/www.omis.net\/de-de\/wp-json\/wp\/v2\/product\/7352"}],"collection":[{"href":"https:\/\/www.omis.net\/de-de\/wp-json\/wp\/v2\/product"}],"about":[{"href":"https:\/\/www.omis.net\/de-de\/wp-json\/wp\/v2\/types\/product"}],"acf:attachment":[{"embeddable":true,"href":"https:\/\/www.omis.net\/de-de\/wp-json\/wp\/v2\/media\/"},{"embeddable":true,"href":"https:\/\/www.omis.net\/de-de\/wp-json\/wp\/v2\/media\/13716"},{"embeddable":true,"href":"https:\/\/www.omis.net\/de-de\/wp-json\/wp\/v2\/media\/13709"}],"wp:featuredmedia":[{"embeddable":true,"href":"https:\/\/www.omis.net\/de-de\/wp-json\/wp\/v2\/media\/13751"}],"wp:attachment":[{"href":"https:\/\/www.omis.net\/de-de\/wp-json\/wp\/v2\/media?parent=7352"}],"wp:term":[{"taxonomy":"caratteristica-prodotto","embeddable":true,"href":"https:\/\/www.omis.net\/de-de\/wp-json\/wp\/v2\/caratteristica-prodotto?post=7352"},{"taxonomy":"tipologia-prodotto","embeddable":true,"href":"https:\/\/www.omis.net\/de-de\/wp-json\/wp\/v2\/tipologia-prodotto?post=7352"}],"curies":[{"name":"wp","href":"https:\/\/api.w.org\/{rel}","templated":true}]}}